{"id":425,"date":"2018-08-28T05:39:06","date_gmt":"2018-08-28T05:39:06","guid":{"rendered":"https:\/\/courses.lumenlearning.com\/suny-oneonta-latinamericanciv\/?post_type=chapter&#038;p=425"},"modified":"2021-02-16T21:46:13","modified_gmt":"2021-02-16T21:46:13","slug":"colombia","status":"publish","type":"chapter","link":"https:\/\/courses.lumenlearning.com\/suny-oneonta-latinamericanciv\/chapter\/colombia\/","title":{"raw":"Colombia","rendered":"Colombia"},"content":{"raw":"<h1 style=\"text-align: center\"><span style=\"color: #993300\">En v\u00edas[footnote]v\u00eda (sust. fem.) = way, roadway; en v\u00edas de = on the way to, in progress towards doing or being something[\/footnote] de superar una historia tumultuosa<\/span><\/h1>\r\n<img class=\"aligncenter size-large wp-image-427\" src=\"https:\/\/s3-us-west-2.amazonaws.com\/courses-images\/wp-content\/uploads\/sites\/3123\/2018\/08\/28053954\/rdg-37-header-map-and-timeline-1024x191.jpg\" alt=\"l\u00ednea de tiempo que va del medio de siglo 19 hasta el siglo 21, y mapa que muestra Colombia\" width=\"1024\" height=\"191\" \/>\r\n<p style=\"text-align: center\"><strong>\u2022 \u00e9poca:\u00a0\u00a0 siglos XIX, XX y XXI\u00a0\u00a0\u00a0\u00a0 \u2022 lugar: \u00a0Colombia<\/strong><\/p>\r\n<img class=\"aligncenter size-large wp-image-137\" src=\"https:\/\/s3-us-west-2.amazonaws.com\/courses-images\/wp-content\/uploads\/sites\/3123\/2018\/04\/24061244\/horizontal-dividing-line-1024x42.jpg\" alt=\"\" width=\"1024\" height=\"42\" \/>\r\n\r\nA principios del siglo XIX, el alem\u00e1n Alexander von Humboldt viaj\u00f3 por la cuenca[footnote]cuenca (sust. fem.) = basin; watershed[\/footnote] del r\u00edo Orinoco en tierras que hoy son del pa\u00eds de Colombia, y el naturalista predijo[footnote]predijo (pret\u00e9rito de predecir) = predicted[\/footnote] que la regi\u00f3n ser\u00eda bien poblada y pr\u00f3spera una vez que se calmaran las pasiones independistas... \u00bfestaba acertada[footnote]acertado (adj. y participio pasado de acertar) = correct, on target[\/footnote] su predicci\u00f3n?\r\n<h2><span style=\"color: #993300\">Colombia de mediados[footnote]mediados (sust. masc.) = the middle part of[\/footnote] del siglo XIX a mediados del siglo XX<\/span><\/h2>\r\nDesde mediados del siglo XIX, cuando la Gran Colombia se disolvi\u00f3 y Colombia lleg\u00f3 a ser un pa\u00eds independiente de sus vecinos, hasta principios del siglo XIX, cuando Panam\u00e1 se separ\u00f3 de Colombia, el pa\u00eds se ve\u00eda[footnote]se ve\u00eda (imperfecto de verse) = saw itself, found itself[\/footnote] envuelto[footnote]envuelto (adj. y participio pasado de envolver) = wrapped, tangled up[\/footnote] en conflictos acerca de qu\u00e9 tipo de gobierno deb\u00eda tener. Los sucesores de Bol\u00edvar quer\u00edan un gobierno central fuerte, mientras otros l\u00edderes colombianos abogaban[footnote]abogaban (imperfecto de abogar) = advocated, were advocating, spoke and acted in favor of[\/footnote] por un sistema federalista[footnote]federalista (adj.) = federalist, i.e. a political system that gives a great deal of power and authority to the states or regions of a country, with less power for the central or national government[\/footnote] en el que cada regi\u00f3n tuviera m\u00e1s autonom\u00eda[footnote]autonom\u00eda (sust. fem.) = autonomy, i.e. freedom to act as one sees fit without constant guidance, direction or control from someone else (e.g. from the central government or from one's parents)[\/footnote]. Y es que el pa\u00eds abarca[footnote]abarca (presente de abarcar) = includes, stretches to cover[\/footnote] una gran variedad de regiones:\u00a0 hoy en d\u00eda Colombia es reconocida por la diversidad de sus ecosistemas, pero la diversidad geogr\u00e1fica conlleva[footnote]conlleva (presente de conllevar) = means, brings with it, has as a logical consequence[\/footnote] diferentes intereses econ\u00f3micos y pol\u00edticos.\r\n\r\nLos dos partidos pol\u00edticos principales desde mediados del siglo XIX eran el Partido Conservador y el Partido Liberal, y difer\u00edan[footnote]difer\u00edan (imperfecto de diferir) = they differed, they were different, they had different opinions[\/footnote] no s\u00f3lo sobre el federalismo, sino tambi\u00e9n sobre el papel[footnote]papel (sust. masc.) = role[\/footnote] que deb\u00eda tener la Iglesia Cat\u00f3lica (los liberales decimon\u00f3nicos[footnote]decimon\u00f3nico (adj.) = of or relating to the 19th century[\/footnote] eran m\u00e1s bien anti-clericales[footnote]anti-clerical (adj. ) = anti-clerical, i.e. against granting special power and privileges to the Church in the legal and political structure of the country[\/footnote]), y sobre c\u00f3mo mejor gestionar[footnote]gestionar = to manage, to administer[\/footnote] la econom\u00eda y el desarrollo del pa\u00eds. El caf\u00e9 ya era el producto principal del Colombia desde mediados del siglo XIX, y hacia principios del siglo XX la United Fruit Company tambi\u00e9n ten\u00eda una gran presencia en las zonas agriculturales, pero la industria y la infraestructura p\u00fablica fueron desarrolladas m\u00e1s lentamente en las otras zonas del pa\u00eds. As\u00ed es que casi continuamente hubo mucha desigualdad econ\u00f3mica y grandes diferencias pol\u00edticas en el pa\u00eds.\r\n<h2><span style=\"color: #993300\">Primera mitad de siglo XX y la Violencia<\/span><\/h2>\r\nEEUU se aprovech\u00f3[footnote]se aprovech\u00f3 de (pret\u00e9rito de aprovecharse de) = took advantage of, exploited[\/footnote] de la inestabilidad de la situaci\u00f3n en Colombia para apoyar la secesi\u00f3n de Panam\u00e1 en 1903; las tropas colombianas que iban a intentar reforzar[footnote]reforzar (o-ue) = to reinforce, strengthen[\/footnote] el control central en la zona paname\u00f1a fueron bloqueadas por barcos estadounidenses. Colombia se hab\u00eda negado[footnote]se hab\u00eda negado a (pluscuamperfecto de negarse a) = had refused to; se hab\u00eda negado a firmar la propuesta = they had refused to sign the proposal[\/footnote] a firmar la propuesta del Canal de Panam\u00e1, por no perder soberan\u00eda[footnote]soberan\u00eda (sust. fem.) = sovereignty, the right of a certain nation to control a certain territory[\/footnote] sobre la franja[footnote]franja (sust. fem.) = strip, fringe, long skinny piece of something (in this case the land on either side of the Canal)[\/footnote] llamada la Zona del Canal, pero al final termin\u00f3 perdiendo soberan\u00eda sobre la provincia entera (ahora el pa\u00eds) de Panam\u00e1. La indemnizaci\u00f3n[footnote]indemnizaci\u00f3n (sust. fem.) = indemnification, compensation[\/footnote] que fue pagada por EEUU puede haber ayudado a la econom\u00eda un poco, pero no el sentido nacional.\r\n\r\nYa a mediados del siglo veinte, los dos partidos pol\u00edticos continuaban batallando por control de Colombia y para entonces se pod\u00eda entender el conflicto dentro del marco[footnote]marco (sust, masc.) = frame, framework[\/footnote] de la Guerra Fr\u00eda, en la que los liberales estaban m\u00e1s bien en el lado de los trabajadores (sus extremos fueron apoyados por la URSS[footnote]URSS = la Uni\u00f3n de Rep\u00fablicas Sovi\u00e9ticas Socialistas = Union of Soviet Socialist Republics = USSR[\/footnote]), mientras los conservadores estaban en el lado de los intereses capitalistas (por eso apoyados por EEUU). En 1948, un pol\u00edtico liberal muy popular y candidato para la presidencia, Jorge Eli\u00e9cer Gait\u00e1n, fue asesinado. El asesino fue linchado[footnote]linchado (participio pasado de linchar) = lynched, i.e. killed by a mob; fue linchado en el acto = was lynched on the spot[\/footnote] en el acto, y nunca se clarific\u00f3 qui\u00e9n orden\u00f3 el crimen; siguieron unos diez a\u00f1os de violencia (\"La Violencia\") en que una guerrilla[footnote]guerrilla (sust. fem.) = a fighting force not associated with a government that wages a campaign of violence with no clear front lines[\/footnote] liberal se enfrentaba con una serie de dictaduras conservadoras.\r\n\r\n[caption id=\"attachment_431\" align=\"aligncenter\" width=\"391\"]<img class=\"size-full wp-image-431\" src=\"https:\/\/s3-us-west-2.amazonaws.com\/courses-images\/wp-content\/uploads\/sites\/3123\/2018\/08\/28054313\/Bogotazo.jpg\" alt=\"\" width=\"391\" height=\"244\" \/> \"El Bogotazo\" se refiere al asesinato de Jorge Eli\u00e9cer Gait\u00e1n en 1948 y la violencia que sigui\u00f3 el acto. En la foto se ve un tranv\u00eda incendiado frente al capitolio nacional donde, ir\u00f3nicamente, se reun\u00edan l\u00edderes pol\u00edticos en una conferencia panamericana para negociar el \"Tratado Americano de Soluciones Pac\u00edficas\".[\/caption]\r\n<h2><span style=\"color: #993300\">Las fuerzas revolucionarias, los paramilitares y los carteles narcotraficantes<\/span><\/h2>\r\nEn 1958 se pact\u00f3[footnote]se pact\u00f3 (pret\u00e9rito de pactarse) = came to an agreement, were sworn to agreement[\/footnote] un acuerdo pol\u00edtico entre los Liberales y Conservadores que garantiz\u00f3 compartirse el poder entre los dos grupos, y se calmaron las cosas un poco; el acuerdo dur\u00f3 hasta 1974 cuando volvieron a un proceso democr\u00e1tico m\u00e1s normal. Pero los m\u00e1s izquierdistas[footnote]izquierdista (adj.) = leftist, i.e. sympathetic to ideologies like Communism and Socialism[\/footnote] estaban excluidos[footnote]excluido (adj. y participio pasado de excluir) = excluded, left out[\/footnote] del pacto y llegaron a constituir grupos como las Fuerzas Armadas Revolucionarias de Colombia (la FARC), que se cre\u00f3 en 1964. Esta tambi\u00e9n era la \u00e9poca de la Revoluci\u00f3n Cubana, y la FARC impulsaba[footnote]impulsaba (imperfecto de impulsar) = pushed, was fighting for[\/footnote] una ideolog\u00eda similarmente marxista; pero sus actividades inclu\u00edan ataques a soldados y polic\u00edas, adem\u00e1s de secuestros[footnote]secuestro (sust. masc.) = kidnapping[\/footnote] y extorsi\u00f3n de pol\u00edticos y civiles[footnote]civiles (sust. masc. plur.) = civilians, i.e. people not in the government, police or military[\/footnote].\r\n\r\nLos paramilitares son grupos armados conservadores; operaban en Colombia en contra de los revolucionarios izquierdistas y en apoyo del gobierno (a veces con su cooperaci\u00f3n) pero fuera del marco de la ley[footnote]ley (sust. fem.) = law; fuera del marco de la ley = outside of the law, in an illegal manner, not abiding by the legal process[\/footnote]. Grupos paramilitares fueron responsables de asesinatos y desapariciones[footnote]desapariciones (sust. fem. plur.) = disappearances, i.e. people were kidnapped and killed and the bodies never found[\/footnote] de personas que sospechaban de apoyar a los grupos izquierdistas.\r\n\r\nEsta situaci\u00f3n peligrosa e inestable se complic\u00f3 desde los a\u00f1os 1970 cuando la coca\u00edna lleg\u00f3 a ser una droga popular en EEUU. Los carteles narcotraficantes[footnote]narcotraficante (adj. y sust.) = drug-trafficking, drug trafficker[\/footnote] criminales aparecieron para suplir[footnote]suplir = to supply, to deliver a supply of certain goods[\/footnote] la demanda de la coca\u00edna: los carteles narcotraficantes son organizaciones criminales internacionales que lograron sistematizar la producci\u00f3n y distribuci\u00f3n de las drogas ilegales, implementando procesos aprendidos de la gesti\u00f3n de empresas industriales y alcanzando econom\u00edas de gran escala[footnote]escala (sust. fem.) = scale; de gran escala = large-scale, at economies of scale[\/footnote]. El cartel m\u00e1s famoso de aquel tiempo era el cartel de Medell\u00edn, liderado por Pablo Escobar; tan notorio[footnote]notorio (adj.) = notorious, famous for negative reasons[\/footnote] era que ahora hay una serie ficcionalizada de televisi\u00f3n sobre \u00e9l (<em>Narcos,<\/em> de Netflix), y tambi\u00e9n hay varias pel\u00edculas documentarias, por ejemplo <em>Pablo Escobar, \u00bf\u00e1ngel o demonio?<\/em> (2007), y <em>Los tiempos de Pablo Escobar<\/em> (2012).\r\n\r\nEl narcotr\u00e1fico lleg\u00f3 a penetrar much\u00edsmos aspectos de la vida colombiana: los carteles infiltraron[footnote]infiltraron (pret\u00e9rito de infiltrar) = infiltrated, i.e. managed to get their own people or sympathizers hired into the other organization[\/footnote] la polic\u00eda y el gobierno, y los guerrilleros revolucionarios tambi\u00e9n cultivaban la coca[footnote]coca (sust. fem.) = coca, the plant (a kind of shrub) from which cocaine is derived[\/footnote] para apoyarse econ\u00f3micamente. Lleg\u00f3 un momento en los 1980s cuando el gobierno colombiano, a instancias[footnote]a instancias de (prepos.) = at the urging of, pushed to act by[\/footnote] del gobierno estadounidense, empez\u00f3 a tratar de parar el narcotr\u00e1fico ilegal, y fue entonces que los carteles declararon la guerra al gobierno. Los asesinatos, secuestros y atentados[footnote]atentado (sust. masc.) = attack, violent incident[\/footnote] violentos se multiplicaron.\r\n<h2><span style=\"color: #993300\">Dos grandes figuras de la cultura de siglo XX<\/span><\/h2>\r\nEs f\u00e1cil imaginar que la violencia pol\u00edtica y criminal es lo \u00fanico que pasaba en Colombia en el siglo XX, y la verdad es que fue aterradora[footnote]aterrador (adj.) = terrifying[\/footnote]. Pero la gente normal segu\u00eda viviendo sus vidas, personas valientes segu\u00edan intentando solucionar los problemas del pa\u00eds, y de hecho Colombia en esa \u00e9poca produjo dos figuras sobresalientes[footnote]sobresaliente (adj.) = outstanding[\/footnote] de la cultura mundial:\u00a0 el escritor Gabriel Garc\u00eda M\u00e1rquez, y el artista Fernando Botero.\r\n\r\nGabriel Garc\u00eda M\u00e1rquez empez\u00f3 su carrera como periodista, pero luego pas\u00f3 a escribir cuentos, novelas y guiones[footnote]gui\u00f3n, guiones (sust. masc.) = screenplay, screenplays[\/footnote] cinem\u00e1ticos. Su obra m\u00e1s famosa, <em>Cien a\u00f1os de soledad<\/em> (1967), es un buen ejemplo de su estilo\u2014novedoso[footnote]novedoso (adj.) = new, innovative[\/footnote] en aquella \u00e9poca\u2014llamado el \"realismo m\u00e1gico\". La novela se trata de la historia de la familia Buend\u00eda en un pueblo ficcionalizado latinoamericano, y los elementos realistas y fant\u00e1sticos son integrados[footnote]integrado (adj. y participio pasado de integrar) = integrated, thoroughly combined[\/footnote] a la perfecci\u00f3n. Garc\u00eda M\u00e1rquez nos dio otros personajes inolvidables en sus cuentos cortos como \"La incre\u00edble y triste historia de la c\u00e1ndida[footnote]c\u00e1ndido (adj.) = candid, innocent, honest, lacking in subterfuge[\/footnote] Er\u00e9ndira y de su abuela desalmada[footnote]desalmado (adj.) = heartless, cruel, not having any moral conscience[\/footnote]\" (1972) y \"Un se\u00f1or muy viejo con alas enormes\" (1955), y con raz\u00f3n se dice que es el segundo escritor m\u00e1s importante de la lengua espa\u00f1ola (despu\u00e9s de Cervantes).\r\n<table style=\"border-collapse: collapse;width: 100%\" border=\"1\">\r\n<tbody>\r\n<tr>\r\n<td style=\"width: 50%\">\r\n\r\n[caption id=\"attachment_435\" align=\"aligncenter\" width=\"300\"]<img class=\"size-medium wp-image-435\" src=\"https:\/\/s3-us-west-2.amazonaws.com\/courses-images\/wp-content\/uploads\/sites\/3123\/2018\/08\/28054609\/Gabriel_Garcia_Marquez_2009-300x273.jpg\" alt=\"\" width=\"300\" height=\"273\" \/> Gabriel Garc\u00eda M\u00e1rquez en 2009.[\/caption]<\/td>\r\n<td style=\"width: 50%\">\r\n\r\n[caption id=\"attachment_436\" align=\"aligncenter\" width=\"216\"]<img class=\" wp-image-436\" src=\"https:\/\/s3-us-west-2.amazonaws.com\/courses-images\/wp-content\/uploads\/sites\/3123\/2018\/08\/28054651\/Fernando_Botero-300x226.jpg\" alt=\"\" width=\"216\" height=\"163\" \/> Fernando Botero en 2006.[\/caption]<\/td>\r\n<\/tr>\r\n<\/tbody>\r\n<\/table>\r\nLas pinturas y esculturas de Fernando Botero tienen un estilo inmediatamente reconocible[footnote]reconocible (adj.) = recognizable[\/footnote], con figuras \"gorditas[footnote]gordito (adj.) = fat\u2014used in the diminutive to express affection and avoid offense[\/footnote]\" que simult\u00e1neamente comunican una visi\u00f3n humor\u00edstica y cr\u00edtica de la realidad. Botero vive mayormente en Par\u00eds, pero no deja de volver a Colombia y similarmente su obra art\u00edstica abarca temas internacionales sin olvidar sus ra\u00edces colombianas. Tiene esculturas instaladas en muchas ciudades por el mundo y su serie de pinturas protestando el tratamiento de los prisioneros en Abu Ghraib (2007) fue internacionalmente renombrada[footnote]renombrado (adj. y participio pasado de renombrar) = renowned, recognized (with awards and such), famous[\/footnote], pero Botero tambi\u00e9n trata con temas m\u00e1s \u00edntimos como la religi\u00f3n y la maternidad.\r\n<h2><span style=\"color: #993300\">Acuerdo de paz y desarme de la FARC<\/span><\/h2>\r\nDesde 1993 cuando Pablo Escobar muri\u00f3 en un tiroteo[footnote]tiroteo (sust. masc.) = firefight, shootout[\/footnote] con agentes de la seguridad nacional, la situaci\u00f3n en Colombia ha ido calm\u00e1ndose, y los esfuerzos hacia un proceso de paz con la guerrilla izquierdista (FARC y las otras organizaciones) han ganado mom\u00e9ntum. En 2017 el presidente colombiano Juan Manuel Santos firm\u00f3 un acuerdo de paz con la FARC que signific\u00f3 el desarme[footnote]desarme (sust. masc.) = disarmament, disbanding of a fighting group[\/footnote] del grupo izquierdista, el cese[footnote]cese (sust. masc.) = cessation, end of an action[\/footnote] de sus actividades de guerrilla y su integraci\u00f3n en el proceso pol\u00edtico nacional como partido pol\u00edtico. No todos los grupos izquierdistas est\u00e1n incluidos en el acuerdo y la situaci\u00f3n actual en el pa\u00eds vecino de Venezuela podr\u00e1 ser desestabilizadora[footnote]desestabilizador (adj.) = destabilizing[\/footnote], pero la situaci\u00f3n colombiana finalmente se ve encaminada hacia la paz y prosperidad augurados[footnote]augurado (adj. y participio pasado de augurar) = foretold, foreseen, predicted[\/footnote] doscientos a\u00f1os antes por aquel naturalista y viajero alem\u00e1n.\r\n\r\n<img class=\"aligncenter size-large wp-image-137\" src=\"https:\/\/s3-us-west-2.amazonaws.com\/courses-images\/wp-content\/uploads\/sites\/3123\/2018\/04\/24061244\/horizontal-dividing-line-1024x42.jpg\" alt=\"\" width=\"1024\" height=\"42\" \/>\r\n<h2><span style=\"color: #993300\">Cronolog\u00eda:<\/span><\/h2>\r\n<ul>\r\n \t<li>1927-2014: Gabriel Garc\u00eda M\u00e1rquez (novelista, cuentista, periodista y guionista)<\/li>\r\n \t<li>1932\u2014: Fernando Botero (pintor y escultor)<\/li>\r\n \t<li>1948-58: La Violencia<\/li>\r\n \t<li>1964: creaci\u00f3n de la FARC<\/li>\r\n \t<li>1982: Gabriel Garc\u00eda M\u00e1rquez galardoneado[footnote]galardoneado (adj. y participio pasado de galardonear) = awarded, recognized by a prize or honor[\/footnote] con Premio N\u00f3bel de Literatura<\/li>\r\n \t<li>1993: muerte de Pablo Escobar<\/li>\r\n \t<li>2017: acuerdo de paz con la FARC entra en vigor<\/li>\r\n<\/ul>\r\n<h2><span style=\"color: #993300\">Personas o cosas que debes poder identificar despu\u00e9s de estudiar esta lectura:<\/span><\/h2>\r\n<ul>\r\n \t<li>narcotr\u00e1fico: Pablo Escobar y el cartel de Medell\u00edn<\/li>\r\n \t<li>FARC (Fuerzas Armadas Revolucionarias de Colombia)<\/li>\r\n \t<li>el presidente Juan Manuel Santos y el proceso de paz con la FARC<\/li>\r\n \t<li>Gabriel Garc\u00eda M\u00e1rquez<\/li>\r\n \t<li>Fernando Botero<\/li>\r\n<\/ul>\r\n<h2><span style=\"color: #993300\">Preguntas que debes poder contestar despu\u00e9s de estudiar esta lectura:<\/span><\/h2>\r\n<ul>\r\n \t<li>\u00bfCu\u00e1les han sido algunos de los desaf\u00edos que el pa\u00eds de Colombia ha tenido que superar?<\/li>\r\n \t<li>\u00bfC\u00f3mo est\u00e1 la situaci\u00f3n actual en Colombia?<\/li>\r\n \t<li>\u00bfQui\u00e9n era Gabriel Garc\u00eda M\u00e1rquez?<\/li>\r\n \t<li>\u00bfQui\u00e9n es Fernando Botero?<\/li>\r\n<\/ul>\r\n<h2><span style=\"color: #993300\">Preguntas para composici\u00f3n y\/o discusi\u00f3n:<\/span><\/h2>\r\n<ul>\r\n \t<li>Analiza el conflicto entre la FARC y el gobierno colombiano. \u00bfQu\u00e9 quieren los dos lados? \u00bfCu\u00e1l es la orientaci\u00f3n pol\u00edtica de los dos lados? \u00bfQu\u00e9 importancia tiene su contexto internacional (e.g. Cuba, EEUU, la URSS...)? \u00bfCu\u00e1les factores cambiaron para permitir el proceso de paz?<\/li>\r\n \t<li>Gabriel Garc\u00eda M\u00e1rquez y Fernando Botero eran j\u00f3venes durante la Violencia, y adultos durante la violencia del narcotr\u00e1fico y el conflicto entre la FARC y los paramilitares... En tu opini\u00f3n, \u00bfes importante seguir haciendo arte\/escribiendo novelas durante tiempos de tal inestabilidad? \u00bfCu\u00e1l es la funci\u00f3n del arte y la literatura en tiempos dif\u00edciles?<\/li>\r\n<\/ul>\r\n<h2><span style=\"color: #993300\">Enlace a sitio de expansi\u00f3n:<\/span><\/h2>\r\n<ul>\r\n \t<li><a href=\"https:\/\/www.bbc.co.uk\/programmes\/p02w3ddh\">Entrevista con el bi\u00f3grafo de Gabriel Garc\u00eda M\u00e1rquez (episodio de BBC Witness History) <\/a><\/li>\r\n<\/ul>\r\n<div class=\"textbox shaded\">\r\n<h2><span style=\"color: #993300\">Punto gramatical:<\/span><\/h2>\r\nLa voz pasiva se construye usando una forma conjugada de <strong>ser <\/strong>m\u00e1s el participio pasado, que debe concordarse con el sujeto de \"ser\", el cual es el recipiente de la acci\u00f3n; el agente de la acci\u00f3n puede expresarse mediante una frase con \"por\". La construcci\u00f3n de <strong>estar<\/strong> m\u00e1s el participio pasado comunica la condici\u00f3n o estado del sujeto del verbo, y como no expresa ninguna acci\u00f3n no puede usarse con una frase de \"por\". El participio en estas dos construcciones realmente funciona como un adjetivo.\r\n\r\n&nbsp;\r\n\r\nDebemos recordar que la voz pasiva es mejor expresada por una construcci\u00f3n impersonal de \"se\", especialmente cuando no se menciona el agente de la acci\u00f3n\u2014usamos la voz pasiva con \"ser\" mucho menos en el espa\u00f1ol que en el ingl\u00e9s.\r\n\r\n&nbsp;\r\n\r\n<strong>Ejemplos de la lectura:<\/strong>\r\n<ul>\r\n \t<li>\u00bf<strong>Estaba acertada<\/strong> su predicci\u00f3n? <em>Was his prediction correct?<\/em><\/li>\r\n \t<li>En 1948, el candidato liberal muy popular, Jorge Eli\u00e9cer Gait\u00e1n, gan\u00f3 las elecciones presidenciales pero <strong>fue asesinado<\/strong> antes de que pudiera ocupar el puesto. <em>In 1948, the very popular Liberal candidate, Jorge Eli\u00e9cer Gait\u00e1n, won the presidential elections but was assassinated before he could occupy the position.<\/em><\/li>\r\n \t<li>Con raz\u00f3n <strong>se dice<\/strong> que Garc\u00eda M\u00e1rquez es el segundo escritor m\u00e1s importante de la lengua espa\u00f1ola (despu\u00e9s de Cervantes). <em>It is said with good reason that Garc\u00eda M\u00e1rquez is the second most important writer in the Spanish language (after Cervantes).<\/em><\/li>\r\n<\/ul>\r\n<\/div>\r\n<img class=\"aligncenter size-large wp-image-137\" src=\"https:\/\/s3-us-west-2.amazonaws.com\/courses-images\/wp-content\/uploads\/sites\/3123\/2018\/04\/24061244\/horizontal-dividing-line-1024x42.jpg\" alt=\"\" width=\"1024\" height=\"42\" \/>\r\n<h2><span style=\"color: #993300\">Sources:<\/span><\/h2>\r\n<ul>\r\n \t<li>Timeline and horizontal divider images were created for this project and are released with no restrictions.<\/li>\r\n \t<li><a href=\"https:\/\/commons.wikimedia.org\/wiki\/File:Blankmap-ao-090W-americas.png\" target=\"_blank\" rel=\"noopener\">Hemisphere map of the Americas<\/a> by Reisio (<a href=\"https:\/\/creativecommons.org\/publicdomain\/zero\/1.0\/\">public domain<\/a>) modified as follows: shaded areas added; combined with timeline image.<\/li>\r\n \t<li><a href=\"https:\/\/commons.wikimedia.org\/wiki\/File:Bogotazo.jpg\">El Bogotazo - tranv\u00eda en llamas despu\u00e9s del asesinato de Gait\u00e1n<\/a>. Author: Daniel Pradilla Holguin (<a href=\"https:\/\/creativecommons.org\/publicdomain\/zero\/1.0\/\">Public Domain<\/a>).<\/li>\r\n \t<li><a href=\"https:\/\/commons.wikimedia.org\/wiki\/File:Gabriel_Garcia_Marquez,_2009.jpg\">Gabriel Garc\u00eda M\u00e1rquez en 2009<\/a>. Author: <a href=\"https:\/\/www.flickr.com\/people\/21373185@N04\">Festival Internacional de Cine en Guadalajara<\/a> (<a href=\"https:\/\/creativecommons.org\/licenses\/by\/2.0\/deed.en\">CC BY 2.0 Generic<\/a>).<\/li>\r\n \t<li><a href=\"https:\/\/commons.wikimedia.org\/wiki\/File:Fernando_Botero.jpg\">Fernando Botero en 2006<\/a>. Author: <a href=\"https:\/\/www.flickr.com\/photos\/76672458@N00\">Roel<\/a> (<a href=\"https:\/\/creativecommons.org\/licenses\/by\/2.0\/deed.en\">CC BY 2.0 Generic<\/a>).<\/li>\r\n<\/ul>\r\n<img class=\"aligncenter size-large wp-image-137\" src=\"https:\/\/s3-us-west-2.amazonaws.com\/courses-images\/wp-content\/uploads\/sites\/3123\/2018\/04\/24061244\/horizontal-dividing-line-1024x42.jpg\" alt=\"\" width=\"1024\" height=\"42\" \/>\r\n<h2><span style=\"color: #993300\">Glosario:<\/span><\/h2>","rendered":"<h1 style=\"text-align: center\"><span style=\"color: #993300\">En v\u00edas<a class=\"footnote\" title=\"v\u00eda (sust. fem.) = way, roadway; en v\u00edas de = on the way to, in progress towards doing or being something\" id=\"return-footnote-425-1\" href=\"#footnote-425-1\" aria-label=\"Footnote 1\"><sup class=\"footnote\">[1]<\/sup><\/a> de superar una historia tumultuosa<\/span><\/h1>\n<p><img loading=\"lazy\" decoding=\"async\" class=\"aligncenter size-large wp-image-427\" src=\"https:\/\/s3-us-west-2.amazonaws.com\/courses-images\/wp-content\/uploads\/sites\/3123\/2018\/08\/28053954\/rdg-37-header-map-and-timeline-1024x191.jpg\" alt=\"l\u00ednea de tiempo que va del medio de siglo 19 hasta el siglo 21, y mapa que muestra Colombia\" width=\"1024\" height=\"191\" \/><\/p>\n<p style=\"text-align: center\"><strong>\u2022 \u00e9poca:\u00a0\u00a0 siglos XIX, XX y XXI\u00a0\u00a0\u00a0\u00a0 \u2022 lugar: \u00a0Colombia<\/strong><\/p>\n<p><img loading=\"lazy\" decoding=\"async\" class=\"aligncenter size-large wp-image-137\" src=\"https:\/\/s3-us-west-2.amazonaws.com\/courses-images\/wp-content\/uploads\/sites\/3123\/2018\/04\/24061244\/horizontal-dividing-line-1024x42.jpg\" alt=\"\" width=\"1024\" height=\"42\" \/><\/p>\n<p>A principios del siglo XIX, el alem\u00e1n Alexander von Humboldt viaj\u00f3 por la cuenca<a class=\"footnote\" title=\"cuenca (sust. fem.) = basin; watershed\" id=\"return-footnote-425-2\" href=\"#footnote-425-2\" aria-label=\"Footnote 2\"><sup class=\"footnote\">[2]<\/sup><\/a> del r\u00edo Orinoco en tierras que hoy son del pa\u00eds de Colombia, y el naturalista predijo<a class=\"footnote\" title=\"predijo (pret\u00e9rito de predecir) = predicted\" id=\"return-footnote-425-3\" href=\"#footnote-425-3\" aria-label=\"Footnote 3\"><sup class=\"footnote\">[3]<\/sup><\/a> que la regi\u00f3n ser\u00eda bien poblada y pr\u00f3spera una vez que se calmaran las pasiones independistas&#8230; \u00bfestaba acertada<a class=\"footnote\" title=\"acertado (adj. y participio pasado de acertar) = correct, on target\" id=\"return-footnote-425-4\" href=\"#footnote-425-4\" aria-label=\"Footnote 4\"><sup class=\"footnote\">[4]<\/sup><\/a> su predicci\u00f3n?<\/p>\n<h2><span style=\"color: #993300\">Colombia de mediados<a class=\"footnote\" title=\"mediados (sust. masc.) = the middle part of\" id=\"return-footnote-425-5\" href=\"#footnote-425-5\" aria-label=\"Footnote 5\"><sup class=\"footnote\">[5]<\/sup><\/a> del siglo XIX a mediados del siglo XX<\/span><\/h2>\n<p>Desde mediados del siglo XIX, cuando la Gran Colombia se disolvi\u00f3 y Colombia lleg\u00f3 a ser un pa\u00eds independiente de sus vecinos, hasta principios del siglo XIX, cuando Panam\u00e1 se separ\u00f3 de Colombia, el pa\u00eds se ve\u00eda<a class=\"footnote\" title=\"se ve\u00eda (imperfecto de verse) = saw itself, found itself\" id=\"return-footnote-425-6\" href=\"#footnote-425-6\" aria-label=\"Footnote 6\"><sup class=\"footnote\">[6]<\/sup><\/a> envuelto<a class=\"footnote\" title=\"envuelto (adj. y participio pasado de envolver) = wrapped, tangled up\" id=\"return-footnote-425-7\" href=\"#footnote-425-7\" aria-label=\"Footnote 7\"><sup class=\"footnote\">[7]<\/sup><\/a> en conflictos acerca de qu\u00e9 tipo de gobierno deb\u00eda tener. Los sucesores de Bol\u00edvar quer\u00edan un gobierno central fuerte, mientras otros l\u00edderes colombianos abogaban<a class=\"footnote\" title=\"abogaban (imperfecto de abogar) = advocated, were advocating, spoke and acted in favor of\" id=\"return-footnote-425-8\" href=\"#footnote-425-8\" aria-label=\"Footnote 8\"><sup class=\"footnote\">[8]<\/sup><\/a> por un sistema federalista<a class=\"footnote\" title=\"federalista (adj.) = federalist, i.e. a political system that gives a great deal of power and authority to the states or regions of a country, with less power for the central or national government\" id=\"return-footnote-425-9\" href=\"#footnote-425-9\" aria-label=\"Footnote 9\"><sup class=\"footnote\">[9]<\/sup><\/a> en el que cada regi\u00f3n tuviera m\u00e1s autonom\u00eda<a class=\"footnote\" title=\"autonom\u00eda (sust. fem.) = autonomy, i.e. freedom to act as one sees fit without constant guidance, direction or control from someone else (e.g. from the central government or from one's parents)\" id=\"return-footnote-425-10\" href=\"#footnote-425-10\" aria-label=\"Footnote 10\"><sup class=\"footnote\">[10]<\/sup><\/a>. Y es que el pa\u00eds abarca<a class=\"footnote\" title=\"abarca (presente de abarcar) = includes, stretches to cover\" id=\"return-footnote-425-11\" href=\"#footnote-425-11\" aria-label=\"Footnote 11\"><sup class=\"footnote\">[11]<\/sup><\/a> una gran variedad de regiones:\u00a0 hoy en d\u00eda Colombia es reconocida por la diversidad de sus ecosistemas, pero la diversidad geogr\u00e1fica conlleva<a class=\"footnote\" title=\"conlleva (presente de conllevar) = means, brings with it, has as a logical consequence\" id=\"return-footnote-425-12\" href=\"#footnote-425-12\" aria-label=\"Footnote 12\"><sup class=\"footnote\">[12]<\/sup><\/a> diferentes intereses econ\u00f3micos y pol\u00edticos.<\/p>\n<p>Los dos partidos pol\u00edticos principales desde mediados del siglo XIX eran el Partido Conservador y el Partido Liberal, y difer\u00edan<a class=\"footnote\" title=\"difer\u00edan (imperfecto de diferir) = they differed, they were different, they had different opinions\" id=\"return-footnote-425-13\" href=\"#footnote-425-13\" aria-label=\"Footnote 13\"><sup class=\"footnote\">[13]<\/sup><\/a> no s\u00f3lo sobre el federalismo, sino tambi\u00e9n sobre el papel<a class=\"footnote\" title=\"papel (sust. masc.) = role\" id=\"return-footnote-425-14\" href=\"#footnote-425-14\" aria-label=\"Footnote 14\"><sup class=\"footnote\">[14]<\/sup><\/a> que deb\u00eda tener la Iglesia Cat\u00f3lica (los liberales decimon\u00f3nicos<a class=\"footnote\" title=\"decimon\u00f3nico (adj.) = of or relating to the 19th century\" id=\"return-footnote-425-15\" href=\"#footnote-425-15\" aria-label=\"Footnote 15\"><sup class=\"footnote\">[15]<\/sup><\/a> eran m\u00e1s bien anti-clericales<a class=\"footnote\" title=\"anti-clerical (adj. ) = anti-clerical, i.e. against granting special power and privileges to the Church in the legal and political structure of the country\" id=\"return-footnote-425-16\" href=\"#footnote-425-16\" aria-label=\"Footnote 16\"><sup class=\"footnote\">[16]<\/sup><\/a>), y sobre c\u00f3mo mejor gestionar<a class=\"footnote\" title=\"gestionar = to manage, to administer\" id=\"return-footnote-425-17\" href=\"#footnote-425-17\" aria-label=\"Footnote 17\"><sup class=\"footnote\">[17]<\/sup><\/a> la econom\u00eda y el desarrollo del pa\u00eds. El caf\u00e9 ya era el producto principal del Colombia desde mediados del siglo XIX, y hacia principios del siglo XX la United Fruit Company tambi\u00e9n ten\u00eda una gran presencia en las zonas agriculturales, pero la industria y la infraestructura p\u00fablica fueron desarrolladas m\u00e1s lentamente en las otras zonas del pa\u00eds. As\u00ed es que casi continuamente hubo mucha desigualdad econ\u00f3mica y grandes diferencias pol\u00edticas en el pa\u00eds.<\/p>\n<h2><span style=\"color: #993300\">Primera mitad de siglo XX y la Violencia<\/span><\/h2>\n<p>EEUU se aprovech\u00f3<a class=\"footnote\" title=\"se aprovech\u00f3 de (pret\u00e9rito de aprovecharse de) = took advantage of, exploited\" id=\"return-footnote-425-18\" href=\"#footnote-425-18\" aria-label=\"Footnote 18\"><sup class=\"footnote\">[18]<\/sup><\/a> de la inestabilidad de la situaci\u00f3n en Colombia para apoyar la secesi\u00f3n de Panam\u00e1 en 1903; las tropas colombianas que iban a intentar reforzar<a class=\"footnote\" title=\"reforzar (o-ue) = to reinforce, strengthen\" id=\"return-footnote-425-19\" href=\"#footnote-425-19\" aria-label=\"Footnote 19\"><sup class=\"footnote\">[19]<\/sup><\/a> el control central en la zona paname\u00f1a fueron bloqueadas por barcos estadounidenses. Colombia se hab\u00eda negado<a class=\"footnote\" title=\"se hab\u00eda negado a (pluscuamperfecto de negarse a) = had refused to; se hab\u00eda negado a firmar la propuesta = they had refused to sign the proposal\" id=\"return-footnote-425-20\" href=\"#footnote-425-20\" aria-label=\"Footnote 20\"><sup class=\"footnote\">[20]<\/sup><\/a> a firmar la propuesta del Canal de Panam\u00e1, por no perder soberan\u00eda<a class=\"footnote\" title=\"soberan\u00eda (sust. fem.) = sovereignty, the right of a certain nation to control a certain territory\" id=\"return-footnote-425-21\" href=\"#footnote-425-21\" aria-label=\"Footnote 21\"><sup class=\"footnote\">[21]<\/sup><\/a> sobre la franja<a class=\"footnote\" title=\"franja (sust. fem.) = strip, fringe, long skinny piece of something (in this case the land on either side of the Canal)\" id=\"return-footnote-425-22\" href=\"#footnote-425-22\" aria-label=\"Footnote 22\"><sup class=\"footnote\">[22]<\/sup><\/a> llamada la Zona del Canal, pero al final termin\u00f3 perdiendo soberan\u00eda sobre la provincia entera (ahora el pa\u00eds) de Panam\u00e1. La indemnizaci\u00f3n<a class=\"footnote\" title=\"indemnizaci\u00f3n (sust. fem.) = indemnification, compensation\" id=\"return-footnote-425-23\" href=\"#footnote-425-23\" aria-label=\"Footnote 23\"><sup class=\"footnote\">[23]<\/sup><\/a> que fue pagada por EEUU puede haber ayudado a la econom\u00eda un poco, pero no el sentido nacional.<\/p>\n<p>Ya a mediados del siglo veinte, los dos partidos pol\u00edticos continuaban batallando por control de Colombia y para entonces se pod\u00eda entender el conflicto dentro del marco<a class=\"footnote\" title=\"marco (sust, masc.) = frame, framework\" id=\"return-footnote-425-24\" href=\"#footnote-425-24\" aria-label=\"Footnote 24\"><sup class=\"footnote\">[24]<\/sup><\/a> de la Guerra Fr\u00eda, en la que los liberales estaban m\u00e1s bien en el lado de los trabajadores (sus extremos fueron apoyados por la URSS<a class=\"footnote\" title=\"URSS = la Uni\u00f3n de Rep\u00fablicas Sovi\u00e9ticas Socialistas = Union of Soviet Socialist Republics = USSR\" id=\"return-footnote-425-25\" href=\"#footnote-425-25\" aria-label=\"Footnote 25\"><sup class=\"footnote\">[25]<\/sup><\/a>), mientras los conservadores estaban en el lado de los intereses capitalistas (por eso apoyados por EEUU). En 1948, un pol\u00edtico liberal muy popular y candidato para la presidencia, Jorge Eli\u00e9cer Gait\u00e1n, fue asesinado. El asesino fue linchado<a class=\"footnote\" title=\"linchado (participio pasado de linchar) = lynched, i.e. killed by a mob; fue linchado en el acto = was lynched on the spot\" id=\"return-footnote-425-26\" href=\"#footnote-425-26\" aria-label=\"Footnote 26\"><sup class=\"footnote\">[26]<\/sup><\/a> en el acto, y nunca se clarific\u00f3 qui\u00e9n orden\u00f3 el crimen; siguieron unos diez a\u00f1os de violencia (&#8220;La Violencia&#8221;) en que una guerrilla<a class=\"footnote\" title=\"guerrilla (sust. fem.) = a fighting force not associated with a government that wages a campaign of violence with no clear front lines\" id=\"return-footnote-425-27\" href=\"#footnote-425-27\" aria-label=\"Footnote 27\"><sup class=\"footnote\">[27]<\/sup><\/a> liberal se enfrentaba con una serie de dictaduras conservadoras.<\/p>\n<div id=\"attachment_431\" style=\"width: 401px\" class=\"wp-caption aligncenter\"><img loading=\"lazy\" decoding=\"async\" aria-describedby=\"caption-attachment-431\" class=\"size-full wp-image-431\" src=\"https:\/\/s3-us-west-2.amazonaws.com\/courses-images\/wp-content\/uploads\/sites\/3123\/2018\/08\/28054313\/Bogotazo.jpg\" alt=\"\" width=\"391\" height=\"244\" \/><\/p>\n<p id=\"caption-attachment-431\" class=\"wp-caption-text\">&#8220;El Bogotazo&#8221; se refiere al asesinato de Jorge Eli\u00e9cer Gait\u00e1n en 1948 y la violencia que sigui\u00f3 el acto. En la foto se ve un tranv\u00eda incendiado frente al capitolio nacional donde, ir\u00f3nicamente, se reun\u00edan l\u00edderes pol\u00edticos en una conferencia panamericana para negociar el &#8220;Tratado Americano de Soluciones Pac\u00edficas&#8221;.<\/p>\n<\/div>\n<h2><span style=\"color: #993300\">Las fuerzas revolucionarias, los paramilitares y los carteles narcotraficantes<\/span><\/h2>\n<p>En 1958 se pact\u00f3<a class=\"footnote\" title=\"se pact\u00f3 (pret\u00e9rito de pactarse) = came to an agreement, were sworn to agreement\" id=\"return-footnote-425-28\" href=\"#footnote-425-28\" aria-label=\"Footnote 28\"><sup class=\"footnote\">[28]<\/sup><\/a> un acuerdo pol\u00edtico entre los Liberales y Conservadores que garantiz\u00f3 compartirse el poder entre los dos grupos, y se calmaron las cosas un poco; el acuerdo dur\u00f3 hasta 1974 cuando volvieron a un proceso democr\u00e1tico m\u00e1s normal. Pero los m\u00e1s izquierdistas<a class=\"footnote\" title=\"izquierdista (adj.) = leftist, i.e. sympathetic to ideologies like Communism and Socialism\" id=\"return-footnote-425-29\" href=\"#footnote-425-29\" aria-label=\"Footnote 29\"><sup class=\"footnote\">[29]<\/sup><\/a> estaban excluidos<a class=\"footnote\" title=\"excluido (adj. y participio pasado de excluir) = excluded, left out\" id=\"return-footnote-425-30\" href=\"#footnote-425-30\" aria-label=\"Footnote 30\"><sup class=\"footnote\">[30]<\/sup><\/a> del pacto y llegaron a constituir grupos como las Fuerzas Armadas Revolucionarias de Colombia (la FARC), que se cre\u00f3 en 1964. Esta tambi\u00e9n era la \u00e9poca de la Revoluci\u00f3n Cubana, y la FARC impulsaba<a class=\"footnote\" title=\"impulsaba (imperfecto de impulsar) = pushed, was fighting for\" id=\"return-footnote-425-31\" href=\"#footnote-425-31\" aria-label=\"Footnote 31\"><sup class=\"footnote\">[31]<\/sup><\/a> una ideolog\u00eda similarmente marxista; pero sus actividades inclu\u00edan ataques a soldados y polic\u00edas, adem\u00e1s de secuestros<a class=\"footnote\" title=\"secuestro (sust. masc.) = kidnapping\" id=\"return-footnote-425-32\" href=\"#footnote-425-32\" aria-label=\"Footnote 32\"><sup class=\"footnote\">[32]<\/sup><\/a> y extorsi\u00f3n de pol\u00edticos y civiles<a class=\"footnote\" title=\"civiles (sust. masc. plur.) = civilians, i.e. people not in the government, police or military\" id=\"return-footnote-425-33\" href=\"#footnote-425-33\" aria-label=\"Footnote 33\"><sup class=\"footnote\">[33]<\/sup><\/a>.<\/p>\n<p>Los paramilitares son grupos armados conservadores; operaban en Colombia en contra de los revolucionarios izquierdistas y en apoyo del gobierno (a veces con su cooperaci\u00f3n) pero fuera del marco de la ley<a class=\"footnote\" title=\"ley (sust. fem.) = law; fuera del marco de la ley = outside of the law, in an illegal manner, not abiding by the legal process\" id=\"return-footnote-425-34\" href=\"#footnote-425-34\" aria-label=\"Footnote 34\"><sup class=\"footnote\">[34]<\/sup><\/a>. Grupos paramilitares fueron responsables de asesinatos y desapariciones<a class=\"footnote\" title=\"desapariciones (sust. fem. plur.) = disappearances, i.e. people were kidnapped and killed and the bodies never found\" id=\"return-footnote-425-35\" href=\"#footnote-425-35\" aria-label=\"Footnote 35\"><sup class=\"footnote\">[35]<\/sup><\/a> de personas que sospechaban de apoyar a los grupos izquierdistas.<\/p>\n<p>Esta situaci\u00f3n peligrosa e inestable se complic\u00f3 desde los a\u00f1os 1970 cuando la coca\u00edna lleg\u00f3 a ser una droga popular en EEUU. Los carteles narcotraficantes<a class=\"footnote\" title=\"narcotraficante (adj. y sust.) = drug-trafficking, drug trafficker\" id=\"return-footnote-425-36\" href=\"#footnote-425-36\" aria-label=\"Footnote 36\"><sup class=\"footnote\">[36]<\/sup><\/a> criminales aparecieron para suplir<a class=\"footnote\" title=\"suplir = to supply, to deliver a supply of certain goods\" id=\"return-footnote-425-37\" href=\"#footnote-425-37\" aria-label=\"Footnote 37\"><sup class=\"footnote\">[37]<\/sup><\/a> la demanda de la coca\u00edna: los carteles narcotraficantes son organizaciones criminales internacionales que lograron sistematizar la producci\u00f3n y distribuci\u00f3n de las drogas ilegales, implementando procesos aprendidos de la gesti\u00f3n de empresas industriales y alcanzando econom\u00edas de gran escala<a class=\"footnote\" title=\"escala (sust. fem.) = scale; de gran escala = large-scale, at economies of scale\" id=\"return-footnote-425-38\" href=\"#footnote-425-38\" aria-label=\"Footnote 38\"><sup class=\"footnote\">[38]<\/sup><\/a>. El cartel m\u00e1s famoso de aquel tiempo era el cartel de Medell\u00edn, liderado por Pablo Escobar; tan notorio<a class=\"footnote\" title=\"notorio (adj.) = notorious, famous for negative reasons\" id=\"return-footnote-425-39\" href=\"#footnote-425-39\" aria-label=\"Footnote 39\"><sup class=\"footnote\">[39]<\/sup><\/a> era que ahora hay una serie ficcionalizada de televisi\u00f3n sobre \u00e9l (<em>Narcos,<\/em> de Netflix), y tambi\u00e9n hay varias pel\u00edculas documentarias, por ejemplo <em>Pablo Escobar, \u00bf\u00e1ngel o demonio?<\/em> (2007), y <em>Los tiempos de Pablo Escobar<\/em> (2012).<\/p>\n<p>El narcotr\u00e1fico lleg\u00f3 a penetrar much\u00edsmos aspectos de la vida colombiana: los carteles infiltraron<a class=\"footnote\" title=\"infiltraron (pret\u00e9rito de infiltrar) = infiltrated, i.e. managed to get their own people or sympathizers hired into the other organization\" id=\"return-footnote-425-40\" href=\"#footnote-425-40\" aria-label=\"Footnote 40\"><sup class=\"footnote\">[40]<\/sup><\/a> la polic\u00eda y el gobierno, y los guerrilleros revolucionarios tambi\u00e9n cultivaban la coca<a class=\"footnote\" title=\"coca (sust. fem.) = coca, the plant (a kind of shrub) from which cocaine is derived\" id=\"return-footnote-425-41\" href=\"#footnote-425-41\" aria-label=\"Footnote 41\"><sup class=\"footnote\">[41]<\/sup><\/a> para apoyarse econ\u00f3micamente. Lleg\u00f3 un momento en los 1980s cuando el gobierno colombiano, a instancias<a class=\"footnote\" title=\"a instancias de (prepos.) = at the urging of, pushed to act by\" id=\"return-footnote-425-42\" href=\"#footnote-425-42\" aria-label=\"Footnote 42\"><sup class=\"footnote\">[42]<\/sup><\/a> del gobierno estadounidense, empez\u00f3 a tratar de parar el narcotr\u00e1fico ilegal, y fue entonces que los carteles declararon la guerra al gobierno. Los asesinatos, secuestros y atentados<a class=\"footnote\" title=\"atentado (sust. masc.) = attack, violent incident\" id=\"return-footnote-425-43\" href=\"#footnote-425-43\" aria-label=\"Footnote 43\"><sup class=\"footnote\">[43]<\/sup><\/a> violentos se multiplicaron.<\/p>\n<h2><span style=\"color: #993300\">Dos grandes figuras de la cultura de siglo XX<\/span><\/h2>\n<p>Es f\u00e1cil imaginar que la violencia pol\u00edtica y criminal es lo \u00fanico que pasaba en Colombia en el siglo XX, y la verdad es que fue aterradora<a class=\"footnote\" title=\"aterrador (adj.) = terrifying\" id=\"return-footnote-425-44\" href=\"#footnote-425-44\" aria-label=\"Footnote 44\"><sup class=\"footnote\">[44]<\/sup><\/a>. Pero la gente normal segu\u00eda viviendo sus vidas, personas valientes segu\u00edan intentando solucionar los problemas del pa\u00eds, y de hecho Colombia en esa \u00e9poca produjo dos figuras sobresalientes<a class=\"footnote\" title=\"sobresaliente (adj.) = outstanding\" id=\"return-footnote-425-45\" href=\"#footnote-425-45\" aria-label=\"Footnote 45\"><sup class=\"footnote\">[45]<\/sup><\/a> de la cultura mundial:\u00a0 el escritor Gabriel Garc\u00eda M\u00e1rquez, y el artista Fernando Botero.<\/p>\n<p>Gabriel Garc\u00eda M\u00e1rquez empez\u00f3 su carrera como periodista, pero luego pas\u00f3 a escribir cuentos, novelas y guiones<a class=\"footnote\" title=\"gui\u00f3n, guiones (sust. masc.) = screenplay, screenplays\" id=\"return-footnote-425-46\" href=\"#footnote-425-46\" aria-label=\"Footnote 46\"><sup class=\"footnote\">[46]<\/sup><\/a> cinem\u00e1ticos. Su obra m\u00e1s famosa, <em>Cien a\u00f1os de soledad<\/em> (1967), es un buen ejemplo de su estilo\u2014novedoso<a class=\"footnote\" title=\"novedoso (adj.) = new, innovative\" id=\"return-footnote-425-47\" href=\"#footnote-425-47\" aria-label=\"Footnote 47\"><sup class=\"footnote\">[47]<\/sup><\/a> en aquella \u00e9poca\u2014llamado el &#8220;realismo m\u00e1gico&#8221;. La novela se trata de la historia de la familia Buend\u00eda en un pueblo ficcionalizado latinoamericano, y los elementos realistas y fant\u00e1sticos son integrados<a class=\"footnote\" title=\"integrado (adj. y participio pasado de integrar) = integrated, thoroughly combined\" id=\"return-footnote-425-48\" href=\"#footnote-425-48\" aria-label=\"Footnote 48\"><sup class=\"footnote\">[48]<\/sup><\/a> a la perfecci\u00f3n. Garc\u00eda M\u00e1rquez nos dio otros personajes inolvidables en sus cuentos cortos como &#8220;La incre\u00edble y triste historia de la c\u00e1ndida<a class=\"footnote\" title=\"c\u00e1ndido (adj.) = candid, innocent, honest, lacking in subterfuge\" id=\"return-footnote-425-49\" href=\"#footnote-425-49\" aria-label=\"Footnote 49\"><sup class=\"footnote\">[49]<\/sup><\/a> Er\u00e9ndira y de su abuela desalmada<a class=\"footnote\" title=\"desalmado (adj.) = heartless, cruel, not having any moral conscience\" id=\"return-footnote-425-50\" href=\"#footnote-425-50\" aria-label=\"Footnote 50\"><sup class=\"footnote\">[50]<\/sup><\/a>&#8221; (1972) y &#8220;Un se\u00f1or muy viejo con alas enormes&#8221; (1955), y con raz\u00f3n se dice que es el segundo escritor m\u00e1s importante de la lengua espa\u00f1ola (despu\u00e9s de Cervantes).<\/p>\n<table style=\"border-collapse: collapse;width: 100%\">\n<tbody>\n<tr>\n<td style=\"width: 50%\">\n<div id=\"attachment_435\" style=\"width: 310px\" class=\"wp-caption aligncenter\"><img loading=\"lazy\" decoding=\"async\" aria-describedby=\"caption-attachment-435\" class=\"size-medium wp-image-435\" src=\"https:\/\/s3-us-west-2.amazonaws.com\/courses-images\/wp-content\/uploads\/sites\/3123\/2018\/08\/28054609\/Gabriel_Garcia_Marquez_2009-300x273.jpg\" alt=\"\" width=\"300\" height=\"273\" \/><\/p>\n<p id=\"caption-attachment-435\" class=\"wp-caption-text\">Gabriel Garc\u00eda M\u00e1rquez en 2009.<\/p>\n<\/div>\n<\/td>\n<td style=\"width: 50%\">\n<div id=\"attachment_436\" style=\"width: 226px\" class=\"wp-caption aligncenter\"><img loading=\"lazy\" decoding=\"async\" aria-describedby=\"caption-attachment-436\" class=\"wp-image-436\" src=\"https:\/\/s3-us-west-2.amazonaws.com\/courses-images\/wp-content\/uploads\/sites\/3123\/2018\/08\/28054651\/Fernando_Botero-300x226.jpg\" alt=\"\" width=\"216\" height=\"163\" \/><\/p>\n<p id=\"caption-attachment-436\" class=\"wp-caption-text\">Fernando Botero en 2006.<\/p>\n<\/div>\n<\/td>\n<\/tr>\n<\/tbody>\n<\/table>\n<p>Las pinturas y esculturas de Fernando Botero tienen un estilo inmediatamente reconocible<a class=\"footnote\" title=\"reconocible (adj.) = recognizable\" id=\"return-footnote-425-51\" href=\"#footnote-425-51\" aria-label=\"Footnote 51\"><sup class=\"footnote\">[51]<\/sup><\/a>, con figuras &#8220;gorditas<a class=\"footnote\" title=\"gordito (adj.) = fat\u2014used in the diminutive to express affection and avoid offense\" id=\"return-footnote-425-52\" href=\"#footnote-425-52\" aria-label=\"Footnote 52\"><sup class=\"footnote\">[52]<\/sup><\/a>&#8221; que simult\u00e1neamente comunican una visi\u00f3n humor\u00edstica y cr\u00edtica de la realidad. Botero vive mayormente en Par\u00eds, pero no deja de volver a Colombia y similarmente su obra art\u00edstica abarca temas internacionales sin olvidar sus ra\u00edces colombianas. Tiene esculturas instaladas en muchas ciudades por el mundo y su serie de pinturas protestando el tratamiento de los prisioneros en Abu Ghraib (2007) fue internacionalmente renombrada<a class=\"footnote\" title=\"renombrado (adj. y participio pasado de renombrar) = renowned, recognized (with awards and such), famous\" id=\"return-footnote-425-53\" href=\"#footnote-425-53\" aria-label=\"Footnote 53\"><sup class=\"footnote\">[53]<\/sup><\/a>, pero Botero tambi\u00e9n trata con temas m\u00e1s \u00edntimos como la religi\u00f3n y la maternidad.<\/p>\n<h2><span style=\"color: #993300\">Acuerdo de paz y desarme de la FARC<\/span><\/h2>\n<p>Desde 1993 cuando Pablo Escobar muri\u00f3 en un tiroteo<a class=\"footnote\" title=\"tiroteo (sust. masc.) = firefight, shootout\" id=\"return-footnote-425-54\" href=\"#footnote-425-54\" aria-label=\"Footnote 54\"><sup class=\"footnote\">[54]<\/sup><\/a> con agentes de la seguridad nacional, la situaci\u00f3n en Colombia ha ido calm\u00e1ndose, y los esfuerzos hacia un proceso de paz con la guerrilla izquierdista (FARC y las otras organizaciones) han ganado mom\u00e9ntum. En 2017 el presidente colombiano Juan Manuel Santos firm\u00f3 un acuerdo de paz con la FARC que signific\u00f3 el desarme<a class=\"footnote\" title=\"desarme (sust. masc.) = disarmament, disbanding of a fighting group\" id=\"return-footnote-425-55\" href=\"#footnote-425-55\" aria-label=\"Footnote 55\"><sup class=\"footnote\">[55]<\/sup><\/a> del grupo izquierdista, el cese<a class=\"footnote\" title=\"cese (sust. masc.) = cessation, end of an action\" id=\"return-footnote-425-56\" href=\"#footnote-425-56\" aria-label=\"Footnote 56\"><sup class=\"footnote\">[56]<\/sup><\/a> de sus actividades de guerrilla y su integraci\u00f3n en el proceso pol\u00edtico nacional como partido pol\u00edtico. No todos los grupos izquierdistas est\u00e1n incluidos en el acuerdo y la situaci\u00f3n actual en el pa\u00eds vecino de Venezuela podr\u00e1 ser desestabilizadora<a class=\"footnote\" title=\"desestabilizador (adj.) = destabilizing\" id=\"return-footnote-425-57\" href=\"#footnote-425-57\" aria-label=\"Footnote 57\"><sup class=\"footnote\">[57]<\/sup><\/a>, pero la situaci\u00f3n colombiana finalmente se ve encaminada hacia la paz y prosperidad augurados<a class=\"footnote\" title=\"augurado (adj. y participio pasado de augurar) = foretold, foreseen, predicted\" id=\"return-footnote-425-58\" href=\"#footnote-425-58\" aria-label=\"Footnote 58\"><sup class=\"footnote\">[58]<\/sup><\/a> doscientos a\u00f1os antes por aquel naturalista y viajero alem\u00e1n.<\/p>\n<p><img loading=\"lazy\" decoding=\"async\" class=\"aligncenter size-large wp-image-137\" src=\"https:\/\/s3-us-west-2.amazonaws.com\/courses-images\/wp-content\/uploads\/sites\/3123\/2018\/04\/24061244\/horizontal-dividing-line-1024x42.jpg\" alt=\"\" width=\"1024\" height=\"42\" \/><\/p>\n<h2><span style=\"color: #993300\">Cronolog\u00eda:<\/span><\/h2>\n<ul>\n<li>1927-2014: Gabriel Garc\u00eda M\u00e1rquez (novelista, cuentista, periodista y guionista)<\/li>\n<li>1932\u2014: Fernando Botero (pintor y escultor)<\/li>\n<li>1948-58: La Violencia<\/li>\n<li>1964: creaci\u00f3n de la FARC<\/li>\n<li>1982: Gabriel Garc\u00eda M\u00e1rquez galardoneado<a class=\"footnote\" title=\"galardoneado (adj. y participio pasado de galardonear) = awarded, recognized by a prize or honor\" id=\"return-footnote-425-59\" href=\"#footnote-425-59\" aria-label=\"Footnote 59\"><sup class=\"footnote\">[59]<\/sup><\/a> con Premio N\u00f3bel de Literatura<\/li>\n<li>1993: muerte de Pablo Escobar<\/li>\n<li>2017: acuerdo de paz con la FARC entra en vigor<\/li>\n<\/ul>\n<h2><span style=\"color: #993300\">Personas o cosas que debes poder identificar despu\u00e9s de estudiar esta lectura:<\/span><\/h2>\n<ul>\n<li>narcotr\u00e1fico: Pablo Escobar y el cartel de Medell\u00edn<\/li>\n<li>FARC (Fuerzas Armadas Revolucionarias de Colombia)<\/li>\n<li>el presidente Juan Manuel Santos y el proceso de paz con la FARC<\/li>\n<li>Gabriel Garc\u00eda M\u00e1rquez<\/li>\n<li>Fernando Botero<\/li>\n<\/ul>\n<h2><span style=\"color: #993300\">Preguntas que debes poder contestar despu\u00e9s de estudiar esta lectura:<\/span><\/h2>\n<ul>\n<li>\u00bfCu\u00e1les han sido algunos de los desaf\u00edos que el pa\u00eds de Colombia ha tenido que superar?<\/li>\n<li>\u00bfC\u00f3mo est\u00e1 la situaci\u00f3n actual en Colombia?<\/li>\n<li>\u00bfQui\u00e9n era Gabriel Garc\u00eda M\u00e1rquez?<\/li>\n<li>\u00bfQui\u00e9n es Fernando Botero?<\/li>\n<\/ul>\n<h2><span style=\"color: #993300\">Preguntas para composici\u00f3n y\/o discusi\u00f3n:<\/span><\/h2>\n<ul>\n<li>Analiza el conflicto entre la FARC y el gobierno colombiano. \u00bfQu\u00e9 quieren los dos lados? \u00bfCu\u00e1l es la orientaci\u00f3n pol\u00edtica de los dos lados? \u00bfQu\u00e9 importancia tiene su contexto internacional (e.g. Cuba, EEUU, la URSS&#8230;)? \u00bfCu\u00e1les factores cambiaron para permitir el proceso de paz?<\/li>\n<li>Gabriel Garc\u00eda M\u00e1rquez y Fernando Botero eran j\u00f3venes durante la Violencia, y adultos durante la violencia del narcotr\u00e1fico y el conflicto entre la FARC y los paramilitares&#8230; En tu opini\u00f3n, \u00bfes importante seguir haciendo arte\/escribiendo novelas durante tiempos de tal inestabilidad? \u00bfCu\u00e1l es la funci\u00f3n del arte y la literatura en tiempos dif\u00edciles?<\/li>\n<\/ul>\n<h2><span style=\"color: #993300\">Enlace a sitio de expansi\u00f3n:<\/span><\/h2>\n<ul>\n<li><a href=\"https:\/\/www.bbc.co.uk\/programmes\/p02w3ddh\">Entrevista con el bi\u00f3grafo de Gabriel Garc\u00eda M\u00e1rquez (episodio de BBC Witness History) <\/a><\/li>\n<\/ul>\n<div class=\"textbox shaded\">\n<h2><span style=\"color: #993300\">Punto gramatical:<\/span><\/h2>\n<p>La voz pasiva se construye usando una forma conjugada de <strong>ser <\/strong>m\u00e1s el participio pasado, que debe concordarse con el sujeto de &#8220;ser&#8221;, el cual es el recipiente de la acci\u00f3n; el agente de la acci\u00f3n puede expresarse mediante una frase con &#8220;por&#8221;. La construcci\u00f3n de <strong>estar<\/strong> m\u00e1s el participio pasado comunica la condici\u00f3n o estado del sujeto del verbo, y como no expresa ninguna acci\u00f3n no puede usarse con una frase de &#8220;por&#8221;. El participio en estas dos construcciones realmente funciona como un adjetivo.<\/p>\n<p>&nbsp;<\/p>\n<p>Debemos recordar que la voz pasiva es mejor expresada por una construcci\u00f3n impersonal de &#8220;se&#8221;, especialmente cuando no se menciona el agente de la acci\u00f3n\u2014usamos la voz pasiva con &#8220;ser&#8221; mucho menos en el espa\u00f1ol que en el ingl\u00e9s.<\/p>\n<p>&nbsp;<\/p>\n<p><strong>Ejemplos de la lectura:<\/strong><\/p>\n<ul>\n<li>\u00bf<strong>Estaba acertada<\/strong> su predicci\u00f3n? <em>Was his prediction correct?<\/em><\/li>\n<li>En 1948, el candidato liberal muy popular, Jorge Eli\u00e9cer Gait\u00e1n, gan\u00f3 las elecciones presidenciales pero <strong>fue asesinado<\/strong> antes de que pudiera ocupar el puesto. <em>In 1948, the very popular Liberal candidate, Jorge Eli\u00e9cer Gait\u00e1n, won the presidential elections but was assassinated before he could occupy the position.<\/em><\/li>\n<li>Con raz\u00f3n <strong>se dice<\/strong> que Garc\u00eda M\u00e1rquez es el segundo escritor m\u00e1s importante de la lengua espa\u00f1ola (despu\u00e9s de Cervantes). <em>It is said with good reason that Garc\u00eda M\u00e1rquez is the second most important writer in the Spanish language (after Cervantes).<\/em><\/li>\n<\/ul>\n<\/div>\n<p><img loading=\"lazy\" decoding=\"async\" class=\"aligncenter size-large wp-image-137\" src=\"https:\/\/s3-us-west-2.amazonaws.com\/courses-images\/wp-content\/uploads\/sites\/3123\/2018\/04\/24061244\/horizontal-dividing-line-1024x42.jpg\" alt=\"\" width=\"1024\" height=\"42\" \/><\/p>\n<h2><span style=\"color: #993300\">Sources:<\/span><\/h2>\n<ul>\n<li>Timeline and horizontal divider images were created for this project and are released with no restrictions.<\/li>\n<li><a href=\"https:\/\/commons.wikimedia.org\/wiki\/File:Blankmap-ao-090W-americas.png\" target=\"_blank\" rel=\"noopener\">Hemisphere map of the Americas<\/a> by Reisio (<a href=\"https:\/\/creativecommons.org\/publicdomain\/zero\/1.0\/\">public domain<\/a>) modified as follows: shaded areas added; combined with timeline image.<\/li>\n<li><a href=\"https:\/\/commons.wikimedia.org\/wiki\/File:Bogotazo.jpg\">El Bogotazo &#8211; tranv\u00eda en llamas despu\u00e9s del asesinato de Gait\u00e1n<\/a>. Author: Daniel Pradilla Holguin (<a href=\"https:\/\/creativecommons.org\/publicdomain\/zero\/1.0\/\">Public Domain<\/a>).<\/li>\n<li><a href=\"https:\/\/commons.wikimedia.org\/wiki\/File:Gabriel_Garcia_Marquez,_2009.jpg\">Gabriel Garc\u00eda M\u00e1rquez en 2009<\/a>. Author: <a href=\"https:\/\/www.flickr.com\/people\/21373185@N04\">Festival Internacional de Cine en Guadalajara<\/a> (<a href=\"https:\/\/creativecommons.org\/licenses\/by\/2.0\/deed.en\">CC BY 2.0 Generic<\/a>).<\/li>\n<li><a href=\"https:\/\/commons.wikimedia.org\/wiki\/File:Fernando_Botero.jpg\">Fernando Botero en 2006<\/a>. Author: <a href=\"https:\/\/www.flickr.com\/photos\/76672458@N00\">Roel<\/a> (<a href=\"https:\/\/creativecommons.org\/licenses\/by\/2.0\/deed.en\">CC BY 2.0 Generic<\/a>).<\/li>\n<\/ul>\n<p><img loading=\"lazy\" decoding=\"async\" class=\"aligncenter size-large wp-image-137\" src=\"https:\/\/s3-us-west-2.amazonaws.com\/courses-images\/wp-content\/uploads\/sites\/3123\/2018\/04\/24061244\/horizontal-dividing-line-1024x42.jpg\" alt=\"\" width=\"1024\" height=\"42\" \/><\/p>\n<h2><span style=\"color: #993300\">Glosario:<\/span><\/h2>\n\n\t\t\t <section class=\"citations-section\" role=\"contentinfo\">\n\t\t\t <h3>Candela Citations<\/h3>\n\t\t\t\t\t <div>\n\t\t\t\t\t\t <div id=\"citation-list-425\">\n\t\t\t\t\t\t\t <div class=\"licensing\"><div class=\"license-attribution-dropdown-subheading\">CC licensed content, Original<\/div><ul class=\"citation-list\"><li>Civilizacion hispanoamericana. <strong>Authored by<\/strong>: Elizabeth Small. <strong>Provided by<\/strong>: SUNY Oneonta. <strong>Located at<\/strong>: <a target=\"_blank\" href=\"https:\/\/courses.lumenlearning.com\/suny-oneonta-latinamericanciv\">https:\/\/courses.lumenlearning.com\/suny-oneonta-latinamericanciv<\/a>. <strong>License<\/strong>: <em><a target=\"_blank\" rel=\"license\" href=\"https:\/\/creativecommons.org\/licenses\/by-nc-sa\/4.0\/\">CC BY-NC-SA: Attribution-NonCommercial-ShareAlike<\/a><\/em><\/li><\/ul><\/div>\n\t\t\t\t\t\t <\/div>\n\t\t\t\t\t <\/div>\n\t\t\t <\/section><hr class=\"before-footnotes clear\" \/><div class=\"footnotes\"><ol><li id=\"footnote-425-1\">v\u00eda (sust. fem.) = way, roadway; en v\u00edas de = on the way to, in progress towards doing or being something <a href=\"#return-footnote-425-1\" class=\"return-footnote\" aria-label=\"Return to footnote 1\">&crarr;<\/a><\/li><li id=\"footnote-425-2\">cuenca (sust. fem.) = basin; watershed <a href=\"#return-footnote-425-2\" class=\"return-footnote\" aria-label=\"Return to footnote 2\">&crarr;<\/a><\/li><li id=\"footnote-425-3\">predijo (pret\u00e9rito de predecir) = predicted <a href=\"#return-footnote-425-3\" class=\"return-footnote\" aria-label=\"Return to footnote 3\">&crarr;<\/a><\/li><li id=\"footnote-425-4\">acertado (adj. y participio pasado de acertar) = correct, on target <a href=\"#return-footnote-425-4\" class=\"return-footnote\" aria-label=\"Return to footnote 4\">&crarr;<\/a><\/li><li id=\"footnote-425-5\">mediados (sust. masc.) = the middle part of <a href=\"#return-footnote-425-5\" class=\"return-footnote\" aria-label=\"Return to footnote 5\">&crarr;<\/a><\/li><li id=\"footnote-425-6\">se ve\u00eda (imperfecto de verse) = saw itself, found itself <a href=\"#return-footnote-425-6\" class=\"return-footnote\" aria-label=\"Return to footnote 6\">&crarr;<\/a><\/li><li id=\"footnote-425-7\">envuelto (adj. y participio pasado de envolver) = wrapped, tangled up <a href=\"#return-footnote-425-7\" class=\"return-footnote\" aria-label=\"Return to footnote 7\">&crarr;<\/a><\/li><li id=\"footnote-425-8\">abogaban (imperfecto de abogar) = advocated, were advocating, spoke and acted in favor of <a href=\"#return-footnote-425-8\" class=\"return-footnote\" aria-label=\"Return to footnote 8\">&crarr;<\/a><\/li><li id=\"footnote-425-9\">federalista (adj.) = federalist, i.e. a political system that gives a great deal of power and authority to the states or regions of a country, with less power for the central or national government <a href=\"#return-footnote-425-9\" class=\"return-footnote\" aria-label=\"Return to footnote 9\">&crarr;<\/a><\/li><li id=\"footnote-425-10\">autonom\u00eda (sust. fem.) = autonomy, i.e. freedom to act as one sees fit without constant guidance, direction or control from someone else (e.g. from the central government or from one's parents) <a href=\"#return-footnote-425-10\" class=\"return-footnote\" aria-label=\"Return to footnote 10\">&crarr;<\/a><\/li><li id=\"footnote-425-11\">abarca (presente de abarcar) = includes, stretches to cover <a href=\"#return-footnote-425-11\" class=\"return-footnote\" aria-label=\"Return to footnote 11\">&crarr;<\/a><\/li><li id=\"footnote-425-12\">conlleva (presente de conllevar) = means, brings with it, has as a logical consequence <a href=\"#return-footnote-425-12\" class=\"return-footnote\" aria-label=\"Return to footnote 12\">&crarr;<\/a><\/li><li id=\"footnote-425-13\">difer\u00edan (imperfecto de diferir) = they differed, they were different, they had different opinions <a href=\"#return-footnote-425-13\" class=\"return-footnote\" aria-label=\"Return to footnote 13\">&crarr;<\/a><\/li><li id=\"footnote-425-14\">papel (sust. masc.) = role <a href=\"#return-footnote-425-14\" class=\"return-footnote\" aria-label=\"Return to footnote 14\">&crarr;<\/a><\/li><li id=\"footnote-425-15\">decimon\u00f3nico (adj.) = of or relating to the 19th century <a href=\"#return-footnote-425-15\" class=\"return-footnote\" aria-label=\"Return to footnote 15\">&crarr;<\/a><\/li><li id=\"footnote-425-16\">anti-clerical (adj. ) = anti-clerical, i.e. against granting special power and privileges to the Church in the legal and political structure of the country <a href=\"#return-footnote-425-16\" class=\"return-footnote\" aria-label=\"Return to footnote 16\">&crarr;<\/a><\/li><li id=\"footnote-425-17\">gestionar = to manage, to administer <a href=\"#return-footnote-425-17\" class=\"return-footnote\" aria-label=\"Return to footnote 17\">&crarr;<\/a><\/li><li id=\"footnote-425-18\">se aprovech\u00f3 de (pret\u00e9rito de aprovecharse de) = took advantage of, exploited <a href=\"#return-footnote-425-18\" class=\"return-footnote\" aria-label=\"Return to footnote 18\">&crarr;<\/a><\/li><li id=\"footnote-425-19\">reforzar (o-ue) = to reinforce, strengthen <a href=\"#return-footnote-425-19\" class=\"return-footnote\" aria-label=\"Return to footnote 19\">&crarr;<\/a><\/li><li id=\"footnote-425-20\">se hab\u00eda negado a (pluscuamperfecto de negarse a) = had refused to; se hab\u00eda negado a firmar la propuesta = they had refused to sign the proposal <a href=\"#return-footnote-425-20\" class=\"return-footnote\" aria-label=\"Return to footnote 20\">&crarr;<\/a><\/li><li id=\"footnote-425-21\">soberan\u00eda (sust. fem.) = sovereignty, the right of a certain nation to control a certain territory <a href=\"#return-footnote-425-21\" class=\"return-footnote\" aria-label=\"Return to footnote 21\">&crarr;<\/a><\/li><li id=\"footnote-425-22\">franja (sust. fem.) = strip, fringe, long skinny piece of something (in this case the land on either side of the Canal) <a href=\"#return-footnote-425-22\" class=\"return-footnote\" aria-label=\"Return to footnote 22\">&crarr;<\/a><\/li><li id=\"footnote-425-23\">indemnizaci\u00f3n (sust. fem.) = indemnification, compensation <a href=\"#return-footnote-425-23\" class=\"return-footnote\" aria-label=\"Return to footnote 23\">&crarr;<\/a><\/li><li id=\"footnote-425-24\">marco (sust, masc.) = frame, framework <a href=\"#return-footnote-425-24\" class=\"return-footnote\" aria-label=\"Return to footnote 24\">&crarr;<\/a><\/li><li id=\"footnote-425-25\">URSS = la Uni\u00f3n de Rep\u00fablicas Sovi\u00e9ticas Socialistas = Union of Soviet Socialist Republics = USSR <a href=\"#return-footnote-425-25\" class=\"return-footnote\" aria-label=\"Return to footnote 25\">&crarr;<\/a><\/li><li id=\"footnote-425-26\">linchado (participio pasado de linchar) = lynched, i.e. killed by a mob; fue linchado en el acto = was lynched on the spot <a href=\"#return-footnote-425-26\" class=\"return-footnote\" aria-label=\"Return to footnote 26\">&crarr;<\/a><\/li><li id=\"footnote-425-27\">guerrilla (sust. fem.) = a fighting force not associated with a government that wages a campaign of violence with no clear front lines <a href=\"#return-footnote-425-27\" class=\"return-footnote\" aria-label=\"Return to footnote 27\">&crarr;<\/a><\/li><li id=\"footnote-425-28\">se pact\u00f3 (pret\u00e9rito de pactarse) = came to an agreement, were sworn to agreement <a href=\"#return-footnote-425-28\" class=\"return-footnote\" aria-label=\"Return to footnote 28\">&crarr;<\/a><\/li><li id=\"footnote-425-29\">izquierdista (adj.) = leftist, i.e. sympathetic to ideologies like Communism and Socialism <a href=\"#return-footnote-425-29\" class=\"return-footnote\" aria-label=\"Return to footnote 29\">&crarr;<\/a><\/li><li id=\"footnote-425-30\">excluido (adj. y participio pasado de excluir) = excluded, left out <a href=\"#return-footnote-425-30\" class=\"return-footnote\" aria-label=\"Return to footnote 30\">&crarr;<\/a><\/li><li id=\"footnote-425-31\">impulsaba (imperfecto de impulsar) = pushed, was fighting for <a href=\"#return-footnote-425-31\" class=\"return-footnote\" aria-label=\"Return to footnote 31\">&crarr;<\/a><\/li><li id=\"footnote-425-32\">secuestro (sust. masc.) = kidnapping <a href=\"#return-footnote-425-32\" class=\"return-footnote\" aria-label=\"Return to footnote 32\">&crarr;<\/a><\/li><li id=\"footnote-425-33\">civiles (sust. masc. plur.) = civilians, i.e. people not in the government, police or military <a href=\"#return-footnote-425-33\" class=\"return-footnote\" aria-label=\"Return to footnote 33\">&crarr;<\/a><\/li><li id=\"footnote-425-34\">ley (sust. fem.) = law; fuera del marco de la ley = outside of the law, in an illegal manner, not abiding by the legal process <a href=\"#return-footnote-425-34\" class=\"return-footnote\" aria-label=\"Return to footnote 34\">&crarr;<\/a><\/li><li id=\"footnote-425-35\">desapariciones (sust. fem. plur.) = disappearances, i.e. people were kidnapped and killed and the bodies never found <a href=\"#return-footnote-425-35\" class=\"return-footnote\" aria-label=\"Return to footnote 35\">&crarr;<\/a><\/li><li id=\"footnote-425-36\">narcotraficante (adj. y sust.) = drug-trafficking, drug trafficker <a href=\"#return-footnote-425-36\" class=\"return-footnote\" aria-label=\"Return to footnote 36\">&crarr;<\/a><\/li><li id=\"footnote-425-37\">suplir = to supply, to deliver a supply of certain goods <a href=\"#return-footnote-425-37\" class=\"return-footnote\" aria-label=\"Return to footnote 37\">&crarr;<\/a><\/li><li id=\"footnote-425-38\">escala (sust. fem.) = scale; de gran escala = large-scale, at economies of scale <a href=\"#return-footnote-425-38\" class=\"return-footnote\" aria-label=\"Return to footnote 38\">&crarr;<\/a><\/li><li id=\"footnote-425-39\">notorio (adj.) = notorious, famous for negative reasons <a href=\"#return-footnote-425-39\" class=\"return-footnote\" aria-label=\"Return to footnote 39\">&crarr;<\/a><\/li><li id=\"footnote-425-40\">infiltraron (pret\u00e9rito de infiltrar) = infiltrated, i.e. managed to get their own people or sympathizers hired into the other organization <a href=\"#return-footnote-425-40\" class=\"return-footnote\" aria-label=\"Return to footnote 40\">&crarr;<\/a><\/li><li id=\"footnote-425-41\">coca (sust. fem.) = coca, the plant (a kind of shrub) from which cocaine is derived <a href=\"#return-footnote-425-41\" class=\"return-footnote\" aria-label=\"Return to footnote 41\">&crarr;<\/a><\/li><li id=\"footnote-425-42\">a instancias de (prepos.) = at the urging of, pushed to act by <a href=\"#return-footnote-425-42\" class=\"return-footnote\" aria-label=\"Return to footnote 42\">&crarr;<\/a><\/li><li id=\"footnote-425-43\">atentado (sust. masc.) = attack, violent incident <a href=\"#return-footnote-425-43\" class=\"return-footnote\" aria-label=\"Return to footnote 43\">&crarr;<\/a><\/li><li id=\"footnote-425-44\">aterrador (adj.) = terrifying <a href=\"#return-footnote-425-44\" class=\"return-footnote\" aria-label=\"Return to footnote 44\">&crarr;<\/a><\/li><li id=\"footnote-425-45\">sobresaliente (adj.) = outstanding <a href=\"#return-footnote-425-45\" class=\"return-footnote\" aria-label=\"Return to footnote 45\">&crarr;<\/a><\/li><li id=\"footnote-425-46\">gui\u00f3n, guiones (sust. masc.) = screenplay, screenplays <a href=\"#return-footnote-425-46\" class=\"return-footnote\" aria-label=\"Return to footnote 46\">&crarr;<\/a><\/li><li id=\"footnote-425-47\">novedoso (adj.) = new, innovative <a href=\"#return-footnote-425-47\" class=\"return-footnote\" aria-label=\"Return to footnote 47\">&crarr;<\/a><\/li><li id=\"footnote-425-48\">integrado (adj. y participio pasado de integrar) = integrated, thoroughly combined <a href=\"#return-footnote-425-48\" class=\"return-footnote\" aria-label=\"Return to footnote 48\">&crarr;<\/a><\/li><li id=\"footnote-425-49\">c\u00e1ndido (adj.) = candid, innocent, honest, lacking in subterfuge <a href=\"#return-footnote-425-49\" class=\"return-footnote\" aria-label=\"Return to footnote 49\">&crarr;<\/a><\/li><li id=\"footnote-425-50\">desalmado (adj.) = heartless, cruel, not having any moral conscience <a href=\"#return-footnote-425-50\" class=\"return-footnote\" aria-label=\"Return to footnote 50\">&crarr;<\/a><\/li><li id=\"footnote-425-51\">reconocible (adj.) = recognizable <a href=\"#return-footnote-425-51\" class=\"return-footnote\" aria-label=\"Return to footnote 51\">&crarr;<\/a><\/li><li id=\"footnote-425-52\">gordito (adj.) = fat\u2014used in the diminutive to express affection and avoid offense <a href=\"#return-footnote-425-52\" class=\"return-footnote\" aria-label=\"Return to footnote 52\">&crarr;<\/a><\/li><li id=\"footnote-425-53\">renombrado (adj. y participio pasado de renombrar) = renowned, recognized (with awards and such), famous <a href=\"#return-footnote-425-53\" class=\"return-footnote\" aria-label=\"Return to footnote 53\">&crarr;<\/a><\/li><li id=\"footnote-425-54\">tiroteo (sust. masc.) = firefight, shootout <a href=\"#return-footnote-425-54\" class=\"return-footnote\" aria-label=\"Return to footnote 54\">&crarr;<\/a><\/li><li id=\"footnote-425-55\">desarme (sust. masc.) = disarmament, disbanding of a fighting group <a href=\"#return-footnote-425-55\" class=\"return-footnote\" aria-label=\"Return to footnote 55\">&crarr;<\/a><\/li><li id=\"footnote-425-56\">cese (sust. masc.) = cessation, end of an action <a href=\"#return-footnote-425-56\" class=\"return-footnote\" aria-label=\"Return to footnote 56\">&crarr;<\/a><\/li><li id=\"footnote-425-57\">desestabilizador (adj.) = destabilizing <a href=\"#return-footnote-425-57\" class=\"return-footnote\" aria-label=\"Return to footnote 57\">&crarr;<\/a><\/li><li id=\"footnote-425-58\">augurado (adj. y participio pasado de augurar) = foretold, foreseen, predicted <a href=\"#return-footnote-425-58\" class=\"return-footnote\" aria-label=\"Return to footnote 58\">&crarr;<\/a><\/li><li id=\"footnote-425-59\">galardoneado (adj. y participio pasado de galardonear) = awarded, recognized by a prize or honor <a href=\"#return-footnote-425-59\" class=\"return-footnote\" aria-label=\"Return to footnote 59\">&crarr;<\/a><\/li><\/ol><\/div>","protected":false},"author":85403,"menu_order":5,"template":"","meta":{"_candela_citation":"[{\"type\":\"original\",\"description\":\"Civilizacion hispanoamericana\",\"author\":\"Elizabeth Small\",\"organization\":\"SUNY Oneonta\",\"url\":\"https:\/\/courses.lumenlearning.com\/suny-oneonta-latinamericanciv\",\"project\":\"\",\"license\":\"cc-by-nc-sa\",\"license_terms\":\"\"}]","CANDELA_OUTCOMES_GUID":"","pb_show_title":"on","pb_short_title":"","pb_subtitle":"","pb_authors":[],"pb_section_license":""},"chapter-type":[],"contributor":[],"license":[],"class_list":["post-425","chapter","type-chapter","status-publish","hentry"],"part":375,"_links":{"self":[{"href":"https:\/\/courses.lumenlearning.com\/suny-oneonta-latinamericanciv\/wp-json\/pressbooks\/v2\/chapters\/425","targetHints":{"allow":["GET"]}}],"collection":[{"href":"https:\/\/courses.lumenlearning.com\/suny-oneonta-latinamericanciv\/wp-json\/pressbooks\/v2\/chapters"}],"about":[{"href":"https:\/\/courses.lumenlearning.com\/suny-oneonta-latinamericanciv\/wp-json\/wp\/v2\/types\/chapter"}],"author":[{"embeddable":true,"href":"https:\/\/courses.lumenlearning.com\/suny-oneonta-latinamericanciv\/wp-json\/wp\/v2\/users\/85403"}],"version-history":[{"count":26,"href":"https:\/\/courses.lumenlearning.com\/suny-oneonta-latinamericanciv\/wp-json\/pressbooks\/v2\/chapters\/425\/revisions"}],"predecessor-version":[{"id":1173,"href":"https:\/\/courses.lumenlearning.com\/suny-oneonta-latinamericanciv\/wp-json\/pressbooks\/v2\/chapters\/425\/revisions\/1173"}],"part":[{"href":"https:\/\/courses.lumenlearning.com\/suny-oneonta-latinamericanciv\/wp-json\/pressbooks\/v2\/parts\/375"}],"metadata":[{"href":"https:\/\/courses.lumenlearning.com\/suny-oneonta-latinamericanciv\/wp-json\/pressbooks\/v2\/chapters\/425\/metadata\/"}],"wp:attachment":[{"href":"https:\/\/courses.lumenlearning.com\/suny-oneonta-latinamericanciv\/wp-json\/wp\/v2\/media?parent=425"}],"wp:term":[{"taxonomy":"chapter-type","embeddable":true,"href":"https:\/\/courses.lumenlearning.com\/suny-oneonta-latinamericanciv\/wp-json\/pressbooks\/v2\/chapter-type?post=425"},{"taxonomy":"contributor","embeddable":true,"href":"https:\/\/courses.lumenlearning.com\/suny-oneonta-latinamericanciv\/wp-json\/wp\/v2\/contributor?post=425"},{"taxonomy":"license","embeddable":true,"href":"https:\/\/courses.lumenlearning.com\/suny-oneonta-latinamericanciv\/wp-json\/wp\/v2\/license?post=425"}],"curies":[{"name":"wp","href":"https:\/\/api.w.org\/{rel}","templated":true}]}}