{"id":72,"date":"2021-01-13T14:54:34","date_gmt":"2021-01-13T14:54:34","guid":{"rendered":"https:\/\/courses.lumenlearning.com\/suny-oneonta-spanish1-2-print-sp2021\/chapter\/ejercicios-los-pronombres-de-sujeto-el-verbo-ser\/"},"modified":"2021-08-09T18:19:59","modified_gmt":"2021-08-09T18:19:59","slug":"ejercicios-los-pronombres-de-sujeto-el-verbo-ser","status":"web-only","type":"chapter","link":"https:\/\/courses.lumenlearning.com\/suny-oneonta-spanish1-2-print-sp2021\/chapter\/ejercicios-los-pronombres-de-sujeto-el-verbo-ser\/","title":{"raw":"Ejercicios: Los pronombres de sujeto \/ El verbo ser","rendered":"Ejercicios: Los pronombres de sujeto \/ El verbo ser"},"content":{"raw":"<div class=\"textbox learning-objectives\">\r\n<h3>Objetivos<\/h3>\r\n<ul>\r\n \t<li>Change personal nouns into subject pronouns<\/li>\r\n \t<li>Identify the correct conjugations of the verb ser (to be)<\/li>\r\n \t<li>Recognize possession indicated by ser + de<\/li>\r\n<\/ul>\r\n<\/div>\r\n<h4>A.\u00a0\u00a0Los pronombres de sujeto<\/h4>\r\n<ol>\r\n \t<li><img src=\"https:\/\/s3-us-west-2.amazonaws.com\/courses-images\/wp-content\/uploads\/sites\/4475\/2019\/06\/01184904\/40165291095_a924cb108a_z.jpg\" alt=\"Two women\" width=\"360\" height=\"240\" \/>\r\nWhich pronoun would you use to refer to the people depicted here?\r\n<fieldset><label for=\"1\">ellas <\/label>\r\n<label for=\"2\">nosotras <\/label>\r\n<label for=\"3\">nosotros <\/label>\r\n<label for=\"4\">ellos <\/label><\/fieldset>\r\n<\/li>\r\n \t<li><img src=\"https:\/\/s3-us-west-2.amazonaws.com\/courses-images\/wp-content\/uploads\/sites\/4475\/2019\/06\/01184907\/barber-barbershop-facial-hair-897265.jpg\" alt=\"Two men in a barber shop\" width=\"360\" height=\"240\" \/>\r\nWhich pronoun would you use to refer to the people depicted here?\r\n<fieldset><label for=\"1\">ellos <\/label>\r\n<label for=\"2\">ellas <\/label>\r\n<label for=\"3\">yo <\/label>\r\n<label for=\"4\">nosotras <\/label><\/fieldset>\r\n<\/li>\r\n \t<li><img src=\"https:\/\/s3-us-west-2.amazonaws.com\/courses-images\/wp-content\/uploads\/sites\/4475\/2019\/06\/01184857\/4479464845_314a97426f_z.jpg\" alt=\"Group of men and women in business clothes, looking at camera\" width=\"320\" height=\"240\" \/>\r\nWhich pronoun would you use to talk <strong>to<\/strong> the people depicted here?\r\n<fieldset><label for=\"1\">usted <\/label>\r\n<label for=\"2\">t\u00fa<\/label>\r\n<label for=\"3\">ellas <\/label>\r\n<label for=\"4\">ustedes <\/label><\/fieldset>\r\n<\/li>\r\n \t<li><img src=\"https:\/\/s3-us-west-2.amazonaws.com\/courses-images\/wp-content\/uploads\/sites\/4475\/2019\/06\/01184848\/1043866175_a068a3e596_z.jpg\" alt=\"A woman\" width=\"320\" height=\"240\" \/>\r\nWhich pronoun would you use to refer to the person depicted here?\r\n<fieldset><label for=\"1\">yo<\/label>\r\n<label for=\"2\">\u00e9l<\/label>\r\n<label for=\"3\">ella<\/label>\r\n<label for=\"4\">usted<\/label><\/fieldset>\r\n<\/li>\r\n \t<li><img src=\"https:\/\/s3-us-west-2.amazonaws.com\/courses-images\/wp-content\/uploads\/sites\/4475\/2019\/06\/01184915\/man.jpg\" alt=\"A man\" width=\"361\" height=\"240\" \/>\r\nWhich pronoun would you use to refer to the person depicted here?\r\n<fieldset><label for=\"1\">ellos<\/label>\r\n<label for=\"2\">ella<\/label>\r\n<label for=\"3\">\u00e9l<\/label>\r\n<label for=\"4\">t\u00fa<\/label><\/fieldset>\r\n<\/li>\r\n \t<li><img src=\"https:\/\/s3-us-west-2.amazonaws.com\/courses-images\/wp-content\/uploads\/sites\/4475\/2019\/06\/01184911\/child.jpg\" alt=\"A young boy\" width=\"360\" height=\"240\" \/>\r\nWhich pronoun would you use to talk <strong>to<\/strong> the person depicted here?\r\n<fieldset><label for=\"1\">usted<\/label>\r\n<label for=\"2\">t\u00fa<\/label>\r\n<label for=\"3\">ella<\/label>\r\n<label for=\"4\">nosotros<\/label><\/fieldset>\r\n<\/li>\r\n \t<li><img src=\"https:\/\/s3-us-west-2.amazonaws.com\/courses-images\/wp-content\/uploads\/sites\/4475\/2019\/06\/01184852\/2617517515_7245e0a767_o.jpg\" alt=\"Two men wearing the colors of the Spanish soccer team.\" width=\"362\" height=\"240\" \/>\r\nWhich pronoun would you use to talk <strong>to<\/strong> the people depicted here?\r\n<fieldset><label for=\"1\">ellos<\/label>\r\n<label for=\"2\">usted<\/label>\r\n<label for=\"3\">vosotros<\/label>\r\n<label for=\"4\">t\u00fa<\/label><\/fieldset>\r\n<\/li>\r\n \t<li><img src=\"https:\/\/s3-us-west-2.amazonaws.com\/courses-images\/wp-content\/uploads\/sites\/4475\/2019\/06\/01184900\/38048947335_040fa1ebdf_z.jpg\" alt=\"Two men and a woman looking at the camera.\" width=\"320\" height=\"240\" \/>\r\nThis is a group selfie. Which pronoun would the people in this group use to refer to themselves?\r\n<fieldset><label for=\"1\">ustedes<\/label>\r\n<label for=\"2\">nosotros<\/label>\r\n<label for=\"3\"> vosotros<\/label>\r\n<label for=\"4\">nosotras<\/label><\/fieldset>\r\n<\/li>\r\n<\/ol>\r\n<h4>B.\u00a0 Los pronombres de sujeto<\/h4>\r\n<ol>\r\n \t<li>_____ (she) se llama Mar\u00eda y es mi amiga._____ (he) se llama Carlos y es mi amigo tambi\u00e9n.\r\n<fieldset><label for=\"1\">Ellos<\/label>\r\n<label for=\"2\">\u00c9l<\/label>\r\n<label for=\"3\">Ellas<\/label>\r\n<label for=\"4\">Ella<\/label><\/fieldset>\r\n&nbsp;\r\n<fieldset><label for=\"5\">Yo<\/label>\r\n<label for=\"6\">Usted<\/label>\r\n<label for=\"7\">\u00c9l<\/label>\r\n<label for=\"8\">Ella<\/label><\/fieldset>\r\n<\/li>\r\n \t<li>_____ (you, informal singular) eres de Madrid, \u00bfno?No, _____ (I) soy de Alicante.\r\n<fieldset><label for=\"1\">\u00c9l<\/label>\r\n<label for=\"2\">Usted<\/label>\r\n<label for=\"3\">T\u00fa <\/label>\r\n<label for=\"4\">Ella <\/label><\/fieldset>\r\n&nbsp;\r\n<fieldset><label for=\"5\">nosotras<\/label>\r\n<label for=\"6\">nosotros<\/label>\r\n<label for=\"7\">yo<\/label>\r\n<label for=\"8\">\u00e9l<\/label><\/fieldset>\r\n<\/li>\r\n \t<li>\u00bfDe d\u00f3nde son Marcos y Mart\u00edn?_____ son de Madrid. (they)\r\n<fieldset><label for=\"1\">ellos<\/label>\r\n<label for=\"2\">ellas<\/label>\r\n<label for=\"3\">nosotros<\/label>\r\n<label for=\"4\">vosotros<\/label><\/fieldset>\r\n<\/li>\r\n \t<li>Mis padres y yo nacimos en Espa\u00f1a. _____ (we) somos espa\u00f1oles.\r\n<fieldset><label for=\"1\">Ustedes<\/label>\r\n<label for=\"2\">Yo<\/label>\r\n<label for=\"3\">Nosotros<\/label>\r\n<label for=\"4\">Vosotras<\/label><\/fieldset>\r\n<\/li>\r\n \t<li>\u00bfDe d\u00f3nde son _____? (you formal plural)_____ (we) somos de Ciudad de Guatemala.\r\n<fieldset><label for=\"1\">ustedes<\/label>\r\n<label for=\"2\">vosotros<\/label>\r\n<label for=\"3\">nosotros<\/label>\r\n<label for=\"4\">ellas<\/label><\/fieldset>\r\n&nbsp;\r\n<fieldset><label for=\"5\">Yo<\/label>\r\n<label for=\"6\">Nosotros<\/label>\r\n<label for=\"7\">Ustedes<\/label>\r\n<label for=\"8\">Vosotras<\/label><\/fieldset>\r\n<\/li>\r\n<\/ol>\r\n<h4>C.\u00a0\u00a0Los pronombres de sujeto<\/h4>\r\n<ol>\r\n \t<li>\u00a0\u00bfDe d\u00f3nde son ____________? (<em>you formal plural<\/em>)\u00a0____________ somos de Madrid. (<em>we<\/em>)<\/li>\r\n \t<li>\u00a0Nosotros somos profesores en la universidad, \u00bfy ____________? (<em>you formal singular<\/em>)\u00a0____________ soy de Madrid tambi\u00e9n y soy profesora de espa\u00f1ol en una escuela aqu\u00ed. (<em>I<\/em>)<\/li>\r\n \t<li>\u00a0\u00bfC\u00f3mo se llama ____________? (<em>you formal singular<\/em>)\u00a0Me llamo Sara Esp\u00ed, \u00bfy ____________? (<em>you formal plural<\/em>)<\/li>\r\n \t<li>\u00a0____________ (<em>we<\/em>) somos Mart\u00edn Garc\u00eda y Marcos Vences Ferrero.<\/li>\r\n \t<li>\u00a0____________ (<em>you informal plural, all female, in Spain<\/em>) sois las amigas de Paula, \u00bfno?\u00a0S\u00ed, ____________ (<em>we, all female<\/em>) somos amigas de Paula en la universidad, \u00bfy t\u00fa?<\/li>\r\n \t<li>\u00a0____________ (<em>I<\/em>) soy compa\u00f1era de clase de Paula. Me llamo Mar\u00eda.\u00a0Nosotras somos Victoria y Elsa. \u00bfDe d\u00f3nde eres ____________, Mar\u00eda? (<em>you<\/em>)<\/li>\r\n \t<li>\u00a0Yo soy de un pueblo cerca de Madrid y \u00bfde d\u00f3nde sois ____________? (<em>you, plural, all female, in Spain<\/em>)\u00a0____________ (<em>we, all female<\/em>) tambi\u00e9n somos de Madrid.<\/li>\r\n<\/ol>\r\n<h4>D.\u00a0El verbo ser<\/h4>\r\nMatch the best logical ending to each sentence.\r\n<ol>\r\n \t<li>Yo _____\u00a0 \u00a0 \u00a0 \u00a0 \u00a0 \u00a0 \u00a0 \u00a0 \u00a0 \u00a0 \u00a0 \u00a0 \u00a0 \u00a0 \u00a0 \u00a0 \u00a0 \u00a0 \u00a0 \u00a0 \u00a0 \u00a0 \u00a0 \u00a0 \u00a0 \u00a0 \u00a0 \u00a0 \u00a0 \u00a0 \u00a0 \u00a0 \u00a0 \u00a0 a. es un profesor de arte<\/li>\r\n \t<li>T\u00fa _____\u00a0 \u00a0 \u00a0 \u00a0 \u00a0 \u00a0 \u00a0 \u00a0 \u00a0 \u00a0 \u00a0 \u00a0 \u00a0 \u00a0 \u00a0 \u00a0 \u00a0 \u00a0 \u00a0 \u00a0 \u00a0 \u00a0 \u00a0 \u00a0 \u00a0 \u00a0 \u00a0 \u00a0 \u00a0 \u00a0 \u00a0 \u00a0 \u00a0 \u00a0 b. eres de Argentina<\/li>\r\n \t<li>Diego y yo _____\u00a0 \u00a0 \u00a0 \u00a0 \u00a0 \u00a0 \u00a0 \u00a0 \u00a0 \u00a0 \u00a0 \u00a0 \u00a0 \u00a0 \u00a0 \u00a0 \u00a0 \u00a0 \u00a0 \u00a0 \u00a0 \u00a0 \u00a0 \u00a0 \u00a0 \u00a0 \u00a0 \u00a0c. soy Guillermo<\/li>\r\n \t<li>Los estudiantes _____\u00a0 \u00a0 \u00a0 \u00a0 \u00a0 \u00a0 \u00a0 \u00a0 \u00a0 \u00a0 \u00a0 \u00a0 \u00a0 \u00a0 \u00a0 \u00a0 \u00a0 \u00a0 \u00a0 \u00a0 \u00a0 \u00a0 \u00a0 \u00a0d. somos estudiantes<\/li>\r\n \t<li>Marco _____\u00a0 \u00a0 \u00a0 \u00a0 \u00a0 \u00a0 \u00a0 \u00a0 \u00a0 \u00a0 \u00a0 \u00a0 \u00a0 \u00a0 \u00a0 \u00a0 \u00a0 \u00a0 \u00a0 \u00a0 \u00a0 \u00a0 \u00a0 \u00a0 \u00a0 \u00a0 \u00a0 \u00a0 \u00a0 \u00a0 \u00a0 e. son inteligentes<\/li>\r\n<\/ol>\r\n<h4>E. El verbo ser<\/h4>\r\nCircle the correct conjugation of verb \u2018ser\u2019 in each case.\r\n<ol>\r\n \t<li>Nosotros (\u00a0<strong>sois \/ son \/ somos<\/strong>\u00a0) de Cochabamba, Bolivia.<\/li>\r\n \t<li>Los estudiantes (\u00a0<strong>son \/ es \/ soy<\/strong>\u00a0) amables y responsables.<\/li>\r\n \t<li>\u00bf (\u00a0<strong>soy \/ eres \/ es<\/strong>\u00a0) t\u00fa de Ecuador?<\/li>\r\n \t<li>No, yo no (\u00a0<strong>soy \/ es \/ somos<\/strong>\u00a0) de Ecuador.<\/li>\r\n \t<li>Carlos y Enrique (\u00a0<strong>somos \/ sois \/ son<\/strong>\u00a0) estudiantes de la Profesora Ram\u00edrez.<\/li>\r\n \t<li>Vosotras (\u00a0<strong>son \/ somos \/ sois<\/strong>\u00a0) profesoras en la Universidad de Barcelona?<\/li>\r\n \t<li>Ella (\u00a0<strong>es \/ eres \/ son<\/strong>\u00a0) la compa\u00f1era de clase de Yuraima.<\/li>\r\n \t<li>\u00bfUsted (\u00a0<strong>eres \/ son \/ es<\/strong>\u00a0) el presidente de la Universidad?<\/li>\r\n<\/ol>\r\n<h4>F.\u00a0El verbo ser<\/h4>\r\n<ol>\r\n \t<li>Nosotras _____ buenas estudiantes.\r\n<fieldset><label for=\"1\">eres<\/label>\r\n<label for=\"2\">sois<\/label>\r\n<label for=\"3\">somos<\/label>\r\n<label for=\"4\">son<\/label><\/fieldset>\r\n<\/li>\r\n \t<li>\u00bf_____ Julieta italiana?\r\n<fieldset><label for=\"1\">Eres<\/label>\r\n<label for=\"2\">Es<\/label>\r\n<label for=\"3\">Soy<\/label>\r\n<label for=\"4\">Son<\/label><\/fieldset>\r\n<\/li>\r\n \t<li>No, \u00a1Miguel y yo no _____ tontos!\r\n<fieldset><label for=\"1\">son<\/label>\r\n<label for=\"2\">sois<\/label>\r\n<label for=\"3\">soy<\/label>\r\n<label for=\"4\">somos<\/label><\/fieldset>\r\n<\/li>\r\n \t<li>T\u00fa _____\u202fbuen jugador de f\u00fatbol.\r\n<fieldset><label for=\"1\">es<\/label>\r\n<label for=\"2\">eres<\/label>\r\n<label for=\"3\">soy<\/label>\r\n<label for=\"4\">sois<\/label><\/fieldset>\r\n<\/li>\r\n \t<li>Laura, yo _____\u202ftu nuevo compa\u00f1ero de clase.\r\n<fieldset><label for=\"1\">eres<\/label>\r\n<label for=\"2\">son<\/label>\r\n<label for=\"3\">soy<\/label>\r\n<label for=\"4\">es<\/label><\/fieldset>\r\n<\/li>\r\n \t<li>Ang\u00e9lica y su hermano _____ actores famosos.\r\n<fieldset><label for=\"1\">eres<\/label>\r\n<label for=\"2\">son<\/label>\r\n<label for=\"3\">somos<\/label>\r\n<label for=\"4\">sois<\/label><\/fieldset>\r\n<\/li>\r\n \t<li>\u00a1Buenos d\u00edas! Yo _____ Marcos y este _____ mi amigo.\r\n<fieldset><label for=\"1\">eres<\/label>\r\n<label for=\"2\">es<\/label>\r\n<label for=\"3\">son<\/label>\r\n<label for=\"4\">soy<\/label><\/fieldset>\r\n&nbsp;\r\n<fieldset><label for=\"5\">somos<\/label>\r\n<label for=\"6\">eres<\/label>\r\n<label for=\"7\">sois<\/label>\r\n<label for=\"8\">es<\/label><\/fieldset>\r\n<\/li>\r\n \t<li>\u00c9l _____ Antonio. Sus padres _____ de Uruguay.\r\n<fieldset><label for=\"1\">es<\/label>\r\n<label for=\"2\">eres<\/label>\r\n<label for=\"3\">sois<\/label>\r\n<label for=\"4\">soy<\/label><\/fieldset>\r\n&nbsp;\r\n<fieldset><label for=\"5\">soy<\/label>\r\n<label for=\"6\">somos<\/label>\r\n<label for=\"7\">es<\/label>\r\n<label for=\"8\">son<\/label><\/fieldset>\r\n<\/li>\r\n \t<li>\u00a1Antonio! Su novio _____ muy guapo. \u00c9l _____ de Buenos Aires y se llama Luis.\r\n<fieldset><label for=\"1\">soy<\/label>\r\n<label for=\"2\">somos<\/label>\r\n<label for=\"3\">son<\/label>\r\n<label for=\"4\">es<\/label><\/fieldset>\r\n&nbsp;\r\n<fieldset><label for=\"5\">eres<\/label>\r\n<label for=\"6\">es<\/label>\r\n<label for=\"7\">son<\/label>\r\n<label for=\"8\">sois<\/label><\/fieldset>\r\n<\/li>\r\n \t<li>Ellos _____ novios desde hace 2 meses.\r\n<fieldset><label for=\"1\">eres<\/label>\r\n<label for=\"2\">son<\/label>\r\n<label for=\"3\">somos<\/label>\r\n<label for=\"4\">soy<\/label><\/fieldset>\r\n<\/li>\r\n<\/ol>\r\n<h4>G.\u00a0El verbo ser<\/h4>\r\n<ol>\r\n \t<li>\u00a1Hola! Nosotras ____________ Carolina y Mar\u00eda.<\/li>\r\n \t<li>Yo ____________ de Colombia.<\/li>\r\n \t<li>Farah ____________ de Alemania.<\/li>\r\n \t<li>Nosotras ____________ amigas de la universidad.<\/li>\r\n \t<li>Farah ____________ una estudiante muy buena.<\/li>\r\n \t<li>El pap\u00e1 de Farah ____________ profesor en nuestra universidad.<\/li>\r\n \t<li>\u00c9l ____________ muy simp\u00e1tico.<\/li>\r\n \t<li>Sus clases ____________ muy interesantes pero tambi\u00e9n muy dif\u00edciles.<\/li>\r\n<\/ol>\r\n<h4>H. Ser + de<\/h4>\r\n<ol>\r\n \t<li>Los libros _____ los estudiantes.\r\n<fieldset><label for=\"1\">son de<\/label>\r\n<label for=\"2\">ser de<\/label>\r\n<label for=\"3\">es de<\/label>\r\n<label for=\"4\">son<\/label><\/fieldset>\r\n<\/li>\r\n \t<li>La mesa _____ la chica.\r\n<fieldset><label for=\"1\">es de<\/label>\r\n<label for=\"2\">son de<\/label>\r\n<label for=\"3\">ser de<\/label>\r\n<label for=\"4\">es<\/label><\/fieldset>\r\n<\/li>\r\n \t<li>El perro _____ los chicos.\r\n<fieldset><label for=\"1\">es<\/label>\r\n<label for=\"2\">es de<\/label>\r\n<label for=\"3\">ser de<\/label>\r\n<label for=\"4\">son<\/label><\/fieldset>\r\n<\/li>\r\n \t<li>La casa _____ la familia P\u00e9rez.\r\n<fieldset><label for=\"1\">ser de<\/label>\r\n<label for=\"2\">es<\/label>\r\n<label for=\"3\">son de<\/label>\r\n<label for=\"4\">es de<\/label><\/fieldset>\r\n<\/li>\r\n \t<li>Las mochilas _____ los estudiantes.\r\n<fieldset><label for=\"1\">son de<\/label>\r\n<label for=\"2\">ser de<\/label>\r\n<label for=\"3\">es de<\/label>\r\n<label for=\"4\">es<\/label><\/fieldset>\r\n<\/li>\r\n \t<li>Los cuadernos _____ Juanita.\r\n<fieldset><label for=\"1\">ser<\/label>\r\n<label for=\"2\">es<\/label>\r\n<label for=\"3\">son<\/label>\r\n<label for=\"4\">son de<\/label><\/fieldset>\r\n<\/li>\r\n<\/ol>\r\n<h4>I. Ser + de<\/h4>\r\n<ol>\r\n \t<li>El libro ____________ ____________ la profesora.<\/li>\r\n \t<li>La casa ____________ ____________ la chica.<\/li>\r\n \t<li>Los perros ____________ ____________ Juan.<\/li>\r\n \t<li>Las mochilas ____________ ____________ los chicos.<\/li>\r\n \t<li>La mesa ____________ ____________ la estudiante.<\/li>\r\n \t<li>Los l\u00e1pices ____________ ____________ Mar\u00eda y Juanita.<\/li>\r\n \t<li>La gata ____________ ____________ Carlos.<\/li>\r\n<\/ol>","rendered":"<div class=\"textbox learning-objectives\">\n<h3>Objetivos<\/h3>\n<ul>\n<li>Change personal nouns into subject pronouns<\/li>\n<li>Identify the correct conjugations of the verb ser (to be)<\/li>\n<li>Recognize possession indicated by ser + de<\/li>\n<\/ul>\n<\/div>\n<h4>A.\u00a0\u00a0Los pronombres de sujeto<\/h4>\n<ol>\n<li><img loading=\"lazy\" decoding=\"async\" src=\"https:\/\/s3-us-west-2.amazonaws.com\/courses-images\/wp-content\/uploads\/sites\/4475\/2019\/06\/01184904\/40165291095_a924cb108a_z.jpg\" alt=\"Two women\" width=\"360\" height=\"240\" \/><br \/>\nWhich pronoun would you use to refer to the people depicted here?<\/p>\n<fieldset><label for=\"1\">ellas <\/label><br \/>\n<label for=\"2\">nosotras <\/label><br \/>\n<label for=\"3\">nosotros <\/label><br \/>\n<label for=\"4\">ellos <\/label><\/fieldset>\n<\/li>\n<li><img loading=\"lazy\" decoding=\"async\" src=\"https:\/\/s3-us-west-2.amazonaws.com\/courses-images\/wp-content\/uploads\/sites\/4475\/2019\/06\/01184907\/barber-barbershop-facial-hair-897265.jpg\" alt=\"Two men in a barber shop\" width=\"360\" height=\"240\" \/><br \/>\nWhich pronoun would you use to refer to the people depicted here?<\/p>\n<fieldset><label for=\"1\">ellos <\/label><br \/>\n<label for=\"2\">ellas <\/label><br \/>\n<label for=\"3\">yo <\/label><br \/>\n<label for=\"4\">nosotras <\/label><\/fieldset>\n<\/li>\n<li><img loading=\"lazy\" decoding=\"async\" src=\"https:\/\/s3-us-west-2.amazonaws.com\/courses-images\/wp-content\/uploads\/sites\/4475\/2019\/06\/01184857\/4479464845_314a97426f_z.jpg\" alt=\"Group of men and women in business clothes, looking at camera\" width=\"320\" height=\"240\" \/><br \/>\nWhich pronoun would you use to talk <strong>to<\/strong> the people depicted here?<\/p>\n<fieldset><label for=\"1\">usted <\/label><br \/>\n<label for=\"2\">t\u00fa<\/label><br \/>\n<label for=\"3\">ellas <\/label><br \/>\n<label for=\"4\">ustedes <\/label><\/fieldset>\n<\/li>\n<li><img loading=\"lazy\" decoding=\"async\" src=\"https:\/\/s3-us-west-2.amazonaws.com\/courses-images\/wp-content\/uploads\/sites\/4475\/2019\/06\/01184848\/1043866175_a068a3e596_z.jpg\" alt=\"A woman\" width=\"320\" height=\"240\" \/><br \/>\nWhich pronoun would you use to refer to the person depicted here?<\/p>\n<fieldset><label for=\"1\">yo<\/label><br \/>\n<label for=\"2\">\u00e9l<\/label><br \/>\n<label for=\"3\">ella<\/label><br \/>\n<label for=\"4\">usted<\/label><\/fieldset>\n<\/li>\n<li><img loading=\"lazy\" decoding=\"async\" src=\"https:\/\/s3-us-west-2.amazonaws.com\/courses-images\/wp-content\/uploads\/sites\/4475\/2019\/06\/01184915\/man.jpg\" alt=\"A man\" width=\"361\" height=\"240\" \/><br \/>\nWhich pronoun would you use to refer to the person depicted here?<\/p>\n<fieldset><label for=\"1\">ellos<\/label><br \/>\n<label for=\"2\">ella<\/label><br \/>\n<label for=\"3\">\u00e9l<\/label><br \/>\n<label for=\"4\">t\u00fa<\/label><\/fieldset>\n<\/li>\n<li><img loading=\"lazy\" decoding=\"async\" src=\"https:\/\/s3-us-west-2.amazonaws.com\/courses-images\/wp-content\/uploads\/sites\/4475\/2019\/06\/01184911\/child.jpg\" alt=\"A young boy\" width=\"360\" height=\"240\" \/><br \/>\nWhich pronoun would you use to talk <strong>to<\/strong> the person depicted here?<\/p>\n<fieldset><label for=\"1\">usted<\/label><br \/>\n<label for=\"2\">t\u00fa<\/label><br \/>\n<label for=\"3\">ella<\/label><br \/>\n<label for=\"4\">nosotros<\/label><\/fieldset>\n<\/li>\n<li><img loading=\"lazy\" decoding=\"async\" src=\"https:\/\/s3-us-west-2.amazonaws.com\/courses-images\/wp-content\/uploads\/sites\/4475\/2019\/06\/01184852\/2617517515_7245e0a767_o.jpg\" alt=\"Two men wearing the colors of the Spanish soccer team.\" width=\"362\" height=\"240\" \/><br \/>\nWhich pronoun would you use to talk <strong>to<\/strong> the people depicted here?<\/p>\n<fieldset><label for=\"1\">ellos<\/label><br \/>\n<label for=\"2\">usted<\/label><br \/>\n<label for=\"3\">vosotros<\/label><br \/>\n<label for=\"4\">t\u00fa<\/label><\/fieldset>\n<\/li>\n<li><img loading=\"lazy\" decoding=\"async\" src=\"https:\/\/s3-us-west-2.amazonaws.com\/courses-images\/wp-content\/uploads\/sites\/4475\/2019\/06\/01184900\/38048947335_040fa1ebdf_z.jpg\" alt=\"Two men and a woman looking at the camera.\" width=\"320\" height=\"240\" \/><br \/>\nThis is a group selfie. Which pronoun would the people in this group use to refer to themselves?<\/p>\n<fieldset><label for=\"1\">ustedes<\/label><br \/>\n<label for=\"2\">nosotros<\/label><br \/>\n<label for=\"3\"> vosotros<\/label><br \/>\n<label for=\"4\">nosotras<\/label><\/fieldset>\n<\/li>\n<\/ol>\n<h4>B.\u00a0 Los pronombres de sujeto<\/h4>\n<ol>\n<li>_____ (she) se llama Mar\u00eda y es mi amiga._____ (he) se llama Carlos y es mi amigo tambi\u00e9n.<br \/>\n<fieldset><label for=\"1\">Ellos<\/label><br \/>\n<label for=\"2\">\u00c9l<\/label><br \/>\n<label for=\"3\">Ellas<\/label><br \/>\n<label for=\"4\">Ella<\/label><\/fieldset>\n<p>&nbsp;<\/p>\n<fieldset><label for=\"5\">Yo<\/label><br \/>\n<label for=\"6\">Usted<\/label><br \/>\n<label for=\"7\">\u00c9l<\/label><br \/>\n<label for=\"8\">Ella<\/label><\/fieldset>\n<\/li>\n<li>_____ (you, informal singular) eres de Madrid, \u00bfno?No, _____ (I) soy de Alicante.<br \/>\n<fieldset><label for=\"1\">\u00c9l<\/label><br \/>\n<label for=\"2\">Usted<\/label><br \/>\n<label for=\"3\">T\u00fa <\/label><br \/>\n<label for=\"4\">Ella <\/label><\/fieldset>\n<p>&nbsp;<\/p>\n<fieldset><label for=\"5\">nosotras<\/label><br \/>\n<label for=\"6\">nosotros<\/label><br \/>\n<label for=\"7\">yo<\/label><br \/>\n<label for=\"8\">\u00e9l<\/label><\/fieldset>\n<\/li>\n<li>\u00bfDe d\u00f3nde son Marcos y Mart\u00edn?_____ son de Madrid. (they)<br \/>\n<fieldset><label for=\"1\">ellos<\/label><br \/>\n<label for=\"2\">ellas<\/label><br \/>\n<label for=\"3\">nosotros<\/label><br \/>\n<label for=\"4\">vosotros<\/label><\/fieldset>\n<\/li>\n<li>Mis padres y yo nacimos en Espa\u00f1a. _____ (we) somos espa\u00f1oles.<br \/>\n<fieldset><label for=\"1\">Ustedes<\/label><br \/>\n<label for=\"2\">Yo<\/label><br \/>\n<label for=\"3\">Nosotros<\/label><br \/>\n<label for=\"4\">Vosotras<\/label><\/fieldset>\n<\/li>\n<li>\u00bfDe d\u00f3nde son _____? (you formal plural)_____ (we) somos de Ciudad de Guatemala.<br \/>\n<fieldset><label for=\"1\">ustedes<\/label><br \/>\n<label for=\"2\">vosotros<\/label><br \/>\n<label for=\"3\">nosotros<\/label><br \/>\n<label for=\"4\">ellas<\/label><\/fieldset>\n<p>&nbsp;<\/p>\n<fieldset><label for=\"5\">Yo<\/label><br \/>\n<label for=\"6\">Nosotros<\/label><br \/>\n<label for=\"7\">Ustedes<\/label><br \/>\n<label for=\"8\">Vosotras<\/label><\/fieldset>\n<\/li>\n<\/ol>\n<h4>C.\u00a0\u00a0Los pronombres de sujeto<\/h4>\n<ol>\n<li>\u00a0\u00bfDe d\u00f3nde son ____________? (<em>you formal plural<\/em>)\u00a0____________ somos de Madrid. (<em>we<\/em>)<\/li>\n<li>\u00a0Nosotros somos profesores en la universidad, \u00bfy ____________? (<em>you formal singular<\/em>)\u00a0____________ soy de Madrid tambi\u00e9n y soy profesora de espa\u00f1ol en una escuela aqu\u00ed. (<em>I<\/em>)<\/li>\n<li>\u00a0\u00bfC\u00f3mo se llama ____________? (<em>you formal singular<\/em>)\u00a0Me llamo Sara Esp\u00ed, \u00bfy ____________? (<em>you formal plural<\/em>)<\/li>\n<li>\u00a0____________ (<em>we<\/em>) somos Mart\u00edn Garc\u00eda y Marcos Vences Ferrero.<\/li>\n<li>\u00a0____________ (<em>you informal plural, all female, in Spain<\/em>) sois las amigas de Paula, \u00bfno?\u00a0S\u00ed, ____________ (<em>we, all female<\/em>) somos amigas de Paula en la universidad, \u00bfy t\u00fa?<\/li>\n<li>\u00a0____________ (<em>I<\/em>) soy compa\u00f1era de clase de Paula. Me llamo Mar\u00eda.\u00a0Nosotras somos Victoria y Elsa. \u00bfDe d\u00f3nde eres ____________, Mar\u00eda? (<em>you<\/em>)<\/li>\n<li>\u00a0Yo soy de un pueblo cerca de Madrid y \u00bfde d\u00f3nde sois ____________? (<em>you, plural, all female, in Spain<\/em>)\u00a0____________ (<em>we, all female<\/em>) tambi\u00e9n somos de Madrid.<\/li>\n<\/ol>\n<h4>D.\u00a0El verbo ser<\/h4>\n<p>Match the best logical ending to each sentence.<\/p>\n<ol>\n<li>Yo _____\u00a0 \u00a0 \u00a0 \u00a0 \u00a0 \u00a0 \u00a0 \u00a0 \u00a0 \u00a0 \u00a0 \u00a0 \u00a0 \u00a0 \u00a0 \u00a0 \u00a0 \u00a0 \u00a0 \u00a0 \u00a0 \u00a0 \u00a0 \u00a0 \u00a0 \u00a0 \u00a0 \u00a0 \u00a0 \u00a0 \u00a0 \u00a0 \u00a0 \u00a0 a. es un profesor de arte<\/li>\n<li>T\u00fa _____\u00a0 \u00a0 \u00a0 \u00a0 \u00a0 \u00a0 \u00a0 \u00a0 \u00a0 \u00a0 \u00a0 \u00a0 \u00a0 \u00a0 \u00a0 \u00a0 \u00a0 \u00a0 \u00a0 \u00a0 \u00a0 \u00a0 \u00a0 \u00a0 \u00a0 \u00a0 \u00a0 \u00a0 \u00a0 \u00a0 \u00a0 \u00a0 \u00a0 \u00a0 b. eres de Argentina<\/li>\n<li>Diego y yo _____\u00a0 \u00a0 \u00a0 \u00a0 \u00a0 \u00a0 \u00a0 \u00a0 \u00a0 \u00a0 \u00a0 \u00a0 \u00a0 \u00a0 \u00a0 \u00a0 \u00a0 \u00a0 \u00a0 \u00a0 \u00a0 \u00a0 \u00a0 \u00a0 \u00a0 \u00a0 \u00a0 \u00a0c. soy Guillermo<\/li>\n<li>Los estudiantes _____\u00a0 \u00a0 \u00a0 \u00a0 \u00a0 \u00a0 \u00a0 \u00a0 \u00a0 \u00a0 \u00a0 \u00a0 \u00a0 \u00a0 \u00a0 \u00a0 \u00a0 \u00a0 \u00a0 \u00a0 \u00a0 \u00a0 \u00a0 \u00a0d. somos estudiantes<\/li>\n<li>Marco _____\u00a0 \u00a0 \u00a0 \u00a0 \u00a0 \u00a0 \u00a0 \u00a0 \u00a0 \u00a0 \u00a0 \u00a0 \u00a0 \u00a0 \u00a0 \u00a0 \u00a0 \u00a0 \u00a0 \u00a0 \u00a0 \u00a0 \u00a0 \u00a0 \u00a0 \u00a0 \u00a0 \u00a0 \u00a0 \u00a0 \u00a0 e. son inteligentes<\/li>\n<\/ol>\n<h4>E. El verbo ser<\/h4>\n<p>Circle the correct conjugation of verb \u2018ser\u2019 in each case.<\/p>\n<ol>\n<li>Nosotros (\u00a0<strong>sois \/ son \/ somos<\/strong>\u00a0) de Cochabamba, Bolivia.<\/li>\n<li>Los estudiantes (\u00a0<strong>son \/ es \/ soy<\/strong>\u00a0) amables y responsables.<\/li>\n<li>\u00bf (\u00a0<strong>soy \/ eres \/ es<\/strong>\u00a0) t\u00fa de Ecuador?<\/li>\n<li>No, yo no (\u00a0<strong>soy \/ es \/ somos<\/strong>\u00a0) de Ecuador.<\/li>\n<li>Carlos y Enrique (\u00a0<strong>somos \/ sois \/ son<\/strong>\u00a0) estudiantes de la Profesora Ram\u00edrez.<\/li>\n<li>Vosotras (\u00a0<strong>son \/ somos \/ sois<\/strong>\u00a0) profesoras en la Universidad de Barcelona?<\/li>\n<li>Ella (\u00a0<strong>es \/ eres \/ son<\/strong>\u00a0) la compa\u00f1era de clase de Yuraima.<\/li>\n<li>\u00bfUsted (\u00a0<strong>eres \/ son \/ es<\/strong>\u00a0) el presidente de la Universidad?<\/li>\n<\/ol>\n<h4>F.\u00a0El verbo ser<\/h4>\n<ol>\n<li>Nosotras _____ buenas estudiantes.<br \/>\n<fieldset><label for=\"1\">eres<\/label><br \/>\n<label for=\"2\">sois<\/label><br \/>\n<label for=\"3\">somos<\/label><br \/>\n<label for=\"4\">son<\/label><\/fieldset>\n<\/li>\n<li>\u00bf_____ Julieta italiana?<br \/>\n<fieldset><label for=\"1\">Eres<\/label><br \/>\n<label for=\"2\">Es<\/label><br \/>\n<label for=\"3\">Soy<\/label><br \/>\n<label for=\"4\">Son<\/label><\/fieldset>\n<\/li>\n<li>No, \u00a1Miguel y yo no _____ tontos!<br \/>\n<fieldset><label for=\"1\">son<\/label><br \/>\n<label for=\"2\">sois<\/label><br \/>\n<label for=\"3\">soy<\/label><br \/>\n<label for=\"4\">somos<\/label><\/fieldset>\n<\/li>\n<li>T\u00fa _____\u202fbuen jugador de f\u00fatbol.<br \/>\n<fieldset><label for=\"1\">es<\/label><br \/>\n<label for=\"2\">eres<\/label><br \/>\n<label for=\"3\">soy<\/label><br \/>\n<label for=\"4\">sois<\/label><\/fieldset>\n<\/li>\n<li>Laura, yo _____\u202ftu nuevo compa\u00f1ero de clase.<br \/>\n<fieldset><label for=\"1\">eres<\/label><br \/>\n<label for=\"2\">son<\/label><br \/>\n<label for=\"3\">soy<\/label><br \/>\n<label for=\"4\">es<\/label><\/fieldset>\n<\/li>\n<li>Ang\u00e9lica y su hermano _____ actores famosos.<br \/>\n<fieldset><label for=\"1\">eres<\/label><br \/>\n<label for=\"2\">son<\/label><br \/>\n<label for=\"3\">somos<\/label><br \/>\n<label for=\"4\">sois<\/label><\/fieldset>\n<\/li>\n<li>\u00a1Buenos d\u00edas! Yo _____ Marcos y este _____ mi amigo.<br \/>\n<fieldset><label for=\"1\">eres<\/label><br \/>\n<label for=\"2\">es<\/label><br \/>\n<label for=\"3\">son<\/label><br \/>\n<label for=\"4\">soy<\/label><\/fieldset>\n<p>&nbsp;<\/p>\n<fieldset><label for=\"5\">somos<\/label><br \/>\n<label for=\"6\">eres<\/label><br \/>\n<label for=\"7\">sois<\/label><br \/>\n<label for=\"8\">es<\/label><\/fieldset>\n<\/li>\n<li>\u00c9l _____ Antonio. Sus padres _____ de Uruguay.<br \/>\n<fieldset><label for=\"1\">es<\/label><br \/>\n<label for=\"2\">eres<\/label><br \/>\n<label for=\"3\">sois<\/label><br \/>\n<label for=\"4\">soy<\/label><\/fieldset>\n<p>&nbsp;<\/p>\n<fieldset><label for=\"5\">soy<\/label><br \/>\n<label for=\"6\">somos<\/label><br \/>\n<label for=\"7\">es<\/label><br \/>\n<label for=\"8\">son<\/label><\/fieldset>\n<\/li>\n<li>\u00a1Antonio! Su novio _____ muy guapo. \u00c9l _____ de Buenos Aires y se llama Luis.<br \/>\n<fieldset><label for=\"1\">soy<\/label><br \/>\n<label for=\"2\">somos<\/label><br \/>\n<label for=\"3\">son<\/label><br \/>\n<label for=\"4\">es<\/label><\/fieldset>\n<p>&nbsp;<\/p>\n<fieldset><label for=\"5\">eres<\/label><br \/>\n<label for=\"6\">es<\/label><br \/>\n<label for=\"7\">son<\/label><br \/>\n<label for=\"8\">sois<\/label><\/fieldset>\n<\/li>\n<li>Ellos _____ novios desde hace 2 meses.<br \/>\n<fieldset><label for=\"1\">eres<\/label><br \/>\n<label for=\"2\">son<\/label><br \/>\n<label for=\"3\">somos<\/label><br \/>\n<label for=\"4\">soy<\/label><\/fieldset>\n<\/li>\n<\/ol>\n<h4>G.\u00a0El verbo ser<\/h4>\n<ol>\n<li>\u00a1Hola! Nosotras ____________ Carolina y Mar\u00eda.<\/li>\n<li>Yo ____________ de Colombia.<\/li>\n<li>Farah ____________ de Alemania.<\/li>\n<li>Nosotras ____________ amigas de la universidad.<\/li>\n<li>Farah ____________ una estudiante muy buena.<\/li>\n<li>El pap\u00e1 de Farah ____________ profesor en nuestra universidad.<\/li>\n<li>\u00c9l ____________ muy simp\u00e1tico.<\/li>\n<li>Sus clases ____________ muy interesantes pero tambi\u00e9n muy dif\u00edciles.<\/li>\n<\/ol>\n<h4>H. Ser + de<\/h4>\n<ol>\n<li>Los libros _____ los estudiantes.<br \/>\n<fieldset><label for=\"1\">son de<\/label><br \/>\n<label for=\"2\">ser de<\/label><br \/>\n<label for=\"3\">es de<\/label><br \/>\n<label for=\"4\">son<\/label><\/fieldset>\n<\/li>\n<li>La mesa _____ la chica.<br \/>\n<fieldset><label for=\"1\">es de<\/label><br \/>\n<label for=\"2\">son de<\/label><br \/>\n<label for=\"3\">ser de<\/label><br \/>\n<label for=\"4\">es<\/label><\/fieldset>\n<\/li>\n<li>El perro _____ los chicos.<br \/>\n<fieldset><label for=\"1\">es<\/label><br \/>\n<label for=\"2\">es de<\/label><br \/>\n<label for=\"3\">ser de<\/label><br \/>\n<label for=\"4\">son<\/label><\/fieldset>\n<\/li>\n<li>La casa _____ la familia P\u00e9rez.<br \/>\n<fieldset><label for=\"1\">ser de<\/label><br \/>\n<label for=\"2\">es<\/label><br \/>\n<label for=\"3\">son de<\/label><br \/>\n<label for=\"4\">es de<\/label><\/fieldset>\n<\/li>\n<li>Las mochilas _____ los estudiantes.<br \/>\n<fieldset><label for=\"1\">son de<\/label><br \/>\n<label for=\"2\">ser de<\/label><br \/>\n<label for=\"3\">es de<\/label><br \/>\n<label for=\"4\">es<\/label><\/fieldset>\n<\/li>\n<li>Los cuadernos _____ Juanita.<br \/>\n<fieldset><label for=\"1\">ser<\/label><br \/>\n<label for=\"2\">es<\/label><br \/>\n<label for=\"3\">son<\/label><br \/>\n<label for=\"4\">son de<\/label><\/fieldset>\n<\/li>\n<\/ol>\n<h4>I. Ser + de<\/h4>\n<ol>\n<li>El libro ____________ ____________ la profesora.<\/li>\n<li>La casa ____________ ____________ la chica.<\/li>\n<li>Los perros ____________ ____________ Juan.<\/li>\n<li>Las mochilas ____________ ____________ los chicos.<\/li>\n<li>La mesa ____________ ____________ la estudiante.<\/li>\n<li>Los l\u00e1pices ____________ ____________ Mar\u00eda y Juanita.<\/li>\n<li>La gata ____________ ____________ Carlos.<\/li>\n<\/ol>\n\n\t\t\t <section class=\"citations-section\" role=\"contentinfo\">\n\t\t\t <h3>Candela Citations<\/h3>\n\t\t\t\t\t <div>\n\t\t\t\t\t\t <div id=\"citation-list-72\">\n\t\t\t\t\t\t\t <div class=\"licensing\"><div class=\"license-attribution-dropdown-subheading\">Lumen Learning authored content<\/div><ul class=\"citation-list\"><li>Ejercicios: Los pronombres de sujeto \/ El verbo ser. <strong>Authored by<\/strong>: SUNY Oneonta with Lumen Learning. <strong>Provided by<\/strong>: SUNY Oneonta. <strong>License<\/strong>: <em><a target=\"_blank\" rel=\"license\" href=\"https:\/\/creativecommons.org\/licenses\/by\/4.0\/\">CC BY: Attribution<\/a><\/em><\/li><li>Ejercicios: Los pronombres de sujeto \/ El verbo ser. <strong>Authored by<\/strong>: Lumen Learning with Freedom Learning Group. <strong>License<\/strong>: <em><a target=\"_blank\" rel=\"license\" href=\"https:\/\/creativecommons.org\/licenses\/by\/4.0\/\">CC BY: Attribution<\/a><\/em><\/li><\/ul><\/div>\n\t\t\t\t\t\t <\/div>\n\t\t\t\t\t <\/div>\n\t\t\t <\/section>","protected":false},"author":141992,"menu_order":15,"template":"","meta":{"_candela_citation":"[{\"type\":\"lumen\",\"description\":\"Ejercicios: Los pronombres de sujeto \/ El verbo ser\",\"author\":\"SUNY Oneonta with Lumen Learning\",\"organization\":\"SUNY Oneonta\",\"url\":\"\",\"project\":\"\",\"license\":\"cc-by\",\"license_terms\":\"\"},{\"type\":\"lumen\",\"description\":\"Ejercicios: Los pronombres de sujeto \/ El verbo ser\",\"author\":\"Lumen Learning with Freedom Learning Group\",\"organization\":\"\",\"url\":\"\",\"project\":\"\",\"license\":\"cc-by\",\"license_terms\":\"\"}]","CANDELA_OUTCOMES_GUID":"72379a8a-7c22-4d4f-ab93-a647bbbebc96, 3cdc7a11-eb56-4aa4-9c7f-5eea22d717bf, 38e3a786-aba0-43e4-a37e-0f309c3d83a3, 72846919-5f99-43a7-8c1a-bb7fa2409e26","pb_show_title":"on","pb_short_title":"","pb_subtitle":"","pb_authors":[],"pb_section_license":""},"chapter-type":[],"contributor":[],"license":[],"class_list":["post-72","chapter","type-chapter","status-web-only","hentry"],"part":59,"_links":{"self":[{"href":"https:\/\/courses.lumenlearning.com\/suny-oneonta-spanish1-2-print-sp2021\/wp-json\/pressbooks\/v2\/chapters\/72","targetHints":{"allow":["GET"]}}],"collection":[{"href":"https:\/\/courses.lumenlearning.com\/suny-oneonta-spanish1-2-print-sp2021\/wp-json\/pressbooks\/v2\/chapters"}],"about":[{"href":"https:\/\/courses.lumenlearning.com\/suny-oneonta-spanish1-2-print-sp2021\/wp-json\/wp\/v2\/types\/chapter"}],"author":[{"embeddable":true,"href":"https:\/\/courses.lumenlearning.com\/suny-oneonta-spanish1-2-print-sp2021\/wp-json\/wp\/v2\/users\/141992"}],"version-history":[{"count":6,"href":"https:\/\/courses.lumenlearning.com\/suny-oneonta-spanish1-2-print-sp2021\/wp-json\/pressbooks\/v2\/chapters\/72\/revisions"}],"predecessor-version":[{"id":817,"href":"https:\/\/courses.lumenlearning.com\/suny-oneonta-spanish1-2-print-sp2021\/wp-json\/pressbooks\/v2\/chapters\/72\/revisions\/817"}],"part":[{"href":"https:\/\/courses.lumenlearning.com\/suny-oneonta-spanish1-2-print-sp2021\/wp-json\/pressbooks\/v2\/parts\/59"}],"metadata":[{"href":"https:\/\/courses.lumenlearning.com\/suny-oneonta-spanish1-2-print-sp2021\/wp-json\/pressbooks\/v2\/chapters\/72\/metadata\/"}],"wp:attachment":[{"href":"https:\/\/courses.lumenlearning.com\/suny-oneonta-spanish1-2-print-sp2021\/wp-json\/wp\/v2\/media?parent=72"}],"wp:term":[{"taxonomy":"chapter-type","embeddable":true,"href":"https:\/\/courses.lumenlearning.com\/suny-oneonta-spanish1-2-print-sp2021\/wp-json\/pressbooks\/v2\/chapter-type?post=72"},{"taxonomy":"contributor","embeddable":true,"href":"https:\/\/courses.lumenlearning.com\/suny-oneonta-spanish1-2-print-sp2021\/wp-json\/wp\/v2\/contributor?post=72"},{"taxonomy":"license","embeddable":true,"href":"https:\/\/courses.lumenlearning.com\/suny-oneonta-spanish1-2-print-sp2021\/wp-json\/wp\/v2\/license?post=72"}],"curies":[{"name":"wp","href":"https:\/\/api.w.org\/{rel}","templated":true}]}}