{"id":834,"date":"2021-01-17T19:27:55","date_gmt":"2021-01-17T19:27:55","guid":{"rendered":"https:\/\/courses.lumenlearning.com\/suny-oneonta-spanish1-2-print-sp2021\/?post_type=chapter&#038;p=834"},"modified":"2021-08-09T18:21:22","modified_gmt":"2021-08-09T18:21:22","slug":"actividades-4-2-el-verbo-tener","status":"web-only","type":"chapter","link":"https:\/\/courses.lumenlearning.com\/suny-oneonta-spanish1-2-print-sp2021\/chapter\/actividades-4-2-el-verbo-tener\/","title":{"raw":"Actividades 4.2: El verbo tener y qu\u00e9 \/ cu\u00e1l","rendered":"Actividades 4.2: El verbo tener y qu\u00e9 \/ cu\u00e1l"},"content":{"raw":"<h3 id=\"4_2\">Actividades: El verbo tener y \u00bfqu\u00e9\/cu\u00e1l?<\/h3>\r\n<h4><strong>A.\u00a0<img class=\"alignnone wp-image-1489\" src=\"https:\/\/s3-us-west-2.amazonaws.com\/courses-images\/wp-content\/uploads\/sites\/4475\/2019\/05\/26153502\/partners.png\" alt=\"partners\" width=\"27\" height=\"16\" \/>\u00a0<\/strong>Preguntas con \u201c\u00bfqu\u00e9?\u201d y \u201c\u00bfcu\u00e1l?\u201d<\/h4>\r\nWith a partner, take turns asking and answering the following questions:\r\n<ol lang=\"es\">\r\n \t<li style=\"font-weight: 400\">\u00bfCu\u00e1l es tu clase favorita?<\/li>\r\n \t<li style=\"font-weight: 400\">\u00bfCu\u00e1l es tu cafeter\u00eda favorita \/ caf\u00e9 favorito?<\/li>\r\n \t<li style=\"font-weight: 400\">\u00bfQu\u00e9 clases tomas este semestre?<\/li>\r\n \t<li style=\"font-weight: 400\">\u00bfQu\u00e9 d\u00edas son m\u00e1s f\u00e1ciles \/ dif\u00edciles este semestre?<\/li>\r\n \t<li style=\"font-weight: 400\">\u00bfCu\u00e1les son las especializaciones m\u00e1s populares en tu universidad?<\/li>\r\n \t<li style=\"font-weight: 400\">\u00bfQu\u00e9 hay en tu mochila?<\/li>\r\n \t<li style=\"font-weight: 400\">\u00bfQu\u00e9 hay en el laboratorio de qu\u00edmica, pero no en el laboratorio de lenguas?<\/li>\r\n<\/ol>\r\n&nbsp;\r\n<h4 lang=\"es\">B.\u00a0<img class=\"alignnone wp-image-78\" src=\"https:\/\/s3-us-west-2.amazonaws.com\/courses-images\/wp-content\/uploads\/sites\/4475\/2019\/04\/29045956\/group.png\" alt=\"group\" width=\"26\" height=\"24\" \/>\u00a0Fiesta de c\u00f3cteles<\/h4>\r\nTry to find at least one person in the class who has the same answer as you to each of the following questions.\r\n<ol lang=\"es\">\r\n \t<li style=\"font-weight: 400\">\u00bfCu\u00e1l es el c\u00f3digo de \u00e1rea (<em>area code<\/em>) de tu tel\u00e9fono?<\/li>\r\n \t<li style=\"font-weight: 400\">\u00bfCu\u00e1l es tu especializaci\u00f3n?<\/li>\r\n \t<li style=\"font-weight: 400\">\u00bfQu\u00e9 lenguas hablas?<\/li>\r\n \t<li style=\"font-weight: 400\">\u00bfCu\u00e1l es tu clase m\u00e1s dif\u00edcil este semestre?<\/li>\r\n \t<li style=\"font-weight: 400\">\u00bfCu\u00e1l es la primera letra de tu nombre?<\/li>\r\n \t<li style=\"font-weight: 400\">\u00bfNecesitas m\u00fasica o silencio para estudiar?<\/li>\r\n<\/ol>\r\n&nbsp;\r\n<h4>C.\u00a0<img class=\"alignnone wp-image-1489\" src=\"https:\/\/s3-us-west-2.amazonaws.com\/courses-images\/wp-content\/uploads\/sites\/4475\/2019\/05\/26153502\/partners.png\" alt=\"partners\" width=\"23\" height=\"14\" \/>\u00bfQu\u00e9 tienes?<\/h4>\r\nWith a partner, take turns asking and answering questions using tener.\r\n<ol>\r\n \t<li>\u00bfTienes amigos en la clase de espa\u00f1ol? \u00bfCu\u00e1ntos?<\/li>\r\n \t<li>\u00bfTienes mucha tarea? \u00bfPara cu\u00e1l clase?<\/li>\r\n \t<li>\u00bfTienes una especializaci\u00f3n? \u00bfCu\u00e1l?<\/li>\r\n \t<li>\u00bfTienes una clase favorita?\u00a0\u00bfCu\u00e1l?<\/li>\r\n \t<li>\u00bfTienes muchos ex\u00e1menes\/proyectos? \u00bfPara cu\u00e1l clase?<\/li>\r\n<\/ol>\r\n&nbsp;\r\n<h4>D.\u00a0<img class=\"alignnone wp-image-1894\" src=\"https:\/\/s3-us-west-2.amazonaws.com\/courses-images\/wp-content\/uploads\/sites\/4475\/2019\/05\/03055751\/individual-or-partners.png\" alt=\"individual or partners\" width=\"49\" height=\"14\" \/>\u00a0\u00bfCu\u00e1ntos a\u00f1os tienen?<\/h4>\r\nAnswer the questions in full sentences, using a form of <em>tener # a\u00f1os<\/em>.\r\n<ol>\r\n \t<li style=\"font-weight: 400\">La fecha de nacimiento (<em>birthdate<\/em>) del Rey Felipe VI de Espa\u00f1a es el 30 de enero de 1968. \u00bfCu\u00e1ntos a\u00f1os tiene?<\/li>\r\n \t<li style=\"font-weight: 400\">La fecha de nacimiento de la cantante y actriz tejana Selena G\u00f3mez es el 22 de julio de 1992. \u00bfCu\u00e1ntos a\u00f1os tiene?<\/li>\r\n \t<li style=\"font-weight: 400\">La fecha de nacimiento de la actriz y cantante estadounidense Chita Rivera es el 23 de enero de 1933. \u00bfCu\u00e1ntos a\u00f1os tiene?<\/li>\r\n \t<li style=\"font-weight: 400\">La fecha de nacimiento del astronauta espa\u00f1ol Pedro Duque es el 14 de marzo de 1963. \u00bfCu\u00e1ntos a\u00f1os tiene?<\/li>\r\n \t<li style=\"font-weight: 400\">La fecha de nacimiento de la autora chilena Isabel Allende es el 2 de agosto de 1942. \u00bfCu\u00e1ntos a\u00f1os tiene?<\/li>\r\n \t<li style=\"font-weight: 400\">\u00bfY t\u00fa? \u00bfCu\u00e1ntos a\u00f1os tienes t\u00fa?<\/li>\r\n<\/ol>\r\n&nbsp;\r\n<h4>E.\u00a0<img class=\"alignnone wp-image-1489\" src=\"https:\/\/s3-us-west-2.amazonaws.com\/courses-images\/wp-content\/uploads\/sites\/4475\/2019\/05\/26153502\/partners.png\" alt=\"partners\" width=\"23\" height=\"14\" \/> \u00bfCu\u00e1ntos a\u00f1os tiene...?<\/h4>\r\nTake turns with your partner asking and answering how old the following people are. If you don't know their age, guess and preface your answer with <em>Creo que<\/em> (I believe that).\r\n\r\n<strong>Modelo:<\/strong> \u00bfCu\u00e1ntos a\u00f1os tiene tu profesor de ingl\u00e9s?\r\nEstudiante 1: Creo que el profesor tiene cuarenta a\u00f1os.\r\nEstudiante 2: No, creo que el profesor tiene veinte a\u00f1os.\r\n<ol>\r\n \t<li style=\"font-weight: 400\">El\/la presidente de los Estados Unidos<\/li>\r\n \t<li style=\"font-weight: 400\">Tu actor\/actriz favorito\/a<\/li>\r\n \t<li style=\"font-weight: 400\">Tu cantante favorito<\/li>\r\n \t<li style=\"font-weight: 400\">Tu profesor\/a de espa\u00f1ol<\/li>\r\n \t<li style=\"font-weight: 400\">Tu jefe\/a de trabajo<\/li>\r\n \t<li style=\"font-weight: 400\">Tu escritor\/a favorito\/a<\/li>\r\n \t<li style=\"font-weight: 400\">Tu deportista favorito<\/li>\r\n<\/ol>\r\n&nbsp;","rendered":"<h3 id=\"4_2\">Actividades: El verbo tener y \u00bfqu\u00e9\/cu\u00e1l?<\/h3>\n<h4><strong>A.\u00a0<img loading=\"lazy\" decoding=\"async\" class=\"alignnone wp-image-1489\" src=\"https:\/\/s3-us-west-2.amazonaws.com\/courses-images\/wp-content\/uploads\/sites\/4475\/2019\/05\/26153502\/partners.png\" alt=\"partners\" width=\"27\" height=\"16\" \/>\u00a0<\/strong>Preguntas con \u201c\u00bfqu\u00e9?\u201d y \u201c\u00bfcu\u00e1l?\u201d<\/h4>\n<p>With a partner, take turns asking and answering the following questions:<\/p>\n<ol lang=\"es\">\n<li style=\"font-weight: 400\">\u00bfCu\u00e1l es tu clase favorita?<\/li>\n<li style=\"font-weight: 400\">\u00bfCu\u00e1l es tu cafeter\u00eda favorita \/ caf\u00e9 favorito?<\/li>\n<li style=\"font-weight: 400\">\u00bfQu\u00e9 clases tomas este semestre?<\/li>\n<li style=\"font-weight: 400\">\u00bfQu\u00e9 d\u00edas son m\u00e1s f\u00e1ciles \/ dif\u00edciles este semestre?<\/li>\n<li style=\"font-weight: 400\">\u00bfCu\u00e1les son las especializaciones m\u00e1s populares en tu universidad?<\/li>\n<li style=\"font-weight: 400\">\u00bfQu\u00e9 hay en tu mochila?<\/li>\n<li style=\"font-weight: 400\">\u00bfQu\u00e9 hay en el laboratorio de qu\u00edmica, pero no en el laboratorio de lenguas?<\/li>\n<\/ol>\n<p>&nbsp;<\/p>\n<h4 lang=\"es\">B.\u00a0<img loading=\"lazy\" decoding=\"async\" class=\"alignnone wp-image-78\" src=\"https:\/\/s3-us-west-2.amazonaws.com\/courses-images\/wp-content\/uploads\/sites\/4475\/2019\/04\/29045956\/group.png\" alt=\"group\" width=\"26\" height=\"24\" \/>\u00a0Fiesta de c\u00f3cteles<\/h4>\n<p>Try to find at least one person in the class who has the same answer as you to each of the following questions.<\/p>\n<ol lang=\"es\">\n<li style=\"font-weight: 400\">\u00bfCu\u00e1l es el c\u00f3digo de \u00e1rea (<em>area code<\/em>) de tu tel\u00e9fono?<\/li>\n<li style=\"font-weight: 400\">\u00bfCu\u00e1l es tu especializaci\u00f3n?<\/li>\n<li style=\"font-weight: 400\">\u00bfQu\u00e9 lenguas hablas?<\/li>\n<li style=\"font-weight: 400\">\u00bfCu\u00e1l es tu clase m\u00e1s dif\u00edcil este semestre?<\/li>\n<li style=\"font-weight: 400\">\u00bfCu\u00e1l es la primera letra de tu nombre?<\/li>\n<li style=\"font-weight: 400\">\u00bfNecesitas m\u00fasica o silencio para estudiar?<\/li>\n<\/ol>\n<p>&nbsp;<\/p>\n<h4>C.\u00a0<img loading=\"lazy\" decoding=\"async\" class=\"alignnone wp-image-1489\" src=\"https:\/\/s3-us-west-2.amazonaws.com\/courses-images\/wp-content\/uploads\/sites\/4475\/2019\/05\/26153502\/partners.png\" alt=\"partners\" width=\"23\" height=\"14\" \/>\u00bfQu\u00e9 tienes?<\/h4>\n<p>With a partner, take turns asking and answering questions using tener.<\/p>\n<ol>\n<li>\u00bfTienes amigos en la clase de espa\u00f1ol? \u00bfCu\u00e1ntos?<\/li>\n<li>\u00bfTienes mucha tarea? \u00bfPara cu\u00e1l clase?<\/li>\n<li>\u00bfTienes una especializaci\u00f3n? \u00bfCu\u00e1l?<\/li>\n<li>\u00bfTienes una clase favorita?\u00a0\u00bfCu\u00e1l?<\/li>\n<li>\u00bfTienes muchos ex\u00e1menes\/proyectos? \u00bfPara cu\u00e1l clase?<\/li>\n<\/ol>\n<p>&nbsp;<\/p>\n<h4>D.\u00a0<img loading=\"lazy\" decoding=\"async\" class=\"alignnone wp-image-1894\" src=\"https:\/\/s3-us-west-2.amazonaws.com\/courses-images\/wp-content\/uploads\/sites\/4475\/2019\/05\/03055751\/individual-or-partners.png\" alt=\"individual or partners\" width=\"49\" height=\"14\" \/>\u00a0\u00bfCu\u00e1ntos a\u00f1os tienen?<\/h4>\n<p>Answer the questions in full sentences, using a form of <em>tener # a\u00f1os<\/em>.<\/p>\n<ol>\n<li style=\"font-weight: 400\">La fecha de nacimiento (<em>birthdate<\/em>) del Rey Felipe VI de Espa\u00f1a es el 30 de enero de 1968. \u00bfCu\u00e1ntos a\u00f1os tiene?<\/li>\n<li style=\"font-weight: 400\">La fecha de nacimiento de la cantante y actriz tejana Selena G\u00f3mez es el 22 de julio de 1992. \u00bfCu\u00e1ntos a\u00f1os tiene?<\/li>\n<li style=\"font-weight: 400\">La fecha de nacimiento de la actriz y cantante estadounidense Chita Rivera es el 23 de enero de 1933. \u00bfCu\u00e1ntos a\u00f1os tiene?<\/li>\n<li style=\"font-weight: 400\">La fecha de nacimiento del astronauta espa\u00f1ol Pedro Duque es el 14 de marzo de 1963. \u00bfCu\u00e1ntos a\u00f1os tiene?<\/li>\n<li style=\"font-weight: 400\">La fecha de nacimiento de la autora chilena Isabel Allende es el 2 de agosto de 1942. \u00bfCu\u00e1ntos a\u00f1os tiene?<\/li>\n<li style=\"font-weight: 400\">\u00bfY t\u00fa? \u00bfCu\u00e1ntos a\u00f1os tienes t\u00fa?<\/li>\n<\/ol>\n<p>&nbsp;<\/p>\n<h4>E.\u00a0<img loading=\"lazy\" decoding=\"async\" class=\"alignnone wp-image-1489\" src=\"https:\/\/s3-us-west-2.amazonaws.com\/courses-images\/wp-content\/uploads\/sites\/4475\/2019\/05\/26153502\/partners.png\" alt=\"partners\" width=\"23\" height=\"14\" \/> \u00bfCu\u00e1ntos a\u00f1os tiene&#8230;?<\/h4>\n<p>Take turns with your partner asking and answering how old the following people are. If you don&#8217;t know their age, guess and preface your answer with <em>Creo que<\/em> (I believe that).<\/p>\n<p><strong>Modelo:<\/strong> \u00bfCu\u00e1ntos a\u00f1os tiene tu profesor de ingl\u00e9s?<br \/>\nEstudiante 1: Creo que el profesor tiene cuarenta a\u00f1os.<br \/>\nEstudiante 2: No, creo que el profesor tiene veinte a\u00f1os.<\/p>\n<ol>\n<li style=\"font-weight: 400\">El\/la presidente de los Estados Unidos<\/li>\n<li style=\"font-weight: 400\">Tu actor\/actriz favorito\/a<\/li>\n<li style=\"font-weight: 400\">Tu cantante favorito<\/li>\n<li style=\"font-weight: 400\">Tu profesor\/a de espa\u00f1ol<\/li>\n<li style=\"font-weight: 400\">Tu jefe\/a de trabajo<\/li>\n<li style=\"font-weight: 400\">Tu escritor\/a favorito\/a<\/li>\n<li style=\"font-weight: 400\">Tu deportista favorito<\/li>\n<\/ol>\n<p>&nbsp;<\/p>\n","protected":false},"author":85403,"menu_order":11,"template":"","meta":{"_candela_citation":"[]","CANDELA_OUTCOMES_GUID":"","pb_show_title":"on","pb_short_title":"","pb_subtitle":"","pb_authors":[],"pb_section_license":""},"chapter-type":[],"contributor":[],"license":[],"class_list":["post-834","chapter","type-chapter","status-web-only","hentry"],"part":107,"_links":{"self":[{"href":"https:\/\/courses.lumenlearning.com\/suny-oneonta-spanish1-2-print-sp2021\/wp-json\/pressbooks\/v2\/chapters\/834","targetHints":{"allow":["GET"]}}],"collection":[{"href":"https:\/\/courses.lumenlearning.com\/suny-oneonta-spanish1-2-print-sp2021\/wp-json\/pressbooks\/v2\/chapters"}],"about":[{"href":"https:\/\/courses.lumenlearning.com\/suny-oneonta-spanish1-2-print-sp2021\/wp-json\/wp\/v2\/types\/chapter"}],"author":[{"embeddable":true,"href":"https:\/\/courses.lumenlearning.com\/suny-oneonta-spanish1-2-print-sp2021\/wp-json\/wp\/v2\/users\/85403"}],"version-history":[{"count":5,"href":"https:\/\/courses.lumenlearning.com\/suny-oneonta-spanish1-2-print-sp2021\/wp-json\/pressbooks\/v2\/chapters\/834\/revisions"}],"predecessor-version":[{"id":1163,"href":"https:\/\/courses.lumenlearning.com\/suny-oneonta-spanish1-2-print-sp2021\/wp-json\/pressbooks\/v2\/chapters\/834\/revisions\/1163"}],"part":[{"href":"https:\/\/courses.lumenlearning.com\/suny-oneonta-spanish1-2-print-sp2021\/wp-json\/pressbooks\/v2\/parts\/107"}],"metadata":[{"href":"https:\/\/courses.lumenlearning.com\/suny-oneonta-spanish1-2-print-sp2021\/wp-json\/pressbooks\/v2\/chapters\/834\/metadata\/"}],"wp:attachment":[{"href":"https:\/\/courses.lumenlearning.com\/suny-oneonta-spanish1-2-print-sp2021\/wp-json\/wp\/v2\/media?parent=834"}],"wp:term":[{"taxonomy":"chapter-type","embeddable":true,"href":"https:\/\/courses.lumenlearning.com\/suny-oneonta-spanish1-2-print-sp2021\/wp-json\/pressbooks\/v2\/chapter-type?post=834"},{"taxonomy":"contributor","embeddable":true,"href":"https:\/\/courses.lumenlearning.com\/suny-oneonta-spanish1-2-print-sp2021\/wp-json\/wp\/v2\/contributor?post=834"},{"taxonomy":"license","embeddable":true,"href":"https:\/\/courses.lumenlearning.com\/suny-oneonta-spanish1-2-print-sp2021\/wp-json\/wp\/v2\/license?post=834"}],"curies":[{"name":"wp","href":"https:\/\/api.w.org\/{rel}","templated":true}]}}