{"id":634,"date":"2020-03-13T15:31:59","date_gmt":"2020-03-13T15:31:59","guid":{"rendered":"https:\/\/courses.lumenlearning.com\/wm-introductoryspanish1\/?post_type=chapter&#038;p=634"},"modified":"2024-04-29T20:06:40","modified_gmt":"2024-04-29T20:06:40","slug":"unidad-9-actividades","status":"publish","type":"chapter","link":"https:\/\/courses.lumenlearning.com\/wm-spanish1-2\/chapter\/unidad-9-actividades\/","title":{"raw":"Actividades: \u00bfEst\u00e1s triste? \u00bfPor qu\u00e9?","rendered":"Actividades: \u00bfEst\u00e1s triste? \u00bfPor qu\u00e9?"},"content":{"raw":"<div class=\"textbox\">(Note: The activities on this page are designed to promote active communication in Spanish. In an online course, your instructor may ask you to complete the activities using a separate tool, such as video\/voice recording or web-conferencing software. Even if the activities are not assigned as coursework, they can be used for individual practice and review.)<\/div>\r\n<ul>\r\n \t<li><a href=\"#9_1\">Actividades: Adjetivos de emoci\u00f3n y condici\u00f3n<\/a><\/li>\r\n \t<li><a href=\"#9_2\">Actividades: Estar + emociones<\/a><\/li>\r\n \t<li><a href=\"#9_3\">Actividades: Ser y Estar I\/ \u00bfC\u00f3mo?<\/a><\/li>\r\n \t<li><a href=\"#9_4\">Actividades: Conjunciones coordinadas\/ Porque &amp; question word por que<\/a><\/li>\r\n<\/ul>\r\n<h3 id=\"9_1\">Actividades: Adjetivos de emoci\u00f3n y condici\u00f3n<\/h3>\r\n<h4 lang=\"es\">A.\u00a0<img class=\"alignnone wp-image-173\" src=\"https:\/\/s3-us-west-2.amazonaws.com\/courses-images\/wp-content\/uploads\/sites\/4475\/2019\/04\/30172757\/individual.png\" alt=\"individual\" width=\"11\" height=\"14\" \/>\u00a0Emociones y condiciones<\/h4>\r\n<span lang=\"es\">Selecciona el adjetivo m\u00e1s apropiado al contexto de la oraci\u00f3n. \u00a1Atenci\u00f3n al significado (meaning) *y* a la concordancia (agreement) de g\u00e9nero y n\u00famero!<\/span>\r\n<ol lang=\"es\">\r\n \t<li style=\"font-weight: 400;\">Voy a los funerales de mi abuela y estoy muy ( alegre \/ interesado \/ triste ).<\/li>\r\n \t<li style=\"font-weight: 400;\">La Copa Mundial es este a\u00f1o y estamos muy ( asustados \/ emocionados \/ enfermos ).<\/li>\r\n \t<li style=\"font-weight: 400;\">Los estudiantes est\u00e1n ( frustrados \/ sanos \/ tranquilos ) porque sus libros de texto son tan caros (so expensive).<\/li>\r\n \t<li style=\"font-weight: 400;\">T\u00fa corres y nadas mucho-- debes estar ( celosa \/ en buena forma \/ enamorada ).<\/li>\r\n \t<li style=\"font-weight: 400;\">Los estudiantes tienen mucha tarea, por eso ellos est\u00e1n ( borrachos \/ cansados \/ celosos ).<\/li>\r\n \t<li style=\"font-weight: 400;\">Los cient\u00edficos est\u00e1n ( contentos \/ enfermos \/ sorprendidos ) por los resultados inesperados (unexpected results).<\/li>\r\n \t<li style=\"font-weight: 400;\">Yo estoy ( alegre \/ enojada \/ tranquila ) a causa de (because of) la injusticia en el mundo (the injustice in the world).<\/li>\r\n \t<li style=\"font-weight: 400;\">Mi gatita (kitten) est\u00e1 ( confundido \/ confundida \/ confundidos \/ confundidas ) cuando hablo en espa\u00f1ol.<\/li>\r\n \t<li style=\"font-weight: 400;\">Los ni\u00f1os est\u00e1n ( feliz \/ feliza \/ felizos \/ felices ) porque es verano y est<span style=\"float: none; background-color: #ffffff; color: #373d3f; cursor: text; font-family: 'proxima-nova',sans-serif; font-size: 16px; font-style: normal; font-variant: normal; font-weight: 400; letter-spacing: normal; text-align: left; text-decoration: none; text-indent: 0px;\">\u00e1<\/span>n de vacaciones.<\/li>\r\n \t<li style=\"font-weight: 400;\">El payaso (clown) est\u00e1 ( deprimido \/ deprimida \/ deprimidos \/ deprimidas ) porque las personas est\u00e1n ( asustado \/ asustada \/ asustados \/ asustadas ) por su apariencia.<\/li>\r\n<\/ol>\r\n<h3 id=\"9_2\">Actividades: Estar + emociones<\/h3>\r\n<h4 lang=\"es\">B.\u00a0<img class=\"alignnone wp-image-173\" src=\"https:\/\/s3-us-west-2.amazonaws.com\/courses-images\/wp-content\/uploads\/sites\/4475\/2019\/04\/30172757\/individual.png\" alt=\"individual\" width=\"11\" height=\"14\" \/>\u00a0\u00bfQu\u00e9 les pasa a los estudiantes hoy en clase?<\/h4>\r\n<span lang=\"es\">Escoge del banco de frases lo que piensas que les ocurre a los estudiantes, de acuerdo con la descripci\u00f3n.<\/span>\r\n<div class=\"textbox\" lang=\"es\" style=\"text-align: center;\">Est\u00e1n nerviosos - Est\u00e1n contentos - Est\u00e1n callados - Est\u00e1n concentrados - Est\u00e1n cansados - Est\u00e1n preparados - Est\u00e1n tristes - Est\u00e1n preocupados - Est\u00e1n enfermos<\/div>\r\n<ol>\r\n \t<li lang=\"es\" style=\"font-weight: 400;\">No hablan y todos miran sus celulares y la luz est\u00e1 apagada: ____________ ____________________.<\/li>\r\n \t<li lang=\"es\" style=\"font-weight: 400;\">Se r\u00eden, hablan mucho y hacen preguntas a la profesora: ____________ ____________________.<\/li>\r\n \t<li lang=\"es\" style=\"font-weight: 400;\">Est\u00e1n escribiendo, solo tienen un examen en su pupitre y un bol\u00edgrafo; algunos tienen l\u00e1piz y borrador: ____________ ____________________.<\/li>\r\n \t<li style=\"font-weight: 400;\"><span lang=\"es\">Llegan con tazas de caf\u00e9, algunos en pijamas aun <\/span>(still), <span lang=\"es\">otros se duermen en la clase y otros miran al profesor sin parpadear<\/span> (without blinking): ____________ ____________________.<\/li>\r\n \t<li lang=\"es\" style=\"font-weight: 400;\">Estudian mucho para un examen y las preguntas son muy dif\u00edciles; \u00a1pueden perder el examen! ____________ ____________________.<\/li>\r\n \t<li style=\"font-weight: 400;\"><span lang=\"es\">Llegan a clase y leen un letrero <\/span>(sign)<span lang=\"es\"> que dice que el profesor cancela la clase<\/span>: ____________ ____________________.<\/li>\r\n \t<li style=\"font-weight: 400;\"><span lang=\"es\">No llegan muchos a clase y hace fr\u00edo; es invierno:<\/span> ____________ ____________________.<\/li>\r\n<\/ol>\r\n&nbsp;\r\n<h4 lang=\"es\">C.\u00a0<img class=\"alignnone wp-image-173\" src=\"https:\/\/s3-us-west-2.amazonaws.com\/courses-images\/wp-content\/uploads\/sites\/4475\/2019\/04\/30172757\/individual.png\" alt=\"individual\" width=\"11\" height=\"14\" \/>\u00a0\u00bfC\u00f3mo son los estudiantes?<\/h4>\r\n<span lang=\"es\">Escoge del banco de frases con descripciones de c\u00f3mo piensas que son los estudiantes.<\/span>\r\n<div class=\"textbox\" lang=\"es\" style=\"text-align: center;\">Son inteligentes - Son listos - Son liberales - Son responsables - Son terribles - Son vivos - Son perezosos - Son j\u00f3venes - Son c\u00f3micos<\/div>\r\n<ol>\r\n \t<li lang=\"es\" style=\"font-weight: 400;\">Traen sus tareas, sus cuadernos, prestan atenci\u00f3n, participan en clase, hacen preguntas y sacan buenas notas: ____________ ____________________.<\/li>\r\n \t<li style=\"font-weight: 400;\"><span lang=\"es\">Hacen los trabajos escritos temprano, comienzan sus lecturas con tiempo de anticipaci\u00f3n, balancean <\/span>(balance) <span lang=\"es\">sus actividades y manejan <\/span>(manage) <span lang=\"es\">bien su tiempo:<\/span> ____________ ____________________.<\/li>\r\n \t<li lang=\"es\" style=\"font-weight: 400;\">Tienen ideas progresistas, su criterio sobre los conceptos de moralidad son amplios y flexibles: ____________ ____________________.<\/li>\r\n \t<li lang=\"es\" style=\"font-weight: 400;\">No tienen mucha edad, se sienten fuertes generalmente, les gusta divertirse y salir con los amigos: ____________ ____________________.<\/li>\r\n \t<li style=\"font-weight: 400;\"><span lang=\"es\">Dicen historias chistosas, se r\u00eden de todo con gracia y a veces juegan con las palabras<\/span> (make plays-on-words): ____________ ____________________.<\/li>\r\n \t<li style=\"font-weight: 400;\"><span lang=\"es\">No hacen las tareas, pierden mucho el tiempo <\/span>(waste time),<span lang=\"es\"> tienen excusas y generalmente sacan malas notas porque no estudian: <\/span> ____________ ____________________.<\/li>\r\n \t<li style=\"font-weight: 400;\"><span lang=\"es\">Les piden a sus profesores listas con gu\u00edas para estudiar, van a la oficina del profesor y tratan de entender el formato de los ex\u00e1menes, se preocupan por su rendimiento <\/span>(performance)<span lang=\"es\"> y promedio acad\u00e9mico <\/span>(academic average): ____________ ____________________.<\/li>\r\n \t<li style=\"font-weight: 400;\"><span lang=\"es\">Salen tarde en la noche, se van a fiestas, se emborrachan y al otro d\u00eda tienen dolor de cabeza <\/span>(headache): ____________ ____________________.<\/li>\r\n<\/ol>\r\n<h3 id=\"9_3\">Actividades: Ser y Estar I\/ \u00bfC\u00f3mo?<\/h3>\r\n<h4>A.\u00a0<span lang=\"es\">\u00bfC\u00f3mo eres? \u00bfC\u00f3mo est\u00e1s?<\/span><\/h4>\r\nCon un compa\u00f1ero, describe c\u00f3mo son y c\u00f3mo est\u00e1n las siguientes personas en tu vida.\r\n<table style=\"border-collapse: collapse; width: 100%;\" border=\"1\">\r\n<tbody>\r\n<tr>\r\n<td style=\"width: 33.3333%;\">La persona<\/td>\r\n<td style=\"width: 33.3333%;\">\u00bfC\u00f3mo es?<\/td>\r\n<td style=\"width: 33.3333%;\">\u00bfC\u00f3mo est\u00e1? (Ahora)<\/td>\r\n<\/tr>\r\n<tr>\r\n<td style=\"width: 33.3333%;\">Tu madre<\/td>\r\n<td style=\"width: 33.3333%;\"><\/td>\r\n<td style=\"width: 33.3333%;\"><\/td>\r\n<\/tr>\r\n<tr>\r\n<td style=\"width: 33.3333%;\">Tu padre<\/td>\r\n<td style=\"width: 33.3333%;\"><\/td>\r\n<td style=\"width: 33.3333%;\"><\/td>\r\n<\/tr>\r\n<tr>\r\n<td style=\"width: 33.3333%;\">Tu hermano o hermana<\/td>\r\n<td style=\"width: 33.3333%;\"><\/td>\r\n<td style=\"width: 33.3333%;\"><\/td>\r\n<\/tr>\r\n<tr>\r\n<td style=\"width: 33.3333%;\">Tu mascota<\/td>\r\n<td style=\"width: 33.3333%;\"><\/td>\r\n<td style=\"width: 33.3333%;\"><\/td>\r\n<\/tr>\r\n<tr>\r\n<td style=\"width: 33.3333%;\">Tu mejor amigo<\/td>\r\n<td style=\"width: 33.3333%;\"><\/td>\r\n<td style=\"width: 33.3333%;\"><\/td>\r\n<\/tr>\r\n<\/tbody>\r\n<\/table>\r\n<h4><span lang=\"es\">B.\u00a0<img class=\"alignnone wp-image-1894\" src=\"https:\/\/s3-us-west-2.amazonaws.com\/courses-images\/wp-content\/uploads\/sites\/4475\/2019\/05\/03055751\/individual-or-partners.png\" alt=\"individual or partners\" width=\"49\" height=\"14\" \/> \u00bfC\u00f3mo es?\u00a0 \u00bfC\u00f3mo est\u00e1 ahora?<\/span><\/h4>\r\n<span lang=\"es\">Mira las fotos paralelas siguientes y describe los lugares a tu compa\u00f1ero de clase usando los verbos <em>ser<\/em> y <em>estar<\/em>\u00a0 m\u00e1s un adjetivo. El compa\u00f1ero necesita identificar cu\u00e1l foto describes. Entonces habla de qu\u00e9 emociones tienen las personas al estar en esos lugares.<\/span>\r\n\r\n1.\r\n\r\n[caption id=\"attachment_3197\" align=\"alignleft\" width=\"300\"]<img class=\"wp-image-3197 size-medium\" src=\"https:\/\/s3-us-west-2.amazonaws.com\/courses-images\/wp-content\/uploads\/sites\/4475\/2019\/06\/14231704\/churches-694771_960_720-300x225.jpg\" alt=\"Una panor\u00e1mica de la ciudad de Barranquilla. (Usa ser + adjetivo)\" width=\"300\" height=\"225\" \/> Una panor\u00e1mica de la ciudad de Barranquilla.\u00a0(Usa\u00a0<em>ser<\/em> + adjetivo)[\/caption]\r\n\r\n[caption id=\"attachment_3198\" align=\"alignleft\" width=\"300\"]<img class=\"wp-image-3198 size-medium\" src=\"https:\/\/s3-us-west-2.amazonaws.com\/courses-images\/wp-content\/uploads\/sites\/4475\/2019\/06\/14231749\/Comparsa_del_C._de_B.quilla-300x202.jpg\" alt=\"Una foto de una calle de Barranquilla durante el Carnaval en febrero. (Usa estar + adjetivo)\" width=\"300\" height=\"202\" \/> Una foto de una calle de Barranquilla durante el Carnaval en febrero.\u00a0(Usa\u00a0<em>estar<\/em> + adjetivo)[\/caption]\r\n\r\n<div style=\"clear: both;\"><\/div>\r\n2.\r\n\r\n[caption id=\"attachment_3199\" align=\"alignleft\" width=\"300\"]<img class=\"wp-image-3199 size-medium\" src=\"https:\/\/s3-us-west-2.amazonaws.com\/courses-images\/wp-content\/uploads\/sites\/4475\/2019\/06\/14231938\/652px-EPN._Alumnos_escuela_primaria_Juventino_Rosas-300x276.jpg\" alt=\"Una foto de un grupo de personas posando para la c\u00e1mara con uniforme de una instituci\u00f3n. (Usa ser + adjetivo)\" width=\"300\" height=\"276\" \/> Una foto de un grupo de personas posando para la c\u00e1mara con uniforme de una instituci\u00f3n.\u00a0(Usa\u00a0<em>ser<\/em> + adjetivo)[\/caption]\r\n\r\n[caption id=\"attachment_3200\" align=\"alignleft\" width=\"300\"]<img class=\"wp-image-3200 size-medium\" src=\"https:\/\/s3-us-west-2.amazonaws.com\/courses-images\/wp-content\/uploads\/sites\/4475\/2019\/06\/14232152\/10877677843_cd2239cf3b_z-300x133.jpg\" alt=\"El mismo grupo de personas haciendo una actividad. (Usa estar + adjetivo)\" width=\"300\" height=\"133\" \/> El mismo grupo de personas haciendo una actividad.\u00a0(Usa\u00a0<em>estar<\/em> + adjetivo)[\/caption]\r\n\r\n<div style=\"clear: both;\"><\/div>\r\n3.\r\n\r\n[caption id=\"attachment_3201\" align=\"alignleft\" width=\"300\"]<img class=\"wp-image-3201 size-medium\" src=\"https:\/\/s3-us-west-2.amazonaws.com\/courses-images\/wp-content\/uploads\/sites\/4475\/2019\/06\/14232243\/800px-U.S._Womens_Soccer_team_in_Vancouver_with_Consul_General_Anne_Callaghan-300x186.jpg\" alt=\"Una foto del equipo estadounidense de f\u00fatbol femenino mirando a la c\u00e1mara, neutral sin mostrar mucha emoci\u00f3n. (Usa ser + adjetivo)\" width=\"300\" height=\"186\" \/> Una foto del equipo estadounidense de f\u00fatbol femenino mirando a la c\u00e1mara, neutral sin mostrar mucha emoci\u00f3n. (Usa\u00a0<em>ser<\/em> + adjetivo)[\/caption]\r\n\r\n[caption id=\"attachment_3202\" align=\"alignleft\" width=\"300\"]<img class=\"wp-image-3202 size-medium\" src=\"https:\/\/s3-us-west-2.amazonaws.com\/courses-images\/wp-content\/uploads\/sites\/4475\/2019\/06\/14232317\/800px-USWNT_Celebrates-300x200.jpg\" alt=\"Una foto del mismo equipo mostrando mucha emoci\u00f3n. (Usa estar + adjetivo)\" width=\"300\" height=\"200\" \/> Una foto del mismo equipo mostrando mucha emoci\u00f3n.\u00a0(Usa\u00a0<em>estar<\/em> + adjetivo)[\/caption]\r\n\r\n<div style=\"clear: both;\"><\/div>\r\n4.\r\n\r\n[caption id=\"attachment_3203\" align=\"alignleft\" width=\"300\"]<img class=\"wp-image-3203 size-medium\" src=\"https:\/\/s3-us-west-2.amazonaws.com\/courses-images\/wp-content\/uploads\/sites\/4475\/2019\/06\/14232413\/800px-Neat_Living_Room-300x203.jpg\" alt=\"Una foto de un cuarto de una casa con las cosas en su lugar. (Usa ser + adjetivo)\" width=\"300\" height=\"203\" \/> Una foto de un cuarto de una casa con las cosas en su lugar.\u00a0(Usa\u00a0<em>ser<\/em> + adjetivo)[\/caption]\r\n\r\n[caption id=\"attachment_3204\" align=\"alignleft\" width=\"300\"]<img class=\"wp-image-3204 size-medium\" src=\"https:\/\/s3-us-west-2.amazonaws.com\/courses-images\/wp-content\/uploads\/sites\/4475\/2019\/06\/14232443\/2662652741_679fc8a589_z-300x225.jpg\" alt=\"Una foto de un cuarto de la casa, pero ahora desordenado. (Usa estar + adjetivo)\" width=\"300\" height=\"225\" \/> Una foto de un cuarto de la casa, pero ahora desordenado.\u00a0(Usa\u00a0<em>estar<\/em> + adjetivo)[\/caption]\r\n\r\n<div style=\"clear: both;\"><\/div>\r\n5.\r\n\r\n[caption id=\"attachment_3205\" align=\"alignleft\" width=\"300\"]<img class=\"wp-image-3205 size-medium\" src=\"https:\/\/s3-us-west-2.amazonaws.com\/courses-images\/wp-content\/uploads\/sites\/4475\/2019\/06\/14232523\/28290141005_1455f11ae0_z-300x225.jpg\" alt=\"Una foto de una playa en su estado natural. (Usa ser + adjetivo)\" width=\"300\" height=\"225\" \/> Una foto de una playa en su estado natural.\u00a0(Usa\u00a0<em>ser<\/em> + adjetivo)[\/caption]\r\n\r\n[caption id=\"attachment_3206\" align=\"alignleft\" width=\"225\"]<img class=\"wp-image-3206 size-medium\" src=\"https:\/\/s3-us-west-2.amazonaws.com\/courses-images\/wp-content\/uploads\/sites\/4475\/2019\/06\/14232553\/450px-Beach_in_Sharm_el-Naga03-225x300.jpg\" alt=\"Una foto del mismo lugar natural pero sucio y con basura. (Usa estar + adjetivo)\" width=\"225\" height=\"300\" \/> Una foto del mismo lugar natural pero sucio y con basura.\u00a0(Usa\u00a0<em>estar<\/em> + adjetivo)[\/caption]\r\n\r\n<div style=\"clear: both;\"><\/div>\r\n<h3 id=\"9_4\">Actividades: Conjunciones coordinadas\/ Porque &amp; question word por que<\/h3>\r\n<h4>A.\u00a0\u00bfEst\u00e1s triste or feliz?\u00a0\u00bfPor qu\u00e9?<\/h4>\r\nCon un compa\u00f1ero, decide tu emoci\u00f3n y explica por qu\u00e9 tienes esa emoci\u00f3n.\r\n<ol>\r\n \t<li>Recibes una mala nota en la clase de matem\u00e1ticas.\u00a0\u00bfEst\u00e1s sorprendido o triste?\u00a0\u00bfPor qu\u00e9?<\/li>\r\n \t<li>Conduces un viaje largo de cinco horas. \u00bfEst\u00e1s aburrido o contento?\u00a0\u00bfPor qu\u00e9?<\/li>\r\n \t<li>Tienes que hablar enfrente de la clase. \u00bfEst\u00e1s nervioso o emocionado?\u00a0\u00bfPor qu\u00e9?<\/li>\r\n \t<li>El clima va a ser lluvioso por una semana\u00a0\u00bfEst\u00e1s deprimido o alegre?\u00a0\u00bfPor qu\u00e9?<\/li>\r\n \t<li>Son las cinco de la ma\u00f1ana.\u00a0\u00bfEst\u00e1s despierto o dormido?\u00a0\u00bfPor qu\u00e9?<\/li>\r\n<\/ol>","rendered":"<div class=\"textbox\">(Note: The activities on this page are designed to promote active communication in Spanish. In an online course, your instructor may ask you to complete the activities using a separate tool, such as video\/voice recording or web-conferencing software. Even if the activities are not assigned as coursework, they can be used for individual practice and review.)<\/div>\n<ul>\n<li><a href=\"#9_1\">Actividades: Adjetivos de emoci\u00f3n y condici\u00f3n<\/a><\/li>\n<li><a href=\"#9_2\">Actividades: Estar + emociones<\/a><\/li>\n<li><a href=\"#9_3\">Actividades: Ser y Estar I\/ \u00bfC\u00f3mo?<\/a><\/li>\n<li><a href=\"#9_4\">Actividades: Conjunciones coordinadas\/ Porque &amp; question word por que<\/a><\/li>\n<\/ul>\n<h3 id=\"9_1\">Actividades: Adjetivos de emoci\u00f3n y condici\u00f3n<\/h3>\n<h4 lang=\"es\">A.\u00a0<img loading=\"lazy\" decoding=\"async\" class=\"alignnone wp-image-173\" src=\"https:\/\/s3-us-west-2.amazonaws.com\/courses-images\/wp-content\/uploads\/sites\/4475\/2019\/04\/30172757\/individual.png\" alt=\"individual\" width=\"11\" height=\"14\" \/>\u00a0Emociones y condiciones<\/h4>\n<p><span lang=\"es\">Selecciona el adjetivo m\u00e1s apropiado al contexto de la oraci\u00f3n. \u00a1Atenci\u00f3n al significado (meaning) *y* a la concordancia (agreement) de g\u00e9nero y n\u00famero!<\/span><\/p>\n<ol lang=\"es\">\n<li style=\"font-weight: 400;\">Voy a los funerales de mi abuela y estoy muy ( alegre \/ interesado \/ triste ).<\/li>\n<li style=\"font-weight: 400;\">La Copa Mundial es este a\u00f1o y estamos muy ( asustados \/ emocionados \/ enfermos ).<\/li>\n<li style=\"font-weight: 400;\">Los estudiantes est\u00e1n ( frustrados \/ sanos \/ tranquilos ) porque sus libros de texto son tan caros (so expensive).<\/li>\n<li style=\"font-weight: 400;\">T\u00fa corres y nadas mucho&#8211; debes estar ( celosa \/ en buena forma \/ enamorada ).<\/li>\n<li style=\"font-weight: 400;\">Los estudiantes tienen mucha tarea, por eso ellos est\u00e1n ( borrachos \/ cansados \/ celosos ).<\/li>\n<li style=\"font-weight: 400;\">Los cient\u00edficos est\u00e1n ( contentos \/ enfermos \/ sorprendidos ) por los resultados inesperados (unexpected results).<\/li>\n<li style=\"font-weight: 400;\">Yo estoy ( alegre \/ enojada \/ tranquila ) a causa de (because of) la injusticia en el mundo (the injustice in the world).<\/li>\n<li style=\"font-weight: 400;\">Mi gatita (kitten) est\u00e1 ( confundido \/ confundida \/ confundidos \/ confundidas ) cuando hablo en espa\u00f1ol.<\/li>\n<li style=\"font-weight: 400;\">Los ni\u00f1os est\u00e1n ( feliz \/ feliza \/ felizos \/ felices ) porque es verano y est<span style=\"float: none; background-color: #ffffff; color: #373d3f; cursor: text; font-family: 'proxima-nova',sans-serif; font-size: 16px; font-style: normal; font-variant: normal; font-weight: 400; letter-spacing: normal; text-align: left; text-decoration: none; text-indent: 0px;\">\u00e1<\/span>n de vacaciones.<\/li>\n<li style=\"font-weight: 400;\">El payaso (clown) est\u00e1 ( deprimido \/ deprimida \/ deprimidos \/ deprimidas ) porque las personas est\u00e1n ( asustado \/ asustada \/ asustados \/ asustadas ) por su apariencia.<\/li>\n<\/ol>\n<h3 id=\"9_2\">Actividades: Estar + emociones<\/h3>\n<h4 lang=\"es\">B.\u00a0<img loading=\"lazy\" decoding=\"async\" class=\"alignnone wp-image-173\" src=\"https:\/\/s3-us-west-2.amazonaws.com\/courses-images\/wp-content\/uploads\/sites\/4475\/2019\/04\/30172757\/individual.png\" alt=\"individual\" width=\"11\" height=\"14\" \/>\u00a0\u00bfQu\u00e9 les pasa a los estudiantes hoy en clase?<\/h4>\n<p><span lang=\"es\">Escoge del banco de frases lo que piensas que les ocurre a los estudiantes, de acuerdo con la descripci\u00f3n.<\/span><\/p>\n<div class=\"textbox\" lang=\"es\" style=\"text-align: center;\">Est\u00e1n nerviosos &#8211; Est\u00e1n contentos &#8211; Est\u00e1n callados &#8211; Est\u00e1n concentrados &#8211; Est\u00e1n cansados &#8211; Est\u00e1n preparados &#8211; Est\u00e1n tristes &#8211; Est\u00e1n preocupados &#8211; Est\u00e1n enfermos<\/div>\n<ol>\n<li lang=\"es\" style=\"font-weight: 400;\">No hablan y todos miran sus celulares y la luz est\u00e1 apagada: ____________ ____________________.<\/li>\n<li lang=\"es\" style=\"font-weight: 400;\">Se r\u00eden, hablan mucho y hacen preguntas a la profesora: ____________ ____________________.<\/li>\n<li lang=\"es\" style=\"font-weight: 400;\">Est\u00e1n escribiendo, solo tienen un examen en su pupitre y un bol\u00edgrafo; algunos tienen l\u00e1piz y borrador: ____________ ____________________.<\/li>\n<li style=\"font-weight: 400;\"><span lang=\"es\">Llegan con tazas de caf\u00e9, algunos en pijamas aun <\/span>(still), <span lang=\"es\">otros se duermen en la clase y otros miran al profesor sin parpadear<\/span> (without blinking): ____________ ____________________.<\/li>\n<li lang=\"es\" style=\"font-weight: 400;\">Estudian mucho para un examen y las preguntas son muy dif\u00edciles; \u00a1pueden perder el examen! ____________ ____________________.<\/li>\n<li style=\"font-weight: 400;\"><span lang=\"es\">Llegan a clase y leen un letrero <\/span>(sign)<span lang=\"es\"> que dice que el profesor cancela la clase<\/span>: ____________ ____________________.<\/li>\n<li style=\"font-weight: 400;\"><span lang=\"es\">No llegan muchos a clase y hace fr\u00edo; es invierno:<\/span> ____________ ____________________.<\/li>\n<\/ol>\n<p>&nbsp;<\/p>\n<h4 lang=\"es\">C.\u00a0<img loading=\"lazy\" decoding=\"async\" class=\"alignnone wp-image-173\" src=\"https:\/\/s3-us-west-2.amazonaws.com\/courses-images\/wp-content\/uploads\/sites\/4475\/2019\/04\/30172757\/individual.png\" alt=\"individual\" width=\"11\" height=\"14\" \/>\u00a0\u00bfC\u00f3mo son los estudiantes?<\/h4>\n<p><span lang=\"es\">Escoge del banco de frases con descripciones de c\u00f3mo piensas que son los estudiantes.<\/span><\/p>\n<div class=\"textbox\" lang=\"es\" style=\"text-align: center;\">Son inteligentes &#8211; Son listos &#8211; Son liberales &#8211; Son responsables &#8211; Son terribles &#8211; Son vivos &#8211; Son perezosos &#8211; Son j\u00f3venes &#8211; Son c\u00f3micos<\/div>\n<ol>\n<li lang=\"es\" style=\"font-weight: 400;\">Traen sus tareas, sus cuadernos, prestan atenci\u00f3n, participan en clase, hacen preguntas y sacan buenas notas: ____________ ____________________.<\/li>\n<li style=\"font-weight: 400;\"><span lang=\"es\">Hacen los trabajos escritos temprano, comienzan sus lecturas con tiempo de anticipaci\u00f3n, balancean <\/span>(balance) <span lang=\"es\">sus actividades y manejan <\/span>(manage) <span lang=\"es\">bien su tiempo:<\/span> ____________ ____________________.<\/li>\n<li lang=\"es\" style=\"font-weight: 400;\">Tienen ideas progresistas, su criterio sobre los conceptos de moralidad son amplios y flexibles: ____________ ____________________.<\/li>\n<li lang=\"es\" style=\"font-weight: 400;\">No tienen mucha edad, se sienten fuertes generalmente, les gusta divertirse y salir con los amigos: ____________ ____________________.<\/li>\n<li style=\"font-weight: 400;\"><span lang=\"es\">Dicen historias chistosas, se r\u00eden de todo con gracia y a veces juegan con las palabras<\/span> (make plays-on-words): ____________ ____________________.<\/li>\n<li style=\"font-weight: 400;\"><span lang=\"es\">No hacen las tareas, pierden mucho el tiempo <\/span>(waste time),<span lang=\"es\"> tienen excusas y generalmente sacan malas notas porque no estudian: <\/span> ____________ ____________________.<\/li>\n<li style=\"font-weight: 400;\"><span lang=\"es\">Les piden a sus profesores listas con gu\u00edas para estudiar, van a la oficina del profesor y tratan de entender el formato de los ex\u00e1menes, se preocupan por su rendimiento <\/span>(performance)<span lang=\"es\"> y promedio acad\u00e9mico <\/span>(academic average): ____________ ____________________.<\/li>\n<li style=\"font-weight: 400;\"><span lang=\"es\">Salen tarde en la noche, se van a fiestas, se emborrachan y al otro d\u00eda tienen dolor de cabeza <\/span>(headache): ____________ ____________________.<\/li>\n<\/ol>\n<h3 id=\"9_3\">Actividades: Ser y Estar I\/ \u00bfC\u00f3mo?<\/h3>\n<h4>A.\u00a0<span lang=\"es\">\u00bfC\u00f3mo eres? \u00bfC\u00f3mo est\u00e1s?<\/span><\/h4>\n<p>Con un compa\u00f1ero, describe c\u00f3mo son y c\u00f3mo est\u00e1n las siguientes personas en tu vida.<\/p>\n<table style=\"border-collapse: collapse; width: 100%;\">\n<tbody>\n<tr>\n<td style=\"width: 33.3333%;\">La persona<\/td>\n<td style=\"width: 33.3333%;\">\u00bfC\u00f3mo es?<\/td>\n<td style=\"width: 33.3333%;\">\u00bfC\u00f3mo est\u00e1? (Ahora)<\/td>\n<\/tr>\n<tr>\n<td style=\"width: 33.3333%;\">Tu madre<\/td>\n<td style=\"width: 33.3333%;\"><\/td>\n<td style=\"width: 33.3333%;\"><\/td>\n<\/tr>\n<tr>\n<td style=\"width: 33.3333%;\">Tu padre<\/td>\n<td style=\"width: 33.3333%;\"><\/td>\n<td style=\"width: 33.3333%;\"><\/td>\n<\/tr>\n<tr>\n<td style=\"width: 33.3333%;\">Tu hermano o hermana<\/td>\n<td style=\"width: 33.3333%;\"><\/td>\n<td style=\"width: 33.3333%;\"><\/td>\n<\/tr>\n<tr>\n<td style=\"width: 33.3333%;\">Tu mascota<\/td>\n<td style=\"width: 33.3333%;\"><\/td>\n<td style=\"width: 33.3333%;\"><\/td>\n<\/tr>\n<tr>\n<td style=\"width: 33.3333%;\">Tu mejor amigo<\/td>\n<td style=\"width: 33.3333%;\"><\/td>\n<td style=\"width: 33.3333%;\"><\/td>\n<\/tr>\n<\/tbody>\n<\/table>\n<h4><span lang=\"es\">B.\u00a0<img loading=\"lazy\" decoding=\"async\" class=\"alignnone wp-image-1894\" src=\"https:\/\/s3-us-west-2.amazonaws.com\/courses-images\/wp-content\/uploads\/sites\/4475\/2019\/05\/03055751\/individual-or-partners.png\" alt=\"individual or partners\" width=\"49\" height=\"14\" \/> \u00bfC\u00f3mo es?\u00a0 \u00bfC\u00f3mo est\u00e1 ahora?<\/span><\/h4>\n<p><span lang=\"es\">Mira las fotos paralelas siguientes y describe los lugares a tu compa\u00f1ero de clase usando los verbos <em>ser<\/em> y <em>estar<\/em>\u00a0 m\u00e1s un adjetivo. El compa\u00f1ero necesita identificar cu\u00e1l foto describes. Entonces habla de qu\u00e9 emociones tienen las personas al estar en esos lugares.<\/span><\/p>\n<p>1.<\/p>\n<div id=\"attachment_3197\" style=\"width: 310px\" class=\"wp-caption alignleft\"><img loading=\"lazy\" decoding=\"async\" aria-describedby=\"caption-attachment-3197\" class=\"wp-image-3197 size-medium\" src=\"https:\/\/s3-us-west-2.amazonaws.com\/courses-images\/wp-content\/uploads\/sites\/4475\/2019\/06\/14231704\/churches-694771_960_720-300x225.jpg\" alt=\"Una panor\u00e1mica de la ciudad de Barranquilla. (Usa ser + adjetivo)\" width=\"300\" height=\"225\" \/><\/p>\n<p id=\"caption-attachment-3197\" class=\"wp-caption-text\">Una panor\u00e1mica de la ciudad de Barranquilla.\u00a0(Usa\u00a0<em>ser<\/em> + adjetivo)<\/p>\n<\/div>\n<div id=\"attachment_3198\" style=\"width: 310px\" class=\"wp-caption alignleft\"><img loading=\"lazy\" decoding=\"async\" aria-describedby=\"caption-attachment-3198\" class=\"wp-image-3198 size-medium\" src=\"https:\/\/s3-us-west-2.amazonaws.com\/courses-images\/wp-content\/uploads\/sites\/4475\/2019\/06\/14231749\/Comparsa_del_C._de_B.quilla-300x202.jpg\" alt=\"Una foto de una calle de Barranquilla durante el Carnaval en febrero. (Usa estar + adjetivo)\" width=\"300\" height=\"202\" \/><\/p>\n<p id=\"caption-attachment-3198\" class=\"wp-caption-text\">Una foto de una calle de Barranquilla durante el Carnaval en febrero.\u00a0(Usa\u00a0<em>estar<\/em> + adjetivo)<\/p>\n<\/div>\n<div style=\"clear: both;\"><\/div>\n<p>2.<\/p>\n<div id=\"attachment_3199\" style=\"width: 310px\" class=\"wp-caption alignleft\"><img loading=\"lazy\" decoding=\"async\" aria-describedby=\"caption-attachment-3199\" class=\"wp-image-3199 size-medium\" src=\"https:\/\/s3-us-west-2.amazonaws.com\/courses-images\/wp-content\/uploads\/sites\/4475\/2019\/06\/14231938\/652px-EPN._Alumnos_escuela_primaria_Juventino_Rosas-300x276.jpg\" alt=\"Una foto de un grupo de personas posando para la c\u00e1mara con uniforme de una instituci\u00f3n. (Usa ser + adjetivo)\" width=\"300\" height=\"276\" \/><\/p>\n<p id=\"caption-attachment-3199\" class=\"wp-caption-text\">Una foto de un grupo de personas posando para la c\u00e1mara con uniforme de una instituci\u00f3n.\u00a0(Usa\u00a0<em>ser<\/em> + adjetivo)<\/p>\n<\/div>\n<div id=\"attachment_3200\" style=\"width: 310px\" class=\"wp-caption alignleft\"><img loading=\"lazy\" decoding=\"async\" aria-describedby=\"caption-attachment-3200\" class=\"wp-image-3200 size-medium\" src=\"https:\/\/s3-us-west-2.amazonaws.com\/courses-images\/wp-content\/uploads\/sites\/4475\/2019\/06\/14232152\/10877677843_cd2239cf3b_z-300x133.jpg\" alt=\"El mismo grupo de personas haciendo una actividad. (Usa estar + adjetivo)\" width=\"300\" height=\"133\" \/><\/p>\n<p id=\"caption-attachment-3200\" class=\"wp-caption-text\">El mismo grupo de personas haciendo una actividad.\u00a0(Usa\u00a0<em>estar<\/em> + adjetivo)<\/p>\n<\/div>\n<div style=\"clear: both;\"><\/div>\n<p>3.<\/p>\n<div id=\"attachment_3201\" style=\"width: 310px\" class=\"wp-caption alignleft\"><img loading=\"lazy\" decoding=\"async\" aria-describedby=\"caption-attachment-3201\" class=\"wp-image-3201 size-medium\" src=\"https:\/\/s3-us-west-2.amazonaws.com\/courses-images\/wp-content\/uploads\/sites\/4475\/2019\/06\/14232243\/800px-U.S._Womens_Soccer_team_in_Vancouver_with_Consul_General_Anne_Callaghan-300x186.jpg\" alt=\"Una foto del equipo estadounidense de f\u00fatbol femenino mirando a la c\u00e1mara, neutral sin mostrar mucha emoci\u00f3n. (Usa ser + adjetivo)\" width=\"300\" height=\"186\" \/><\/p>\n<p id=\"caption-attachment-3201\" class=\"wp-caption-text\">Una foto del equipo estadounidense de f\u00fatbol femenino mirando a la c\u00e1mara, neutral sin mostrar mucha emoci\u00f3n. (Usa\u00a0<em>ser<\/em> + adjetivo)<\/p>\n<\/div>\n<div id=\"attachment_3202\" style=\"width: 310px\" class=\"wp-caption alignleft\"><img loading=\"lazy\" decoding=\"async\" aria-describedby=\"caption-attachment-3202\" class=\"wp-image-3202 size-medium\" src=\"https:\/\/s3-us-west-2.amazonaws.com\/courses-images\/wp-content\/uploads\/sites\/4475\/2019\/06\/14232317\/800px-USWNT_Celebrates-300x200.jpg\" alt=\"Una foto del mismo equipo mostrando mucha emoci\u00f3n. (Usa estar + adjetivo)\" width=\"300\" height=\"200\" \/><\/p>\n<p id=\"caption-attachment-3202\" class=\"wp-caption-text\">Una foto del mismo equipo mostrando mucha emoci\u00f3n.\u00a0(Usa\u00a0<em>estar<\/em> + adjetivo)<\/p>\n<\/div>\n<div style=\"clear: both;\"><\/div>\n<p>4.<\/p>\n<div id=\"attachment_3203\" style=\"width: 310px\" class=\"wp-caption alignleft\"><img loading=\"lazy\" decoding=\"async\" aria-describedby=\"caption-attachment-3203\" class=\"wp-image-3203 size-medium\" src=\"https:\/\/s3-us-west-2.amazonaws.com\/courses-images\/wp-content\/uploads\/sites\/4475\/2019\/06\/14232413\/800px-Neat_Living_Room-300x203.jpg\" alt=\"Una foto de un cuarto de una casa con las cosas en su lugar. (Usa ser + adjetivo)\" width=\"300\" height=\"203\" \/><\/p>\n<p id=\"caption-attachment-3203\" class=\"wp-caption-text\">Una foto de un cuarto de una casa con las cosas en su lugar.\u00a0(Usa\u00a0<em>ser<\/em> + adjetivo)<\/p>\n<\/div>\n<div id=\"attachment_3204\" style=\"width: 310px\" class=\"wp-caption alignleft\"><img loading=\"lazy\" decoding=\"async\" aria-describedby=\"caption-attachment-3204\" class=\"wp-image-3204 size-medium\" src=\"https:\/\/s3-us-west-2.amazonaws.com\/courses-images\/wp-content\/uploads\/sites\/4475\/2019\/06\/14232443\/2662652741_679fc8a589_z-300x225.jpg\" alt=\"Una foto de un cuarto de la casa, pero ahora desordenado. (Usa estar + adjetivo)\" width=\"300\" height=\"225\" \/><\/p>\n<p id=\"caption-attachment-3204\" class=\"wp-caption-text\">Una foto de un cuarto de la casa, pero ahora desordenado.\u00a0(Usa\u00a0<em>estar<\/em> + adjetivo)<\/p>\n<\/div>\n<div style=\"clear: both;\"><\/div>\n<p>5.<\/p>\n<div id=\"attachment_3205\" style=\"width: 310px\" class=\"wp-caption alignleft\"><img loading=\"lazy\" decoding=\"async\" aria-describedby=\"caption-attachment-3205\" class=\"wp-image-3205 size-medium\" src=\"https:\/\/s3-us-west-2.amazonaws.com\/courses-images\/wp-content\/uploads\/sites\/4475\/2019\/06\/14232523\/28290141005_1455f11ae0_z-300x225.jpg\" alt=\"Una foto de una playa en su estado natural. (Usa ser + adjetivo)\" width=\"300\" height=\"225\" \/><\/p>\n<p id=\"caption-attachment-3205\" class=\"wp-caption-text\">Una foto de una playa en su estado natural.\u00a0(Usa\u00a0<em>ser<\/em> + adjetivo)<\/p>\n<\/div>\n<div id=\"attachment_3206\" style=\"width: 235px\" class=\"wp-caption alignleft\"><img loading=\"lazy\" decoding=\"async\" aria-describedby=\"caption-attachment-3206\" class=\"wp-image-3206 size-medium\" src=\"https:\/\/s3-us-west-2.amazonaws.com\/courses-images\/wp-content\/uploads\/sites\/4475\/2019\/06\/14232553\/450px-Beach_in_Sharm_el-Naga03-225x300.jpg\" alt=\"Una foto del mismo lugar natural pero sucio y con basura. (Usa estar + adjetivo)\" width=\"225\" height=\"300\" \/><\/p>\n<p id=\"caption-attachment-3206\" class=\"wp-caption-text\">Una foto del mismo lugar natural pero sucio y con basura.\u00a0(Usa\u00a0<em>estar<\/em> + adjetivo)<\/p>\n<\/div>\n<div style=\"clear: both;\"><\/div>\n<h3 id=\"9_4\">Actividades: Conjunciones coordinadas\/ Porque &amp; question word por que<\/h3>\n<h4>A.\u00a0\u00bfEst\u00e1s triste or feliz?\u00a0\u00bfPor qu\u00e9?<\/h4>\n<p>Con un compa\u00f1ero, decide tu emoci\u00f3n y explica por qu\u00e9 tienes esa emoci\u00f3n.<\/p>\n<ol>\n<li>Recibes una mala nota en la clase de matem\u00e1ticas.\u00a0\u00bfEst\u00e1s sorprendido o triste?\u00a0\u00bfPor qu\u00e9?<\/li>\n<li>Conduces un viaje largo de cinco horas. \u00bfEst\u00e1s aburrido o contento?\u00a0\u00bfPor qu\u00e9?<\/li>\n<li>Tienes que hablar enfrente de la clase. \u00bfEst\u00e1s nervioso o emocionado?\u00a0\u00bfPor qu\u00e9?<\/li>\n<li>El clima va a ser lluvioso por una semana\u00a0\u00bfEst\u00e1s deprimido o alegre?\u00a0\u00bfPor qu\u00e9?<\/li>\n<li>Son las cinco de la ma\u00f1ana.\u00a0\u00bfEst\u00e1s despierto o dormido?\u00a0\u00bfPor qu\u00e9?<\/li>\n<\/ol>\n\n\t\t\t <section class=\"citations-section\" role=\"contentinfo\">\n\t\t\t <h3>Candela Citations<\/h3>\n\t\t\t\t\t <div>\n\t\t\t\t\t\t <div id=\"citation-list-634\">\n\t\t\t\t\t\t\t <div class=\"licensing\"><div class=\"license-attribution-dropdown-subheading\">CC licensed content, Shared previously<\/div><ul class=\"citation-list\"><li>Barranquilla. <strong>Authored by<\/strong>: renescarccha. <strong>Located at<\/strong>: <a target=\"_blank\" href=\"https:\/\/pixabay.com\/es\/photos\/iglesias-barranquilla-colombia-694771\/\">https:\/\/pixabay.com\/es\/photos\/iglesias-barranquilla-colombia-694771\/<\/a>. <strong>License<\/strong>: <em>Other<\/em>. <strong>License Terms<\/strong>: Pixabay License<\/li><li>Comparsa del Carnaval de Barranquilla. <strong>Authored by<\/strong>: el heraldo. <strong>Located at<\/strong>: <a target=\"_blank\" href=\"https:\/\/ca.wikipedia.org\/wiki\/Carnaval_de_Barranquilla#\/media\/Fitxer:Comparsa_del_C._de_B.quilla.jpg\">https:\/\/ca.wikipedia.org\/wiki\/Carnaval_de_Barranquilla#\/media\/Fitxer:Comparsa_del_C._de_B.quilla.jpg<\/a>. <strong>License<\/strong>: <em><a target=\"_blank\" rel=\"license\" href=\"https:\/\/creativecommons.org\/about\/pdm\">Public Domain: No Known Copyright<\/a><\/em><\/li><li>Interacciu00f3n con alumnos de la escuela primaria de tiempo completo u2018Juventino Rosasu2019.. <strong>Authored by<\/strong>: PresidenciaMX 2012-2018. <strong>Located at<\/strong>: <a target=\"_blank\" href=\"https:\/\/es.wikipedia.org\/wiki\/Archivo:EPN._Alumnos_escuela_primaria_Juventino_Rosas.jpg\">https:\/\/es.wikipedia.org\/wiki\/Archivo:EPN._Alumnos_escuela_primaria_Juventino_Rosas.jpg<\/a>. <strong>License<\/strong>: <em><a target=\"_blank\" rel=\"license\" href=\"https:\/\/creativecommons.org\/licenses\/by-sa\/4.0\/\">CC BY-SA: Attribution-ShareAlike<\/a><\/em><\/li><li>Interacciu00f3n con alumnos de la escuela primaria de tiempo completo u2018Juventino Rosasu2019.. <strong>Authored by<\/strong>: PresidenciaMX. <strong>Located at<\/strong>: <a target=\"_blank\" href=\"https:\/\/www.flickr.com\/photos\/presidenciamx\/10877677843\">https:\/\/www.flickr.com\/photos\/presidenciamx\/10877677843<\/a>. <strong>License<\/strong>: <em><a target=\"_blank\" rel=\"license\" href=\"https:\/\/creativecommons.org\/licenses\/by\/4.0\/\">CC BY: Attribution<\/a><\/em><\/li><li>U.S. Women&#039;s Soccer team in Vancouver with Consul General Anne Callaghan. <strong>Authored by<\/strong>: US Mission Canada. <strong>Located at<\/strong>: <a target=\"_blank\" href=\"https:\/\/commons.wikimedia.org\/wiki\/File:U.S._Women%27s_Soccer_team_in_Vancouver_with_Consul_General_Anne_Callaghan.jpg\">https:\/\/commons.wikimedia.org\/wiki\/File:U.S._Women%27s_Soccer_team_in_Vancouver_with_Consul_General_Anne_Callaghan.jpg<\/a>. <strong>License<\/strong>: <em><a target=\"_blank\" rel=\"license\" href=\"https:\/\/creativecommons.org\/licenses\/by\/4.0\/\">CC BY: Attribution<\/a><\/em><\/li><li>The USWNT Celebrates their First Place win. <strong>Located at<\/strong>: <a target=\"_blank\" href=\"https:\/\/commons.wikimedia.org\/wiki\/File:USWNT_Celebrates.jpg\">https:\/\/commons.wikimedia.org\/wiki\/File:USWNT_Celebrates.jpg<\/a>. <strong>License<\/strong>: <em><a target=\"_blank\" rel=\"license\" href=\"https:\/\/creativecommons.org\/licenses\/by\/4.0\/\">CC BY: Attribution<\/a><\/em><\/li><li>Apartment living room in Toronto, Canada.. <strong>Authored by<\/strong>: hobvias sudoneighm. <strong>Located at<\/strong>: <a target=\"_blank\" href=\"https:\/\/commons.wikimedia.org\/wiki\/File:Neat_Living_Room.jpg\">https:\/\/commons.wikimedia.org\/wiki\/File:Neat_Living_Room.jpg<\/a>. <strong>License<\/strong>: <em><a target=\"_blank\" rel=\"license\" href=\"https:\/\/creativecommons.org\/licenses\/by\/4.0\/\">CC BY: Attribution<\/a><\/em><\/li><li>our very messy room. <strong>Authored by<\/strong>: Tobin. <strong>Located at<\/strong>: <a target=\"_blank\" href=\"https:\/\/www.flickr.com\/photos\/tobin\/2662652741\">https:\/\/www.flickr.com\/photos\/tobin\/2662652741<\/a>. <strong>License<\/strong>: <em><a target=\"_blank\" rel=\"license\" href=\"https:\/\/creativecommons.org\/licenses\/by-sa\/4.0\/\">CC BY-SA: Attribution-ShareAlike<\/a><\/em><\/li><li>Pristine Beach. <strong>Authored by<\/strong>: Mark Nenadov. <strong>Located at<\/strong>: <a target=\"_blank\" href=\"https:\/\/www.flickr.com\/photos\/marknenadov\/28290141005\">https:\/\/www.flickr.com\/photos\/marknenadov\/28290141005<\/a>. <strong>License<\/strong>: <em><a target=\"_blank\" rel=\"license\" href=\"https:\/\/creativecommons.org\/licenses\/by\/4.0\/\">CC BY: Attribution<\/a><\/em><\/li><li>Beach in Sharm el-Naga. <strong>Authored by<\/strong>: Vberger. <strong>Located at<\/strong>: <a target=\"_blank\" href=\"https:\/\/commons.wikimedia.org\/wiki\/File:Beach_in_Sharm_el-Naga03.jpg\">https:\/\/commons.wikimedia.org\/wiki\/File:Beach_in_Sharm_el-Naga03.jpg<\/a>. <strong>License<\/strong>: <em><a target=\"_blank\" rel=\"license\" href=\"https:\/\/creativecommons.org\/about\/cc0\">CC0: No Rights Reserved<\/a><\/em><\/li><\/ul><div class=\"license-attribution-dropdown-subheading\">Lumen Learning authored content<\/div><ul class=\"citation-list\"><li><strong>License<\/strong>: <em><a target=\"_blank\" rel=\"license\" href=\"https:\/\/creativecommons.org\/licenses\/by\/4.0\/\">CC BY: Attribution<\/a><\/em><\/li><li>Activities. <strong>Authored by<\/strong>: Diamond Wilson with Lumen Learning. <strong>License<\/strong>: <em><a target=\"_blank\" rel=\"license\" href=\"https:\/\/creativecommons.org\/licenses\/by\/4.0\/\">CC BY: Attribution<\/a><\/em><\/li><\/ul><\/div>\n\t\t\t\t\t\t <\/div>\n\t\t\t\t\t <\/div>\n\t\t\t <\/section>","protected":false},"author":161083,"menu_order":9,"template":"","meta":{"_candela_citation":"[{\"type\":\"lumen\",\"description\":\"\",\"author\":\"\",\"organization\":\"\",\"url\":\"\",\"project\":\"\",\"license\":\"cc-by\",\"license_terms\":\"\"},{\"type\":\"lumen\",\"description\":\"Activities\",\"author\":\"Diamond Wilson with Lumen Learning\",\"organization\":\"\",\"url\":\"\",\"project\":\"\",\"license\":\"cc-by\",\"license_terms\":\"\"},{\"type\":\"cc\",\"description\":\"Barranquilla\",\"author\":\"renescarccha\",\"organization\":\"\",\"url\":\"https:\/\/pixabay.com\/es\/photos\/iglesias-barranquilla-colombia-694771\/\",\"project\":\"\",\"license\":\"other\",\"license_terms\":\"Pixabay License\"},{\"type\":\"cc\",\"description\":\"Comparsa del Carnaval de Barranquilla\",\"author\":\"el heraldo\",\"organization\":\"\",\"url\":\"https:\/\/ca.wikipedia.org\/wiki\/Carnaval_de_Barranquilla#\/media\/Fitxer:Comparsa_del_C._de_B.quilla.jpg\",\"project\":\"\",\"license\":\"pd\",\"license_terms\":\"\"},{\"type\":\"cc\",\"description\":\"Interacciu00f3n con alumnos de la escuela primaria de tiempo completo u2018Juventino Rosasu2019.\",\"author\":\"PresidenciaMX 2012-2018\",\"organization\":\"\",\"url\":\"https:\/\/es.wikipedia.org\/wiki\/Archivo:EPN._Alumnos_escuela_primaria_Juventino_Rosas.jpg\",\"project\":\"\",\"license\":\"cc-by-sa\",\"license_terms\":\"\"},{\"type\":\"cc\",\"description\":\"Interacciu00f3n con alumnos de la escuela primaria de tiempo completo u2018Juventino Rosasu2019.\",\"author\":\"PresidenciaMX\",\"organization\":\"\",\"url\":\"https:\/\/www.flickr.com\/photos\/presidenciamx\/10877677843\",\"project\":\"\",\"license\":\"cc-by\",\"license_terms\":\"\"},{\"type\":\"cc\",\"description\":\"U.S. Women\\'s Soccer team in Vancouver with Consul General Anne Callaghan\",\"author\":\"US Mission Canada\",\"organization\":\"\",\"url\":\"https:\/\/commons.wikimedia.org\/wiki\/File:U.S._Women%27s_Soccer_team_in_Vancouver_with_Consul_General_Anne_Callaghan.jpg\",\"project\":\"\",\"license\":\"cc-by\",\"license_terms\":\"\"},{\"type\":\"cc\",\"description\":\"The USWNT Celebrates their First Place win\",\"author\":\"\",\"organization\":\"\",\"url\":\"https:\/\/commons.wikimedia.org\/wiki\/File:USWNT_Celebrates.jpg\",\"project\":\"\",\"license\":\"cc-by\",\"license_terms\":\"\"},{\"type\":\"cc\",\"description\":\"Apartment living room in Toronto, Canada.\",\"author\":\"hobvias sudoneighm\",\"organization\":\"\",\"url\":\"https:\/\/commons.wikimedia.org\/wiki\/File:Neat_Living_Room.jpg\",\"project\":\"\",\"license\":\"cc-by\",\"license_terms\":\"\"},{\"type\":\"cc\",\"description\":\"our very messy room\",\"author\":\"Tobin\",\"organization\":\"\",\"url\":\"https:\/\/www.flickr.com\/photos\/tobin\/2662652741\",\"project\":\"\",\"license\":\"cc-by-sa\",\"license_terms\":\"\"},{\"type\":\"cc\",\"description\":\"Pristine Beach\",\"author\":\"Mark Nenadov\",\"organization\":\"\",\"url\":\"https:\/\/www.flickr.com\/photos\/marknenadov\/28290141005\",\"project\":\"\",\"license\":\"cc-by\",\"license_terms\":\"\"},{\"type\":\"cc\",\"description\":\"Beach in Sharm el-Naga\",\"author\":\"Vberger\",\"organization\":\"\",\"url\":\"https:\/\/commons.wikimedia.org\/wiki\/File:Beach_in_Sharm_el-Naga03.jpg\",\"project\":\"\",\"license\":\"cc0\",\"license_terms\":\"\"}]","CANDELA_OUTCOMES_GUID":"","pb_show_title":"on","pb_short_title":"","pb_subtitle":"","pb_authors":[],"pb_section_license":""},"chapter-type":[],"contributor":[],"license":[],"class_list":["post-634","chapter","type-chapter","status-publish","hentry"],"part":561,"_links":{"self":[{"href":"https:\/\/courses.lumenlearning.com\/wm-spanish1-2\/wp-json\/pressbooks\/v2\/chapters\/634","targetHints":{"allow":["GET"]}}],"collection":[{"href":"https:\/\/courses.lumenlearning.com\/wm-spanish1-2\/wp-json\/pressbooks\/v2\/chapters"}],"about":[{"href":"https:\/\/courses.lumenlearning.com\/wm-spanish1-2\/wp-json\/wp\/v2\/types\/chapter"}],"author":[{"embeddable":true,"href":"https:\/\/courses.lumenlearning.com\/wm-spanish1-2\/wp-json\/wp\/v2\/users\/161083"}],"version-history":[{"count":17,"href":"https:\/\/courses.lumenlearning.com\/wm-spanish1-2\/wp-json\/pressbooks\/v2\/chapters\/634\/revisions"}],"predecessor-version":[{"id":3523,"href":"https:\/\/courses.lumenlearning.com\/wm-spanish1-2\/wp-json\/pressbooks\/v2\/chapters\/634\/revisions\/3523"}],"part":[{"href":"https:\/\/courses.lumenlearning.com\/wm-spanish1-2\/wp-json\/pressbooks\/v2\/parts\/561"}],"metadata":[{"href":"https:\/\/courses.lumenlearning.com\/wm-spanish1-2\/wp-json\/pressbooks\/v2\/chapters\/634\/metadata\/"}],"wp:attachment":[{"href":"https:\/\/courses.lumenlearning.com\/wm-spanish1-2\/wp-json\/wp\/v2\/media?parent=634"}],"wp:term":[{"taxonomy":"chapter-type","embeddable":true,"href":"https:\/\/courses.lumenlearning.com\/wm-spanish1-2\/wp-json\/pressbooks\/v2\/chapter-type?post=634"},{"taxonomy":"contributor","embeddable":true,"href":"https:\/\/courses.lumenlearning.com\/wm-spanish1-2\/wp-json\/wp\/v2\/contributor?post=634"},{"taxonomy":"license","embeddable":true,"href":"https:\/\/courses.lumenlearning.com\/wm-spanish1-2\/wp-json\/wp\/v2\/license?post=634"}],"curies":[{"name":"wp","href":"https:\/\/api.w.org\/{rel}","templated":true}]}}